{"id":999,"date":"2024-06-24T13:57:17","date_gmt":"2024-06-24T11:57:17","guid":{"rendered":"https:\/\/cfnorge.bwod.dev\/?page_id=999"},"modified":"2024-08-15T10:30:41","modified_gmt":"2024-08-15T08:30:41","slug":"voksen-med-cystisk-fibrose","status":"publish","type":"page","link":"https:\/\/www.cfnorge.no\/en\/voksen-med-cystisk-fibrose\/","title":{"rendered":"Voksen med cystisk fibrose"},"content":{"rendered":"<p>[et_pb_section fb_built=&raquo;1&#8243; next_background_color=&raquo;#FFFFFF&raquo; _builder_version=&raquo;4.21.0&#8243; _module_preset=&raquo;default&raquo; background_color=&raquo;gcid-9e2f3af2-1007-4221-b250-8e35d98c5991&#8243; background_enable_image=&raquo;off&raquo; background_size=&raquo;custom&raquo; background_image_width=&raquo;101%&raquo; custom_padding=&raquo;||90px|||&raquo; bottom_divider_style=&raquo;wave&raquo; locked=&raquo;off&raquo; global_colors_info=&raquo;{%22gcid-9e2f3af2-1007-4221-b250-8e35d98c5991%22:%91%22background_color%22%93}&raquo;][et_pb_row _builder_version=&raquo;4.21.0&#8243; _module_preset=&raquo;default&raquo; custom_padding=&raquo;11px||4px|||&raquo; global_colors_info=&raquo;{}&raquo;][et_pb_column type=&raquo;4_4&#8243; _builder_version=&raquo;4.21.0&#8243; _module_preset=&raquo;default&raquo; global_colors_info=&raquo;{}&raquo;][et_pb_text _builder_version=&raquo;4.21.0&#8243; _module_preset=&raquo;default&raquo; header_font=&raquo;Poppins|600|||||||&raquo; header_text_color=&raquo;gcid-26e97d0d-b127-4ce1-b597-0df3fb01df24&#8243; custom_margin=&raquo;0px||0px||false|false&raquo; custom_padding=&raquo;0px||0px||false|false&raquo; global_colors_info=&raquo;{%22gcid-26e97d0d-b127-4ce1-b597-0df3fb01df24%22:%91%22header_text_color%22%93}&raquo;]<\/p>\n<h1>Voksen med CF\u00a0<\/h1>\n<p>[\/et_pb_text][et_pb_text _builder_version=&raquo;4.21.0&#8243; _module_preset=&raquo;default&raquo; text_font=&raquo;Poppins|300|||||||&raquo; text_text_color=&raquo;gcid-edcc47c2-e936-4ba2-8e6c-8ca8cb2c2a05&#8243; text_font_size=&raquo;16px&raquo; text_line_height=&raquo;1.8em&raquo; header_4_text_color=&raquo;gcid-edcc47c2-e936-4ba2-8e6c-8ca8cb2c2a05&#8243; custom_margin=&raquo;||14px|||&raquo; global_colors_info=&raquo;{%22gcid-edcc47c2-e936-4ba2-8e6c-8ca8cb2c2a05%22:%91%22text_text_color%22,%22header_4_text_color%22%93}&raquo;]<\/p>\n<h4>Lengre og bedre liv<\/h4>\n<p>[\/et_pb_text][\/et_pb_column][\/et_pb_row][et_pb_row column_structure=&raquo;1_2,1_2&#8243; _builder_version=&raquo;4.21.0&#8243; _module_preset=&raquo;default&raquo; custom_margin=&raquo;0px||||false|false&raquo; custom_padding=&raquo;0px||||false|false&raquo; global_colors_info=&raquo;{}&raquo;][et_pb_column type=&raquo;1_2&#8243; _builder_version=&raquo;4.21.0&#8243; _module_preset=&raquo;default&raquo; global_colors_info=&raquo;{}&raquo;][et_pb_text _builder_version=&raquo;4.21.0&#8243; _module_preset=&raquo;default&raquo; text_font=&raquo;Poppins|300|||||||&raquo; text_text_color=&raquo;gcid-26e97d0d-b127-4ce1-b597-0df3fb01df24&#8243; text_font_size=&raquo;16px&raquo; text_line_height=&raquo;1.8em&raquo; global_colors_info=&raquo;{%22gcid-26e97d0d-b127-4ce1-b597-0df3fb01df24%22:%91%22text_text_color%22%93}&raquo;]<\/p>\n<p>God tverrfaglig behandling og nye \u00e5rsakskorrigerende medisiner bidrar til at dagens voksne med cystisk fibrose har et lengre og bedre liv enn tidligere CF-generasjoner. Livet g\u00e5r i faser for de fleste, og slik er det ogs\u00e5 for de med CF.<\/p>\n<p>Noen ganger tar sykdommen stor plass, andre ganger mindre. Voksne med CF \u00f8nsker \u00e5 v\u00e6re en del av samfunnet, men til tider kan krevende behandling komme i konflikt med dette.<\/p>\n<p>[\/et_pb_text][\/et_pb_column][et_pb_column type=&raquo;1_2&#8243; _builder_version=&raquo;4.21.0&#8243; _module_preset=&raquo;default&raquo; global_colors_info=&raquo;{}&raquo;][et_pb_image src=&raquo;https:\/\/cfnorge.bwod.dev\/wp-content\/uploads\/2024\/06\/iStock-1447644504-scaled.jpg&raquo; title_text=&raquo;Lovely Family of Three on a Walk in the Forest in Autumn&raquo; _builder_version=&raquo;4.21.0&#8243; _module_preset=&raquo;default&raquo; global_colors_info=&raquo;{}&raquo;][\/et_pb_image][\/et_pb_column][\/et_pb_row][\/et_pb_section][et_pb_section fb_built=&raquo;1&#8243; _builder_version=&raquo;4.21.0&#8243; _module_preset=&raquo;default&raquo; background_color=&raquo;#FFFFFF&raquo; custom_padding=&raquo;24px|||||&raquo; global_colors_info=&raquo;{}&raquo;][et_pb_row column_structure=&raquo;1_2,1_2&#8243; use_custom_gutter=&raquo;on&raquo; gutter_width=&raquo;2&#8243; _builder_version=&raquo;4.21.0&#8243; _module_preset=&raquo;default&raquo; locked=&raquo;off&raquo; global_colors_info=&raquo;{}&raquo;][et_pb_column type=&raquo;1_2&#8243; _builder_version=&raquo;4.21.0&#8243; _module_preset=&raquo;default&raquo; global_colors_info=&raquo;{}&raquo;][et_pb_toggle title=&raquo;Balanse mellom behandling og hverdagsliv&raquo; open_toggle_text_color=&raquo;gcid-edcc47c2-e936-4ba2-8e6c-8ca8cb2c2a05&#8243; open_toggle_background_color=&raquo;gcid-9e2f3af2-1007-4221-b250-8e35d98c5991&#8243; closed_toggle_background_color=&raquo;gcid-9e2f3af2-1007-4221-b250-8e35d98c5991&#8243; icon_color=&raquo;gcid-edcc47c2-e936-4ba2-8e6c-8ca8cb2c2a05&#8243; toggle_icon=&raquo;&#x22;||divi||400&#8243; use_icon_font_size=&raquo;on&raquo; icon_font_size=&raquo;18px&raquo; open_icon_color=&raquo;gcid-edcc47c2-e936-4ba2-8e6c-8ca8cb2c2a05&#8243; open_toggle_icon=&raquo;&#x21;||divi||400&#8243; _builder_version=&raquo;4.21.0&#8243; _module_preset=&raquo;default&raquo; title_text_color=&raquo;gcid-edcc47c2-e936-4ba2-8e6c-8ca8cb2c2a05&#8243; title_font=&raquo;|600|||||||&raquo; title_line_height=&raquo;1.4em&raquo; body_text_color=&raquo;gcid-26e97d0d-b127-4ce1-b597-0df3fb01df24&#8243; body_link_text_color=&raquo;gcid-edcc47c2-e936-4ba2-8e6c-8ca8cb2c2a05&#8243; custom_padding=&raquo;35px||35px||false|false&raquo; hover_enabled=&raquo;0&#8243; border_width_all=&raquo;0px&raquo; locked=&raquo;off&raquo; global_colors_info=&raquo;{%22gcid-edcc47c2-e936-4ba2-8e6c-8ca8cb2c2a05%22:%91%22icon_color%22,%22open_toggle_text_color%22,%22title_text_color%22,%22body_link_text_color%22,%22open_icon_color%22%93,%22gcid-26e97d0d-b127-4ce1-b597-0df3fb01df24%22:%91%22body_text_color%22%93,%22gcid-9e2f3af2-1007-4221-b250-8e35d98c5991%22:%91%22closed_toggle_background_color%22,%22open_toggle_background_color%22%93}&raquo; sticky_enabled=&raquo;0&#8243;]<\/p>\n<p>N\u00f8dvendig hensyn til egen helse, tidkrevende behandling og kontakt med helsevesenet kan gj\u00f8re voksenlivet hektisk. God tilrettelegging og planlegging blir derfor avgj\u00f8rende. \u00c5 finne en god balanse mellom helse, arbeidsliv, familieliv og fritid kan ha stor betydning for sykdomsutviklingen. Sykdomsgraden vil p\u00e5virke livskvalitet og arbeidsevne, og her finnes det store variasjoner.<\/p>\n<p>[\/et_pb_toggle][et_pb_toggle title=&raquo;Planlegg egne barn i god tid&raquo; open_toggle_text_color=&raquo;gcid-edcc47c2-e936-4ba2-8e6c-8ca8cb2c2a05&#8243; open_toggle_background_color=&raquo;gcid-9e2f3af2-1007-4221-b250-8e35d98c5991&#8243; closed_toggle_background_color=&raquo;gcid-9e2f3af2-1007-4221-b250-8e35d98c5991&#8243; icon_color=&raquo;gcid-edcc47c2-e936-4ba2-8e6c-8ca8cb2c2a05&#8243; toggle_icon=&raquo;&#x22;||divi||400&#8243; use_icon_font_size=&raquo;on&raquo; icon_font_size=&raquo;18px&raquo; open_icon_color=&raquo;gcid-edcc47c2-e936-4ba2-8e6c-8ca8cb2c2a05&#8243; open_toggle_icon=&raquo;&#x21;||divi||400&#8243; _builder_version=&raquo;4.21.0&#8243; _module_preset=&raquo;default&raquo; title_text_color=&raquo;gcid-edcc47c2-e936-4ba2-8e6c-8ca8cb2c2a05&#8243; title_font=&raquo;|600|||||||&raquo; body_text_color=&raquo;gcid-26e97d0d-b127-4ce1-b597-0df3fb01df24&#8243; body_link_text_color=&raquo;gcid-edcc47c2-e936-4ba2-8e6c-8ca8cb2c2a05&#8243; custom_padding=&raquo;35px||35px||false|false&raquo; hover_enabled=&raquo;0&#8243; border_width_all=&raquo;0px&raquo; locked=&raquo;off&raquo; global_colors_info=&raquo;{%22gcid-edcc47c2-e936-4ba2-8e6c-8ca8cb2c2a05%22:%91%22icon_color%22,%22open_toggle_text_color%22,%22title_text_color%22,%22body_link_text_color%22,%22open_icon_color%22%93,%22gcid-26e97d0d-b127-4ce1-b597-0df3fb01df24%22:%91%22body_text_color%22%93,%22gcid-9e2f3af2-1007-4221-b250-8e35d98c5991%22:%91%22open_toggle_background_color%22,%22closed_toggle_background_color%22%93}&raquo; sticky_enabled=&raquo;0&#8243;]<\/p>\n<p>Grundig planlegging er viktig hvis man \u00f8nsker barn n\u00e5r man har CF. Kvinner med CF som \u00f8nsker egne barn, anbefales \u00e5 involvere helsepersonell med CF-kompetanse omtrent ett \u00e5r f\u00f8r planlagt graviditet. God oppf\u00f8lging under svangerskapet er viktig for \u00e5 sikre b\u00e5de mors og fosterets helse. Menn med CF er ofte sterile, men kan bli fedre ved assistert befruktning. Mannens s\u00e6d hentes da ut av testiklene ved et lite inngrep og brukes til \u00e5 befrukte kvinnens egg. Det er mulig \u00e5 f\u00e5 st\u00f8tte fra staten til assistert befruktning, med en egenandel p\u00e5 ca. 1500 kroner per fors\u00f8k og inntil 15 000 kroner totalt. For begge kj\u00f8nn gjelder det at man m\u00e5 gjennom genetisk veiledning. Kvinner og menn med CF som \u00f8nsker egne barn, b\u00f8r ta kontakt med sin CF-lege.<\/p>\n<p>[\/et_pb_toggle][\/et_pb_column][et_pb_column type=&raquo;1_2&#8243; _builder_version=&raquo;4.21.0&#8243; _module_preset=&raquo;default&raquo; global_colors_info=&raquo;{}&raquo;][et_pb_toggle title=&raquo;Sunn arbeidstilknytning&raquo; open_toggle_text_color=&raquo;gcid-edcc47c2-e936-4ba2-8e6c-8ca8cb2c2a05&#8243; open_toggle_background_color=&raquo;gcid-9e2f3af2-1007-4221-b250-8e35d98c5991&#8243; closed_toggle_background_color=&raquo;gcid-9e2f3af2-1007-4221-b250-8e35d98c5991&#8243; icon_color=&raquo;gcid-edcc47c2-e936-4ba2-8e6c-8ca8cb2c2a05&#8243; toggle_icon=&raquo;&#x22;||divi||400&#8243; use_icon_font_size=&raquo;on&raquo; icon_font_size=&raquo;18px&raquo; open_icon_color=&raquo;gcid-edcc47c2-e936-4ba2-8e6c-8ca8cb2c2a05&#8243; open_toggle_icon=&raquo;&#x21;||divi||400&#8243; _builder_version=&raquo;4.21.0&#8243; _module_preset=&raquo;default&raquo; title_text_color=&raquo;gcid-edcc47c2-e936-4ba2-8e6c-8ca8cb2c2a05&#8243; title_font=&raquo;|600|||||||&raquo; body_text_color=&raquo;gcid-26e97d0d-b127-4ce1-b597-0df3fb01df24&#8243; body_link_text_color=&raquo;gcid-edcc47c2-e936-4ba2-8e6c-8ca8cb2c2a05&#8243; custom_padding=&raquo;35px||35px||false|false&raquo; hover_enabled=&raquo;0&#8243; border_width_all=&raquo;0px&raquo; locked=&raquo;off&raquo; global_colors_info=&raquo;{%22gcid-edcc47c2-e936-4ba2-8e6c-8ca8cb2c2a05%22:%91%22icon_color%22,%22open_toggle_text_color%22,%22title_text_color%22,%22body_link_text_color%22,%22open_icon_color%22%93,%22gcid-26e97d0d-b127-4ce1-b597-0df3fb01df24%22:%91%22body_text_color%22%93,%22gcid-9e2f3af2-1007-4221-b250-8e35d98c5991%22:%91%22open_toggle_background_color%22,%22closed_toggle_background_color%22%93}&raquo; sticky_enabled=&raquo;0&#8243;]<\/p>\n<p>Samlet vil dette for noen bety redusert arbeidskapasitet b\u00e5de i hverdagen og i yrkessammenheng. Muligheten for fleksibilitet i arbeidsdagen blir da viktig. Dette kan inneb\u00e6re hjemmekontor, ekstra hvilepauser eller overgang til en annen jobb. Noen vil m\u00e5tte redusere stillingsprosenten, mens andre m\u00e5 ta det store skrittet \u00e5 forlate arbeidslivet helt. Dette kan v\u00e6re vanskelige avgj\u00f8relser som krever mye av den voksne selv og ogs\u00e5 av omgivelsene.<\/p>\n<p>[\/et_pb_toggle][et_pb_toggle title=&raquo;Mer krevende med alderen&raquo; open_toggle_text_color=&raquo;gcid-edcc47c2-e936-4ba2-8e6c-8ca8cb2c2a05&#8243; open_toggle_background_color=&raquo;gcid-9e2f3af2-1007-4221-b250-8e35d98c5991&#8243; closed_toggle_background_color=&raquo;gcid-9e2f3af2-1007-4221-b250-8e35d98c5991&#8243; icon_color=&raquo;gcid-edcc47c2-e936-4ba2-8e6c-8ca8cb2c2a05&#8243; toggle_icon=&raquo;&#x22;||divi||400&#8243; use_icon_font_size=&raquo;on&raquo; icon_font_size=&raquo;18px&raquo; open_icon_color=&raquo;gcid-edcc47c2-e936-4ba2-8e6c-8ca8cb2c2a05&#8243; open_toggle_icon=&raquo;&#x21;||divi||400&#8243; _builder_version=&raquo;4.21.0&#8243; _module_preset=&raquo;default&raquo; title_text_color=&raquo;gcid-edcc47c2-e936-4ba2-8e6c-8ca8cb2c2a05&#8243; title_font=&raquo;|600|||||||&raquo; body_text_color=&raquo;gcid-26e97d0d-b127-4ce1-b597-0df3fb01df24&#8243; body_link_text_color=&raquo;gcid-edcc47c2-e936-4ba2-8e6c-8ca8cb2c2a05&#8243; custom_padding=&raquo;35px||35px||false|false&raquo; hover_enabled=&raquo;0&#8243; border_width_all=&raquo;0px&raquo; locked=&raquo;off&raquo; global_colors_info=&raquo;{%22gcid-edcc47c2-e936-4ba2-8e6c-8ca8cb2c2a05%22:%91%22icon_color%22,%22open_toggle_text_color%22,%22title_text_color%22,%22body_link_text_color%22,%22open_icon_color%22%93,%22gcid-26e97d0d-b127-4ce1-b597-0df3fb01df24%22:%91%22body_text_color%22%93,%22gcid-9e2f3af2-1007-4221-b250-8e35d98c5991%22:%91%22open_toggle_background_color%22,%22closed_toggle_background_color%22%93}&raquo; sticky_enabled=&raquo;0&#8243;]<\/p>\n<p>\u00d8kt sykdomsf\u00f8lelse og flere symptomer kan f\u00f8lge med \u00f8kt levealder. Dette medf\u00f8rer en st\u00f8rre behandlingsbyrde med etablerte behandlingsmetoder. Med \u00f8kende alder \u00f8ker sannsynligheten for CF-relaterte tilleggssykdommer som CF-relatert diabetes (CFRD) og ledd- og skjelettsmerter, samt utfordringer som antibiotikaresistens. For noen kan transplantasjon ogs\u00e5 bli aktuelt. Noen voksne kan derfor oppleve at sykdomsbildet blir mer komplisert, og at behandlingen spenner over flere sykdommer og hensyn som er krevende \u00e5 kombinere. Dette vil variere fra person til person, avhengig av om man f\u00e5r \u00e5rsakskorrigerende medisiner, hvilken CF-genvariant man har, og sykdomsutviklingen.<\/p>\n<p>[\/et_pb_toggle][\/et_pb_column][\/et_pb_row][et_pb_row _builder_version=&raquo;4.21.0&#8243; _module_preset=&raquo;default&raquo; global_colors_info=&raquo;{}&raquo;][et_pb_column type=&raquo;4_4&#8243; _builder_version=&raquo;4.21.0&#8243; _module_preset=&raquo;default&raquo; global_colors_info=&raquo;{}&raquo;][et_pb_text quote_border_color=&raquo;gcid-edcc47c2-e936-4ba2-8e6c-8ca8cb2c2a05&#8243; _builder_version=&raquo;4.21.0&#8243; _module_preset=&raquo;default&raquo; text_font=&raquo;Poppins|300|||||||&raquo; text_text_color=&raquo;gcid-26e97d0d-b127-4ce1-b597-0df3fb01df24&#8243; text_font_size=&raquo;16px&raquo; text_line_height=&raquo;1.8em&raquo; link_font=&raquo;Poppins|500|||||||&raquo; link_text_color=&raquo;gcid-edcc47c2-e936-4ba2-8e6c-8ca8cb2c2a05&#8243; header_2_font_size=&raquo;22px&raquo; header_2_line_height=&raquo;1.4em&raquo; global_colors_info=&raquo;{%22gcid-26e97d0d-b127-4ce1-b597-0df3fb01df24%22:%91%22text_text_color%22%93,%22gcid-edcc47c2-e936-4ba2-8e6c-8ca8cb2c2a05%22:%91%22quote_border_color%22,%22link_text_color%22%93}&raquo;]<\/p>\n<h2 aria-level=\"2\"><strong><span style=\"color: #050267;\">Livskvalitet p\u00e5 ditt funksjonsniv\u00e5 <\/span><\/strong><\/h2>\n<p>CF er en progredierende sykdom, og dagens voksne ble f\u00f8dt i en tid da CF-omsorgen var langt fra s\u00e5 god som den er i dag. Dette betyr at mange av de som n\u00e5 er voksne, kan ha en mer utviklet sykdom enn de som f\u00e5r diagnosen i dag. Variasjonene kan v\u00e6re store i begge tilfeller. M\u00e5let er \u00e5 skape et meningsfullt liv p\u00e5 det funksjonsniv\u00e5et man har til enhver tid. Med stadig forbedret omsorgskvalitet og medikamentutvikling har mennesker med CF gode muligheter til \u00e5 leve meningsfulle liv. Mange voksne med CF blir foreldre, og noen opplever \u00e5 bli besteforeldre. Barn som f\u00f8des med CF i dag, vil ha enda bedre muligheter enn dagens voksne. Med solid egenbehandling og gode medisiner er livet med CF i dag noe helt annet enn det var for bare noen f\u00e5 ti\u00e5r siden.<\/p>\n<p>[\/et_pb_text][et_pb_toggle title=&raquo;Kjenn dine rettigheter!&raquo; open_toggle_text_color=&raquo;gcid-26e97d0d-b127-4ce1-b597-0df3fb01df24&#8243; open_toggle_background_color=&raquo;RGBA(255,255,255,0)&raquo; closed_toggle_background_color=&raquo;gcid-edcc47c2-e936-4ba2-8e6c-8ca8cb2c2a05&#8243; icon_color=&raquo;gcid-def3f79a-900d-4425-86b8-efdc1c9633a6&#8243; toggle_icon=&raquo;&#x50;||divi||400&#8243; use_icon_font_size=&raquo;on&raquo; icon_font_size=&raquo;20px&raquo; open_icon_color=&raquo;gcid-edcc47c2-e936-4ba2-8e6c-8ca8cb2c2a05&#8243; open_toggle_icon=&raquo;&#x4f;||divi||400&#8243; open_use_icon_font_size=&raquo;on&raquo; open_icon_font_size=&raquo;20px&raquo; _builder_version=&raquo;4.21.0&#8243; _module_preset=&raquo;default&raquo; title_text_color=&raquo;#FFFFFF&raquo; title_font=&raquo;|600|||||||&raquo; title_font_size=&raquo;18px&raquo; body_text_color=&raquo;gcid-26e97d0d-b127-4ce1-b597-0df3fb01df24&#8243; body_link_text_color=&raquo;gcid-edcc47c2-e936-4ba2-8e6c-8ca8cb2c2a05&#8243; custom_margin=&raquo;10px||10px||false|false&raquo; custom_padding=&raquo;||||false|false&raquo; hover_enabled=&raquo;0&#8243; border_width_all=&raquo;0px&raquo; locked=&raquo;off&raquo; global_colors_info=&raquo;{%22gcid-def3f79a-900d-4425-86b8-efdc1c9633a6%22:%91%22icon_color%22%93,%22gcid-26e97d0d-b127-4ce1-b597-0df3fb01df24%22:%91%22open_toggle_text_color%22,%22body_text_color%22%93,%22gcid-edcc47c2-e936-4ba2-8e6c-8ca8cb2c2a05%22:%91%22open_icon_color%22,%22closed_toggle_background_color%22,%22body_link_text_color%22%93}&raquo; sticky_enabled=&raquo;0&#8243;]<\/p>\n<p>Det er viktig \u00e5 ha en hverdag som gir rom for egenbehandling, utvikling og livskvalitet. Det finnes ulike rettigheter knyttet til arbeidslivet, som sykepenger og pensjoner. Det er avgj\u00f8rende \u00e5 kjenne til disse rettighetene i god tid f\u00f8r man trenger dem. Derfor er det viktig \u00e5 sette seg inn i disse rettighetene n\u00e5r man starter utdanning og arbeidsliv, ogs\u00e5 om man tror at man ikke kommer til \u00e5 trenge dem.<\/p>\n<ul><\/ul>\n<p>[\/et_pb_toggle][et_pb_toggle title=&raquo;Snakk med noen om voksenlivet med CF&raquo; open_toggle_text_color=&raquo;gcid-26e97d0d-b127-4ce1-b597-0df3fb01df24&#8243; open_toggle_background_color=&raquo;RGBA(255,255,255,0)&raquo; closed_toggle_background_color=&raquo;gcid-edcc47c2-e936-4ba2-8e6c-8ca8cb2c2a05&#8243; icon_color=&raquo;gcid-def3f79a-900d-4425-86b8-efdc1c9633a6&#8243; toggle_icon=&raquo;&#x50;||divi||400&#8243; use_icon_font_size=&raquo;on&raquo; icon_font_size=&raquo;20px&raquo; open_icon_color=&raquo;gcid-edcc47c2-e936-4ba2-8e6c-8ca8cb2c2a05&#8243; open_toggle_icon=&raquo;&#x4f;||divi||400&#8243; open_use_icon_font_size=&raquo;on&raquo; open_icon_font_size=&raquo;20px&raquo; _builder_version=&raquo;4.21.0&#8243; _module_preset=&raquo;default&raquo; title_text_color=&raquo;#FFFFFF&raquo; title_font=&raquo;|600|||||||&raquo; title_font_size=&raquo;18px&raquo; body_text_color=&raquo;gcid-26e97d0d-b127-4ce1-b597-0df3fb01df24&#8243; body_link_text_color=&raquo;gcid-edcc47c2-e936-4ba2-8e6c-8ca8cb2c2a05&#8243; custom_margin=&raquo;10px||10px||false|false&raquo; custom_padding=&raquo;||||false|false&raquo; hover_enabled=&raquo;0&#8243; border_width_all=&raquo;0px&raquo; locked=&raquo;off&raquo; global_colors_info=&raquo;{%22gcid-def3f79a-900d-4425-86b8-efdc1c9633a6%22:%91%22icon_color%22%93,%22gcid-26e97d0d-b127-4ce1-b597-0df3fb01df24%22:%91%22open_toggle_text_color%22,%22body_text_color%22%93,%22gcid-edcc47c2-e936-4ba2-8e6c-8ca8cb2c2a05%22:%91%22open_icon_color%22,%22closed_toggle_background_color%22,%22body_link_text_color%22%93}&raquo; sticky_enabled=&raquo;0&#8243;]<\/p>\n<p>Vi har en lukket og hemmelig Facebook-gruppe for voksne med CF. Her kan du stille sp\u00f8rsm\u00e5l, lufte frustrasjoner, og oppleve st\u00f8tte, fellesskap og humor. Facebook-gruppen heter &laquo;Voksen med CF&raquo; og er en del av v\u00e5r likepersonstjeneste. Du kan ogs\u00e5 ta kontakt med en av v\u00e5re voksne like personer med CF.<\/p>\n<ul><\/ul>\n<p>[\/et_pb_toggle][\/et_pb_column][\/et_pb_row][\/et_pb_section][et_pb_section fb_built=&raquo;1&#8243; disabled_on=&raquo;on|on|off&raquo; _builder_version=&raquo;4.21.0&#8243; _module_preset=&raquo;default&raquo; background_color=&raquo;gcid-edcc47c2-e936-4ba2-8e6c-8ca8cb2c2a05&#8243; custom_padding=&raquo;||0px||false|false&raquo; global_colors_info=&raquo;{%22gcid-edcc47c2-e936-4ba2-8e6c-8ca8cb2c2a05%22:%91%22background_color%22%93}&raquo;][et_pb_row column_structure=&raquo;1_2,1_2&#8243; use_custom_gutter=&raquo;on&raquo; gutter_width=&raquo;1&#8243; _builder_version=&raquo;4.21.0&#8243; _module_preset=&raquo;default&raquo; custom_padding=&raquo;||0px||false|false&raquo; global_colors_info=&raquo;{}&raquo;][et_pb_column type=&raquo;1_2&#8243; _builder_version=&raquo;4.21.0&#8243; _module_preset=&raquo;default&raquo; global_colors_info=&raquo;{}&raquo;][et_pb_image src=&raquo;https:\/\/cfnorge.bwod.dev\/wp-content\/uploads\/2023\/08\/Stott-oss-illustrasjon-CF-2-1.png&raquo; title_text=&raquo;St\u00f8tt-oss-illustrasjon-CF-2&#8243; _builder_version=&raquo;4.21.0&#8243; _module_preset=&raquo;default&raquo; width=&raquo;65%&raquo; module_alignment=&raquo;center&raquo; global_colors_info=&raquo;{}&raquo;][\/et_pb_image][\/et_pb_column][et_pb_column type=&raquo;1_2&#8243; _builder_version=&raquo;4.21.0&#8243; _module_preset=&raquo;default&raquo; global_colors_info=&raquo;{}&raquo;][et_pb_text _builder_version=&raquo;4.21.0&#8243; _module_preset=&raquo;default&raquo; header_text_color=&raquo;#FFFFFF&raquo; header_2_font=&raquo;Poppins|600|||||||&raquo; header_2_text_color=&raquo;#FFFFFF&raquo; header_2_font_size=&raquo;30px&raquo; header_3_font=&raquo;Poppins||||||||&raquo; header_3_text_color=&raquo;#FFFFFF&raquo; header_3_font_size=&raquo;20px&raquo; header_3_line_height=&raquo;1.5em&raquo; custom_margin=&raquo;74px||18px|||&raquo; global_colors_info=&raquo;{}&raquo;]<\/p>\n<h2>St\u00f8tt oss<\/h2>\n<h3>Vi er veldig glade for alle sm\u00e5<br \/>og store gaver til v\u00e5rt arbeid.<\/h3>\n<p>[\/et_pb_text][et_pb_button button_url=&raquo;@ET-DC@eyJkeW5hbWljIjp0cnVlLCJjb250ZW50IjoicG9zdF9saW5rX3VybF9wYWdlIiwic2V0dGluZ3MiOnsicG9zdF9pZCI6IjQ1NyJ9fQ==@&raquo; button_text=&raquo;LES HVORDAN HER&raquo; _builder_version=&raquo;4.21.0&#8243; _dynamic_attributes=&raquo;button_url&raquo; _module_preset=&raquo;default&raquo; custom_button=&raquo;on&raquo; button_text_size=&raquo;16px&raquo; button_text_color=&raquo;#FFFFFF&raquo; button_bg_color=&raquo;gcid-26e97d0d-b127-4ce1-b597-0df3fb01df24&#8243; button_border_width=&raquo;0px&raquo; button_border_radius=&raquo;100px&raquo; global_colors_info=&raquo;{%22gcid-26e97d0d-b127-4ce1-b597-0df3fb01df24%22:%91%22button_bg_color%22%93}&raquo;][\/et_pb_button][\/et_pb_column][\/et_pb_row][\/et_pb_section][et_pb_section fb_built=&raquo;1&#8243; disabled_on=&raquo;off|off|on&raquo; _builder_version=&raquo;4.21.0&#8243; _module_preset=&raquo;default&raquo; background_color=&raquo;gcid-edcc47c2-e936-4ba2-8e6c-8ca8cb2c2a05&#8243; custom_padding=&raquo;21px||0px||false|false&raquo; locked=&raquo;off&raquo; global_colors_info=&raquo;{%22gcid-edcc47c2-e936-4ba2-8e6c-8ca8cb2c2a05%22:%91%22background_color%22%93}&raquo;][et_pb_row _builder_version=&raquo;4.21.0&#8243; _module_preset=&raquo;default&raquo; custom_margin=&raquo;13px|auto|0px|auto|false|false&raquo; custom_padding=&raquo;7px||0px||false|false&raquo; global_colors_info=&raquo;{}&raquo;][et_pb_column type=&raquo;4_4&#8243; _builder_version=&raquo;4.21.0&#8243; _module_preset=&raquo;default&raquo; global_colors_info=&raquo;{}&raquo;][et_pb_text _builder_version=&raquo;4.21.0&#8243; _module_preset=&raquo;default&raquo; header_2_font=&raquo;Poppins|600|||||||&raquo; header_2_text_color=&raquo;#FFFFFF&raquo; header_2_font_size=&raquo;30px&raquo; header_3_font=&raquo;Poppins||||||||&raquo; header_3_text_color=&raquo;#FFFFFF&raquo; header_3_font_size=&raquo;20px&raquo; header_3_line_height=&raquo;1.5em&raquo; custom_margin=&raquo;26px|||||&raquo; global_colors_info=&raquo;{}&raquo;]<\/p>\n<h2>St\u00f8tt oss<\/h2>\n<h3>Vi er veldig glade for alle sm\u00e5<br \/>og store gaver til v\u00e5rt arbeid.<\/h3>\n<p>[\/et_pb_text][et_pb_button button_url=&raquo;@ET-DC@eyJkeW5hbWljIjp0cnVlLCJjb250ZW50IjoicG9zdF9saW5rX3VybF9wYWdlIiwic2V0dGluZ3MiOnsicG9zdF9pZCI6IjQ1NyJ9fQ==@&raquo; button_text=&raquo;LES HVORDAN HER&raquo; _builder_version=&raquo;4.21.0&#8243; _dynamic_attributes=&raquo;button_url&raquo; _module_preset=&raquo;default&raquo; custom_button=&raquo;on&raquo; button_text_size=&raquo;16px&raquo; button_text_color=&raquo;#FFFFFF&raquo; button_bg_color=&raquo;gcid-26e97d0d-b127-4ce1-b597-0df3fb01df24&#8243; button_border_width=&raquo;0px&raquo; button_border_radius=&raquo;100px&raquo; custom_margin=&raquo;||11px|||&raquo; global_colors_info=&raquo;{%22gcid-26e97d0d-b127-4ce1-b597-0df3fb01df24%22:%91%22button_bg_color%22%93}&raquo;][\/et_pb_button][et_pb_image src=&raquo;https:\/\/cfnorge.bwod.dev\/wp-content\/uploads\/2023\/08\/Stott-oss-illustrasjon-CF-2-1.png&raquo; title_text=&raquo;St\u00f8tt-oss-illustrasjon-CF-2&#8243; _builder_version=&raquo;4.21.0&#8243; _module_preset=&raquo;default&raquo; max_width=&raquo;64%&raquo; max_width_tablet=&raquo;50%&raquo; max_width_phone=&raquo;50%&raquo; max_width_last_edited=&raquo;on|tablet&raquo; module_alignment=&raquo;right&raquo; custom_margin_tablet=&raquo;-40px||||false|false&raquo; custom_margin_phone=&raquo;-40px||||false|false&raquo; custom_margin_last_edited=&raquo;on|tablet&raquo; global_colors_info=&raquo;{}&raquo;][\/et_pb_image][\/et_pb_column][\/et_pb_row][\/et_pb_section]<\/p>\n","protected":false},"excerpt":{"rendered":"<p>Voksen med CF\u00a0Lengre og bedre livGod tverrfaglig behandling og nye \u00e5rsakskorrigerende medisiner bidrar til at dagens voksne med cystisk fibrose har et lengre og bedre liv enn tidligere CF-generasjoner. Livet g\u00e5r i faser for de fleste, og slik er det ogs\u00e5 for de med CF. Noen ganger tar sykdommen stor plass, andre ganger mindre. Voksne [&hellip;]<\/p>\n","protected":false},"author":5,"featured_media":0,"parent":0,"menu_order":0,"comment_status":"closed","ping_status":"closed","template":"","meta":{"_et_pb_use_builder":"on","_et_pb_old_content":"","_et_gb_content_width":"","footnotes":""},"class_list":["post-999","page","type-page","status-publish","hentry"],"yoast_head":"<!-- This site is optimized with the Yoast SEO plugin v28.3 - https:\/\/yoast.com\/product\/yoast-seo-wordpress\/ -->\n<title>Voksen med cystisk fibrose - CF Norge<\/title>\n<meta name=\"robots\" content=\"index, follow, max-snippet:-1, max-image-preview:large, max-video-preview:-1\" \/>\n<link rel=\"canonical\" href=\"https:\/\/www.cfnorge.no\/en\/voksen-med-cystisk-fibrose\/\" \/>\n<meta property=\"og:locale\" content=\"en_GB\" \/>\n<meta property=\"og:type\" content=\"article\" \/>\n<meta property=\"og:title\" content=\"Voksen med cystisk fibrose - CF Norge\" \/>\n<meta property=\"og:description\" content=\"Voksen med CF\u00a0Lengre og bedre livGod tverrfaglig behandling og nye \u00e5rsakskorrigerende medisiner bidrar til at dagens voksne med cystisk fibrose har et lengre og bedre liv enn tidligere CF-generasjoner. Livet g\u00e5r i faser for de fleste, og slik er det ogs\u00e5 for de med CF. Noen ganger tar sykdommen stor plass, andre ganger mindre. Voksne [&hellip;]\" \/>\n<meta property=\"og:url\" content=\"https:\/\/www.cfnorge.no\/en\/voksen-med-cystisk-fibrose\/\" \/>\n<meta property=\"og:site_name\" content=\"CF Norge\" \/>\n<meta property=\"article:modified_time\" content=\"2024-08-15T08:30:41+00:00\" \/>\n<meta name=\"twitter:card\" content=\"summary_large_image\" \/>\n<meta name=\"twitter:label1\" content=\"Estimated reading time\" \/>\n\t<meta name=\"twitter:data1\" content=\"8 minutes\" \/>\n<script type=\"application\/ld+json\" class=\"yoast-schema-graph\">{\"@context\":\"https:\\\/\\\/schema.org\",\"@graph\":[{\"@type\":\"WebPage\",\"@id\":\"https:\\\/\\\/www.cfnorge.no\\\/voksen-med-cystisk-fibrose\\\/\",\"url\":\"https:\\\/\\\/www.cfnorge.no\\\/voksen-med-cystisk-fibrose\\\/\",\"name\":\"Voksen med cystisk fibrose - CF Norge\",\"isPartOf\":{\"@id\":\"https:\\\/\\\/www.cfnorge.no\\\/#website\"},\"datePublished\":\"2024-06-24T11:57:17+00:00\",\"dateModified\":\"2024-08-15T08:30:41+00:00\",\"breadcrumb\":{\"@id\":\"https:\\\/\\\/www.cfnorge.no\\\/voksen-med-cystisk-fibrose\\\/#breadcrumb\"},\"inLanguage\":\"en-GB\",\"potentialAction\":[{\"@type\":\"ReadAction\",\"target\":[\"https:\\\/\\\/www.cfnorge.no\\\/voksen-med-cystisk-fibrose\\\/\"]}]},{\"@type\":\"BreadcrumbList\",\"@id\":\"https:\\\/\\\/www.cfnorge.no\\\/voksen-med-cystisk-fibrose\\\/#breadcrumb\",\"itemListElement\":[{\"@type\":\"ListItem\",\"position\":1,\"name\":\"Hjem\",\"item\":\"https:\\\/\\\/www.cfnorge.no\\\/\"},{\"@type\":\"ListItem\",\"position\":2,\"name\":\"Voksen med cystisk fibrose\"}]},{\"@type\":\"WebSite\",\"@id\":\"https:\\\/\\\/www.cfnorge.no\\\/#website\",\"url\":\"https:\\\/\\\/www.cfnorge.no\\\/\",\"name\":\"CF Norge\",\"description\":\"\",\"publisher\":{\"@id\":\"https:\\\/\\\/www.cfnorge.no\\\/#organization\"},\"potentialAction\":[{\"@type\":\"SearchAction\",\"target\":{\"@type\":\"EntryPoint\",\"urlTemplate\":\"https:\\\/\\\/www.cfnorge.no\\\/?s={search_term_string}\"},\"query-input\":{\"@type\":\"PropertyValueSpecification\",\"valueRequired\":true,\"valueName\":\"search_term_string\"}}],\"inLanguage\":\"en-GB\"},{\"@type\":\"Organization\",\"@id\":\"https:\\\/\\\/www.cfnorge.no\\\/#organization\",\"name\":\"CF Norge\",\"url\":\"https:\\\/\\\/www.cfnorge.no\\\/\",\"logo\":{\"@type\":\"ImageObject\",\"inLanguage\":\"en-GB\",\"@id\":\"https:\\\/\\\/www.cfnorge.no\\\/#\\\/schema\\\/logo\\\/image\\\/\",\"url\":\"https:\\\/\\\/www.cfnorge.no\\\/wp-content\\\/uploads\\\/2024\\\/06\\\/CF-Horisontal-logo-2.png\",\"contentUrl\":\"https:\\\/\\\/www.cfnorge.no\\\/wp-content\\\/uploads\\\/2024\\\/06\\\/CF-Horisontal-logo-2.png\",\"width\":12334,\"height\":3827,\"caption\":\"CF Norge\"},\"image\":{\"@id\":\"https:\\\/\\\/www.cfnorge.no\\\/#\\\/schema\\\/logo\\\/image\\\/\"}}]}<\/script>\n<!-- \/ Yoast SEO plugin. -->","yoast_head_json":{"title":"Voksen med cystisk fibrose - CF Norge","robots":{"index":"index","follow":"follow","max-snippet":"max-snippet:-1","max-image-preview":"max-image-preview:large","max-video-preview":"max-video-preview:-1"},"canonical":"https:\/\/www.cfnorge.no\/en\/voksen-med-cystisk-fibrose\/","og_locale":"en_GB","og_type":"article","og_title":"Voksen med cystisk fibrose - CF Norge","og_description":"Voksen med CF\u00a0Lengre og bedre livGod tverrfaglig behandling og nye \u00e5rsakskorrigerende medisiner bidrar til at dagens voksne med cystisk fibrose har et lengre og bedre liv enn tidligere CF-generasjoner. Livet g\u00e5r i faser for de fleste, og slik er det ogs\u00e5 for de med CF. Noen ganger tar sykdommen stor plass, andre ganger mindre. Voksne [&hellip;]","og_url":"https:\/\/www.cfnorge.no\/en\/voksen-med-cystisk-fibrose\/","og_site_name":"CF Norge","article_modified_time":"2024-08-15T08:30:41+00:00","twitter_card":"summary_large_image","twitter_misc":{"Estimated reading time":"8 minutes"},"schema":{"@context":"https:\/\/schema.org","@graph":[{"@type":"WebPage","@id":"https:\/\/www.cfnorge.no\/voksen-med-cystisk-fibrose\/","url":"https:\/\/www.cfnorge.no\/voksen-med-cystisk-fibrose\/","name":"Voksen med cystisk fibrose - CF Norge","isPartOf":{"@id":"https:\/\/www.cfnorge.no\/#website"},"datePublished":"2024-06-24T11:57:17+00:00","dateModified":"2024-08-15T08:30:41+00:00","breadcrumb":{"@id":"https:\/\/www.cfnorge.no\/voksen-med-cystisk-fibrose\/#breadcrumb"},"inLanguage":"en-GB","potentialAction":[{"@type":"ReadAction","target":["https:\/\/www.cfnorge.no\/voksen-med-cystisk-fibrose\/"]}]},{"@type":"BreadcrumbList","@id":"https:\/\/www.cfnorge.no\/voksen-med-cystisk-fibrose\/#breadcrumb","itemListElement":[{"@type":"ListItem","position":1,"name":"Hjem","item":"https:\/\/www.cfnorge.no\/"},{"@type":"ListItem","position":2,"name":"Voksen med cystisk fibrose"}]},{"@type":"WebSite","@id":"https:\/\/www.cfnorge.no\/#website","url":"https:\/\/www.cfnorge.no\/","name":"CF Norge","description":"","publisher":{"@id":"https:\/\/www.cfnorge.no\/#organization"},"potentialAction":[{"@type":"SearchAction","target":{"@type":"EntryPoint","urlTemplate":"https:\/\/www.cfnorge.no\/?s={search_term_string}"},"query-input":{"@type":"PropertyValueSpecification","valueRequired":true,"valueName":"search_term_string"}}],"inLanguage":"en-GB"},{"@type":"Organization","@id":"https:\/\/www.cfnorge.no\/#organization","name":"CF Norge","url":"https:\/\/www.cfnorge.no\/","logo":{"@type":"ImageObject","inLanguage":"en-GB","@id":"https:\/\/www.cfnorge.no\/#\/schema\/logo\/image\/","url":"https:\/\/www.cfnorge.no\/wp-content\/uploads\/2024\/06\/CF-Horisontal-logo-2.png","contentUrl":"https:\/\/www.cfnorge.no\/wp-content\/uploads\/2024\/06\/CF-Horisontal-logo-2.png","width":12334,"height":3827,"caption":"CF Norge"},"image":{"@id":"https:\/\/www.cfnorge.no\/#\/schema\/logo\/image\/"}}]}},"_links":{"self":[{"href":"https:\/\/www.cfnorge.no\/en\/wp-json\/wp\/v2\/pages\/999","targetHints":{"allow":["GET"]}}],"collection":[{"href":"https:\/\/www.cfnorge.no\/en\/wp-json\/wp\/v2\/pages"}],"about":[{"href":"https:\/\/www.cfnorge.no\/en\/wp-json\/wp\/v2\/types\/page"}],"author":[{"embeddable":true,"href":"https:\/\/www.cfnorge.no\/en\/wp-json\/wp\/v2\/users\/5"}],"replies":[{"embeddable":true,"href":"https:\/\/www.cfnorge.no\/en\/wp-json\/wp\/v2\/comments?post=999"}],"version-history":[{"count":13,"href":"https:\/\/www.cfnorge.no\/en\/wp-json\/wp\/v2\/pages\/999\/revisions"}],"predecessor-version":[{"id":1373,"href":"https:\/\/www.cfnorge.no\/en\/wp-json\/wp\/v2\/pages\/999\/revisions\/1373"}],"wp:attachment":[{"href":"https:\/\/www.cfnorge.no\/en\/wp-json\/wp\/v2\/media?parent=999"}],"curies":[{"name":"wp","href":"https:\/\/api.w.org\/{rel}","templated":true}]}}