{"id":959,"date":"2024-06-21T14:36:04","date_gmt":"2024-06-21T12:36:04","guid":{"rendered":"https:\/\/cfnorge.bwod.dev\/?page_id=959"},"modified":"2026-01-26T13:07:33","modified_gmt":"2026-01-26T12:07:33","slug":"tilskudd-og-priser","status":"publish","type":"page","link":"https:\/\/www.cfnorge.no\/en\/om-oss\/tilskudd-og-priser\/","title":{"rendered":"Grants and awards"},"content":{"rendered":"<p>[et_pb_section fb_built=&raquo;1&#8243; next_background_color=&raquo;#FFFFFF&raquo; _builder_version=&raquo;4.21.0&#8243; _module_preset=&raquo;default&raquo; background_color=&raquo;gcid-9e2f3af2-1007-4221-b250-8e35d98c5991&#8243; background_enable_image=&raquo;off&raquo; background_size=&raquo;custom&raquo; background_image_width=&raquo;101%&raquo; custom_padding=&raquo;||90px|||&raquo; bottom_divider_style=&raquo;wave&raquo; locked=&raquo;off&raquo; global_colors_info=&raquo;{%22gcid-9e2f3af2-1007-4221-b250-8e35d98c5991%22:%91%22background_color%22%93}&raquo;][et_pb_row column_structure=&raquo;1_2,1_2&#8243; _builder_version=&raquo;4.21.0&#8243; _module_preset=&raquo;default&raquo; custom_padding=&raquo;11px||4px|||&raquo; global_colors_info=&raquo;{}&raquo;][et_pb_column type=&raquo;1_2&#8243; _builder_version=&raquo;4.21.0&#8243; _module_preset=&raquo;default&raquo; global_colors_info=&raquo;{}&raquo;][et_pb_text _builder_version=&raquo;4.21.0&#8243; _module_preset=&raquo;default&raquo; header_font=&raquo;Poppins|600|||||||&raquo; header_text_color=&raquo;gcid-26e97d0d-b127-4ce1-b597-0df3fb01df24&#8243; custom_margin=&raquo;0px||0px||false|false&raquo; custom_padding=&raquo;0px||0px||false|false&raquo; global_colors_info=&raquo;{%22gcid-26e97d0d-b127-4ce1-b597-0df3fb01df24%22:%91%22header_text_color%22%93}&raquo;]<\/p>\n<h1>Tilskudd og priser<\/h1>\n<p>[\/et_pb_text][\/et_pb_column][et_pb_column type=&raquo;1_2&#8243; _builder_version=&raquo;4.21.0&#8243; _module_preset=&raquo;default&raquo; global_colors_info=&raquo;{}&raquo;][\/et_pb_column][\/et_pb_row][et_pb_row _builder_version=&raquo;4.21.0&#8243; _module_preset=&raquo;default&raquo; custom_margin=&raquo;0px||||false|false&raquo; custom_padding=&raquo;0px||||false|false&raquo; global_colors_info=&raquo;{}&raquo;][et_pb_column type=&raquo;4_4&#8243; _builder_version=&raquo;4.21.0&#8243; _module_preset=&raquo;default&raquo; global_colors_info=&raquo;{}&raquo;][et_pb_text _builder_version=&raquo;4.21.0&#8243; _module_preset=&raquo;default&raquo; text_font=&raquo;Poppins|300|||||||&raquo; text_text_color=&raquo;gcid-26e97d0d-b127-4ce1-b597-0df3fb01df24&#8243; text_font_size=&raquo;16px&raquo; text_line_height=&raquo;1.8em&raquo; global_colors_info=&raquo;{%22gcid-26e97d0d-b127-4ce1-b597-0df3fb01df24%22:%91%22text_text_color%22%93}&raquo;]<\/p>\n<p>Vi i NFCF verdsetter v\u00e5re medlemmer og \u00f8nsker \u00e5 st\u00f8tte dem p\u00e5 best mulig m\u00e5te. Vi har derfor etablert Trivselsfondet som en ressurs for v\u00e5re medlemmer, slik at de kan realisere sine dr\u00f8mmer og oppleve \u00f8kt livskvalitet gjennom st\u00f8tte fra foreningen.<\/p>\n<p>Vi tilbyr ogs\u00e5 Fagr\u00e5dsmidler som bidrar til faglig utvikling av helsepersonell som arbeider med cystisk fibrose eller prim\u00e6r cili\u00e6r dyskinesi. Dette initiativet er en del av v\u00e5rt engasjement for \u00e5 fremme kompetanse og kvalitet i behandlingen av disse tilstandene.<\/p>\n<p>Hvert \u00e5r anerkjenner vi en av v\u00e5re fremragende medlemmer gjennom utdelingen av CF-prisen. Denne prisen hedrer enkeltpersoner som har gjort en betydelig innsats for cystisk fibrose-fellesskapet, og som har v\u00e6rt en inspirasjon og st\u00f8tte for andre.<\/p>\n<p>[\/et_pb_text][\/et_pb_column][\/et_pb_row][\/et_pb_section][et_pb_section fb_built=&raquo;1&#8243; _builder_version=&raquo;4.21.0&#8243; _module_preset=&raquo;default&raquo; background_color=&raquo;#FFFFFF&raquo; custom_padding=&raquo;24px|||||&raquo; locked=&raquo;off&raquo; global_colors_info=&raquo;{}&raquo;][et_pb_row column_structure=&raquo;1_2,1_2&#8243; use_custom_gutter=&raquo;on&raquo; gutter_width=&raquo;2&#8243; _builder_version=&raquo;4.21.0&#8243; _module_preset=&raquo;default&raquo; locked=&raquo;off&raquo; global_colors_info=&raquo;{}&raquo;][et_pb_column type=&raquo;1_2&#8243; _builder_version=&raquo;4.21.0&#8243; _module_preset=&raquo;default&raquo; global_colors_info=&raquo;{}&raquo;][et_pb_toggle title=&raquo;Trivselsfondet&raquo; open_toggle_text_color=&raquo;gcid-edcc47c2-e936-4ba2-8e6c-8ca8cb2c2a05&#8243; open_toggle_background_color=&raquo;gcid-9e2f3af2-1007-4221-b250-8e35d98c5991&#8243; closed_toggle_background_color=&raquo;gcid-9e2f3af2-1007-4221-b250-8e35d98c5991&#8243; icon_color=&raquo;gcid-edcc47c2-e936-4ba2-8e6c-8ca8cb2c2a05&#8243; toggle_icon=&raquo;&#x22;||divi||400&#8243; use_icon_font_size=&raquo;on&raquo; icon_font_size=&raquo;18px&raquo; open_icon_color=&raquo;gcid-edcc47c2-e936-4ba2-8e6c-8ca8cb2c2a05&#8243; open_toggle_icon=&raquo;&#x21;||divi||400&#8243; _builder_version=&raquo;4.21.0&#8243; _module_preset=&raquo;default&raquo; title_text_color=&raquo;gcid-edcc47c2-e936-4ba2-8e6c-8ca8cb2c2a05&#8243; title_font=&raquo;|600|||||||&raquo; body_text_color=&raquo;gcid-26e97d0d-b127-4ce1-b597-0df3fb01df24&#8243; body_link_text_color=&raquo;gcid-edcc47c2-e936-4ba2-8e6c-8ca8cb2c2a05&#8243; custom_padding=&raquo;35px||35px||false|false&raquo; border_width_all=&raquo;0px&raquo; locked=&raquo;off&raquo; global_colors_info=&raquo;{%22gcid-edcc47c2-e936-4ba2-8e6c-8ca8cb2c2a05%22:%91%22icon_color%22,%22open_toggle_text_color%22,%22title_text_color%22,%22body_link_text_color%22,%22open_icon_color%22%93,%22gcid-26e97d0d-b127-4ce1-b597-0df3fb01df24%22:%91%22body_text_color%22%93,%22gcid-9e2f3af2-1007-4221-b250-8e35d98c5991%22:%91%22closed_toggle_background_color%22,%22open_toggle_background_color%22%93}&raquo;]<\/p>\n<p><span data-contrast=\"none\">Har du en dr\u00f8m du \u00f8nsker \u00e5 realisere? Utstyr du trenger til \u00e5 fysisk aktivitet eller hobby? Du som har CF eller PCD kan s\u00f8ke trivselsmidler fra v\u00e5rt Trivselsfond. <\/span><span data-contrast=\"none\" style=\"font-size: 14px;\">Fondets form\u00e5l er \u00e5 bidra til \u00f8kt trivsel og tiltak som vil gj\u00f8re hverdagen lettere for personer med CF eller PCD, og deres familier. Fondet kan yte st\u00f8tte ved individuelle bevilgninger eller til personlige prosjekter.<\/span><span data-ccp-props=\"{&quot;335559739&quot;:150}\" style=\"font-size: 14px;\">\u00a0<\/span><\/p>\n<p><strong>Ekstra gode dager<\/strong><span data-ccp-props=\"{&quot;335559739&quot;:150}\" style=\"font-size: 14px;\"><\/span><\/p>\n<p><span>I anledning v\u00e5rt 50-\u00e5rsjubileum i 2026 lanserer vi &laquo;Ekstra gode dager&raquo; \u2013 en utvidet versjon av trivselsmidlene v\u00e5re!\u00a0<\/span><span>I l\u00f8pet av jubileums\u00e5ret vil vi dele ut en m\u00e5nedlig utbetaling. \u00a0Ekstra gode dager, har i likhet med trivselsmidler som form\u00e5l \u00e5\u00a0 bidra til \u00f8kt trivsel og gi st\u00f8tte til tiltak som kan gj\u00f8re hverdagen lettere for personer med CF eller PCD og deres familier. S\u00f8knadfrist 15.Januar 2026<\/span><\/p>\n<blockquote>\n<p><a href=\"https:\/\/docs.google.com\/forms\/d\/e\/1FAIpQLSch-HkCX7VxuVVK_MjnLMYoMNOhq0KZfWEtv7Y4hjCIZjBeng\/viewform?usp=dialog\">S\u00f8knadsskjemaet finner du her<\/a><\/p>\n<\/blockquote>\n<p><span data-ccp-props=\"{&quot;335559739&quot;:150}\"><\/span><\/p>\n<p>[\/et_pb_toggle][\/et_pb_column][et_pb_column type=&raquo;1_2&#8243; _builder_version=&raquo;4.21.0&#8243; _module_preset=&raquo;default&raquo; global_colors_info=&raquo;{}&raquo;][et_pb_toggle title=&raquo;Fagr\u00e5dsmidler&raquo; open_toggle_text_color=&raquo;gcid-edcc47c2-e936-4ba2-8e6c-8ca8cb2c2a05&#8243; open_toggle_background_color=&raquo;gcid-9e2f3af2-1007-4221-b250-8e35d98c5991&#8243; closed_toggle_background_color=&raquo;gcid-9e2f3af2-1007-4221-b250-8e35d98c5991&#8243; icon_color=&raquo;gcid-edcc47c2-e936-4ba2-8e6c-8ca8cb2c2a05&#8243; toggle_icon=&raquo;&#x22;||divi||400&#8243; use_icon_font_size=&raquo;on&raquo; icon_font_size=&raquo;18px&raquo; open_icon_color=&raquo;gcid-edcc47c2-e936-4ba2-8e6c-8ca8cb2c2a05&#8243; open_toggle_icon=&raquo;&#x21;||divi||400&#8243; _builder_version=&raquo;4.21.0&#8243; _module_preset=&raquo;default&raquo; title_text_color=&raquo;gcid-edcc47c2-e936-4ba2-8e6c-8ca8cb2c2a05&#8243; title_font=&raquo;|600|||||||&raquo; body_text_color=&raquo;gcid-26e97d0d-b127-4ce1-b597-0df3fb01df24&#8243; body_link_text_color=&raquo;gcid-edcc47c2-e936-4ba2-8e6c-8ca8cb2c2a05&#8243; custom_padding=&raquo;35px||35px||false|false&raquo; border_width_all=&raquo;0px&raquo; locked=&raquo;off&raquo; global_colors_info=&raquo;{%22gcid-edcc47c2-e936-4ba2-8e6c-8ca8cb2c2a05%22:%91%22icon_color%22,%22open_toggle_text_color%22,%22title_text_color%22,%22body_link_text_color%22,%22open_icon_color%22%93,%22gcid-26e97d0d-b127-4ce1-b597-0df3fb01df24%22:%91%22body_text_color%22%93,%22gcid-9e2f3af2-1007-4221-b250-8e35d98c5991%22:%91%22open_toggle_background_color%22,%22closed_toggle_background_color%22%93}&raquo;]<\/p>\n<p><span data-contrast=\"none\">NFCFs fagr\u00e5d utlyser midler til fagutvikling <\/span><span data-contrast=\"none\">hvert \u00e5r <\/span><span data-contrast=\"none\">for helsepersonell som arbeider med cystisk fibrose (CF) og prim\u00e6r cilie dyskinesi (PCD).\u00a0<\/span><span data-ccp-props=\"{&quot;335559739&quot;:150}\">\u00a0<\/span><\/p>\n<p><span data-contrast=\"none\">Kr. 20.000,- er i \u00e5r bevilget fra styret i NFCF til fordeling.\u202f\u202f\u202f<\/span><span data-ccp-props=\"{&quot;335559739&quot;:150}\">\u00a0<\/span><\/p>\n<p><span data-contrast=\"none\">S\u00f8knaden skal inneholde:\u202f \u202f \u202f \u202f \u202f\u202f<\/span><span data-ccp-props=\"{&quot;335559739&quot;:150}\">\u00a0<\/span><\/p>\n<ul>\n<li data-leveltext=\"\uf0b7\" data-font=\"Symbol\" data-listid=\"1\" data-list-defn-props=\"{&quot;335552541&quot;:1,&quot;335559684&quot;:-2,&quot;335559685&quot;:720,&quot;335559991&quot;:360,&quot;469769226&quot;:&quot;Symbol&quot;,&quot;469769242&quot;:[8226],&quot;469777803&quot;:&quot;left&quot;,&quot;469777804&quot;:&quot;\uf0b7&quot;,&quot;469777815&quot;:&quot;multilevel&quot;}\" aria-setsize=\"-1\" data-aria-posinset=\"1\" data-aria-level=\"1\"><span data-contrast=\"none\">Navn p\u00e5 s\u00f8ker (person, faggruppe)<\/span><span data-ccp-props=\"{&quot;134233117&quot;:true,&quot;134233118&quot;:true}\">\u00a0<\/span><\/li>\n<li data-leveltext=\"\uf0b7\" data-font=\"Symbol\" data-listid=\"1\" data-list-defn-props=\"{&quot;335552541&quot;:1,&quot;335559684&quot;:-2,&quot;335559685&quot;:720,&quot;335559991&quot;:360,&quot;469769226&quot;:&quot;Symbol&quot;,&quot;469769242&quot;:[8226],&quot;469777803&quot;:&quot;left&quot;,&quot;469777804&quot;:&quot;\uf0b7&quot;,&quot;469777815&quot;:&quot;multilevel&quot;}\" aria-setsize=\"-1\" data-aria-posinset=\"2\" data-aria-level=\"1\"><span data-contrast=\"none\">Tilknytning til omsorg for CF og PCD i Norge<\/span><span data-ccp-props=\"{&quot;134233117&quot;:true,&quot;134233118&quot;:true}\">\u00a0<\/span><\/li>\n<li data-leveltext=\"\uf0b7\" data-font=\"Symbol\" data-listid=\"1\" data-list-defn-props=\"{&quot;335552541&quot;:1,&quot;335559684&quot;:-2,&quot;335559685&quot;:720,&quot;335559991&quot;:360,&quot;469769226&quot;:&quot;Symbol&quot;,&quot;469769242&quot;:[8226],&quot;469777803&quot;:&quot;left&quot;,&quot;469777804&quot;:&quot;\uf0b7&quot;,&quot;469777815&quot;:&quot;multilevel&quot;}\" aria-setsize=\"-1\" data-aria-posinset=\"3\" data-aria-level=\"1\"><span data-contrast=\"none\">Form\u00e5l med beskrivelse av innhold, m\u00e5lgruppe og kostnader<\/span><span data-ccp-props=\"{&quot;134233117&quot;:true,&quot;134233118&quot;:true}\">\u00a0<\/span><\/li>\n<\/ul>\n<p><span data-contrast=\"none\">Ved tildeling av NFCF fagr\u00e5dsmidler kreves det innsending av rapport med informasjon om hva pengene ble brukt til innen \u00e5rets utgang.<\/span><span data-ccp-props=\"{&quot;335559739&quot;:150}\">\u00a0<\/span><\/p>\n<p>[\/et_pb_toggle][\/et_pb_column][\/et_pb_row][et_pb_row _builder_version=&raquo;4.21.0&#8243; _module_preset=&raquo;default&raquo; global_colors_info=&raquo;{}&raquo;][et_pb_column type=&raquo;4_4&#8243; _builder_version=&raquo;4.21.0&#8243; _module_preset=&raquo;default&raquo; global_colors_info=&raquo;{}&raquo;][et_pb_image src=&raquo;https:\/\/cfnorge.bwod.dev\/wp-content\/uploads\/2023\/10\/CF-Norge-To-venninner-istock.jpg&raquo; title_text=&raquo;CF-Norge-To-venninner-istock&raquo; _builder_version=&raquo;4.21.0&#8243; _module_preset=&raquo;default&raquo; global_colors_info=&raquo;{}&raquo;][\/et_pb_image][et_pb_toggle title=&raquo;CF-prisen&raquo; open_toggle_text_color=&raquo;gcid-26e97d0d-b127-4ce1-b597-0df3fb01df24&#8243; open_toggle_background_color=&raquo;RGBA(255,255,255,0)&raquo; closed_toggle_background_color=&raquo;gcid-edcc47c2-e936-4ba2-8e6c-8ca8cb2c2a05&#8243; icon_color=&raquo;gcid-def3f79a-900d-4425-86b8-efdc1c9633a6&#8243; toggle_icon=&raquo;&#x50;||divi||400&#8243; use_icon_font_size=&raquo;on&raquo; icon_font_size=&raquo;20px&raquo; open_icon_color=&raquo;gcid-edcc47c2-e936-4ba2-8e6c-8ca8cb2c2a05&#8243; open_toggle_icon=&raquo;&#x4f;||divi||400&#8243; open_use_icon_font_size=&raquo;on&raquo; open_icon_font_size=&raquo;20px&raquo; _builder_version=&raquo;4.21.0&#8243; _module_preset=&raquo;default&raquo; title_text_color=&raquo;#FFFFFF&raquo; title_font=&raquo;|600|||||||&raquo; title_font_size=&raquo;18px&raquo; body_text_color=&raquo;gcid-26e97d0d-b127-4ce1-b597-0df3fb01df24&#8243; body_link_text_color=&raquo;gcid-edcc47c2-e936-4ba2-8e6c-8ca8cb2c2a05&#8243; custom_margin=&raquo;10px||10px||false|false&raquo; custom_padding=&raquo;||||false|false&raquo; border_width_all=&raquo;0px&raquo; locked=&raquo;off&raquo; global_colors_info=&raquo;{%22gcid-def3f79a-900d-4425-86b8-efdc1c9633a6%22:%91%22icon_color%22%93,%22gcid-26e97d0d-b127-4ce1-b597-0df3fb01df24%22:%91%22open_toggle_text_color%22,%22body_text_color%22%93,%22gcid-edcc47c2-e936-4ba2-8e6c-8ca8cb2c2a05%22:%91%22open_icon_color%22,%22closed_toggle_background_color%22,%22body_link_text_color%22%93}&raquo;]<\/p>\n<p><span data-contrast=\"none\">CF-prisen deles ut til en person som har gjort ekstraordin\u00e6r innsats for CF; utover det som anses som forventede arbeidsoppgaver. Prisen deles ut i tilknytning til foreningens \u00e5rsm\u00f8te og er \u00e5pen for alle. Det betyr at\u202fCF-prisen kan deles ut til helsepersonell, til en som har CF eller andre som har gjort en spesiell innsats for CF. Se oversikt over tidligere mottagere.<\/span><span data-ccp-props=\"{&quot;335559739&quot;:150}\">\u00a0<\/span><\/p>\n<p><span data-contrast=\"none\">Medlemmer i NFCF inviteres hvert \u00e5r til \u00e5 foresl\u00e5 kandidater til CF-prisen. I forbindelse med NFCFs 40-\u00e5rsjubileum i 2016, ble det delt ut tre separate CF-priser, kalt CF-jubileumsprise.<\/span><span data-ccp-props=\"{&quot;335559739&quot;:150}\">\u00a0<\/span><\/p>\n<p><span style=\"color: #050267;\"><b>Statutter:<\/b>\u00a0<\/span><\/p>\n<ol>\n<li><span data-contrast=\"none\"> Prisen deles ut etter nominasjon til en person som har gjort en ekstraordin\u00e6r innsats for CF.<\/span><span><br \/><\/span><span data-contrast=\"none\">2. Det dannes en jury. Juryen best\u00e5r av 2 personer fra NFCF.<\/span><span><br \/><\/span><span data-contrast=\"none\">3. CF-prisen kan deles ut hvert \u00e5r, s\u00e5 sant juryen har verdige kandidater.<\/span><span><br \/><\/span><span data-contrast=\"none\">4. Juryen har rett til \u00e5 kontrollere at innholdet i de innkomne nominasjoner er korrekt. Juryens avgj\u00f8relse er endelig og kan ikke p\u00e5klages.<\/span><span><br \/><\/span><span data-contrast=\"none\">5. Prisutdeligen legges til NFCF&#8217;s \u00e5rsm\u00f8te.<\/span><span><br \/><\/span><span data-contrast=\"none\">6. For nominerte under 18 \u00e5r skal nominasjonen ogs\u00e5 godkjennes av foreldre eller foresatte. Forslagsstiller m\u00e5 innhente slik godkjenning og opplyse om dette i sitt forslag.<\/span><span data-ccp-props=\"{&quot;335559739&quot;:150}\">\u00a0<\/span><\/li>\n<\/ol>\n<p><span data-contrast=\"none\">CF-prisen har i mange \u00e5r v\u00e6rt p\u00e5 kr. 10.000,-, men ble i 2022 \u00f8kt til kr. 15.00,-<\/span><\/p>\n<p><span data-contrast=\"none\">Frist for nominering av kandidater til CF-prisen er vanligvis i mars. Kunnngj\u00f8ring og nominasjonsformular med nominasjonsfrist blir sendt ut i forbindelse med invitasjon til\u202f\u00e5rsm\u00f8te, som vanligvis sendes ut i m\u00e5nedsskiftet januar\/februar.\u00a0<\/span><span data-ccp-props=\"{&quot;335559739&quot;:150}\">\u00a0<\/span><\/p>\n<p><span data-contrast=\"none\">\u202f<\/span><\/p>\n<p><span style=\"color: #050267;\"><b>Vi gratulerer v\u00e5re CF-prismottagere<\/b><b>:<\/b>\u00a0<\/span><\/p>\n<p><span data-contrast=\"auto\">2019: CF-prisen til\u202fKetil Mevold, overlege ved Nordlandssykehuset, mange\u00e5rig medlem i NFCFs fagr\u00e5d og kasserer i Forskningsfondet for cystisk fibrose.\u202f<\/span><span data-ccp-props=\"{&quot;335559739&quot;:150}\">\u00a0<\/span><\/p>\n<p><span data-contrast=\"auto\">2018: CF-prisen til\u202fKristin Kj\u00f8nn\u00f8y Slettv\u00e5g, tidligere medlem i NFCFs ungdomsr\u00e5d, tidligere styremedlem i Unge funksjonshemmede, sentral bidragsyter til rapporten Sjelden kunnskap &#8211; sjelden organisering.<\/span><span data-ccp-props=\"{&quot;335559739&quot;:150}\">\u00a0<\/span><\/p>\n<p><span data-contrast=\"auto\">2016 \u202fCF-jubileumsprisen til\u202fP\u00e5l Finstad, seksjonsoverlege Voksen ved Norsk senter for cystisk fibrose, NSCF\u202f<\/span><span data-ccp-props=\"{&quot;335559739&quot;:150}\">\u00a0<\/span><\/p>\n<p><span data-contrast=\"auto\">2016 \u202fCF-jubileumsprisen til\u202fSandra Gursli, ledende fysioterapeut ved NSCF<\/span><span data-ccp-props=\"{&quot;335559739&quot;:150}\">\u00a0<\/span><\/p>\n<p><span data-contrast=\"auto\">2016 \u202fCF-jubileumsprisen til\u202fBj\u00f8rn Skrede, tidligere overlege ved NSCF voksen, n\u00e5 overlege ved Ous, lungeavd., Ullev\u00e5l<\/span><span data-ccp-props=\"{&quot;335559739&quot;:150}\">\u00a0<\/span><\/p>\n<p><span data-contrast=\"auto\">2015 \u202f\u202fH\u00e5rek Magne Hansen, \u00f8konomiansvarlig NFCF<\/span><span data-ccp-props=\"{&quot;335559739&quot;:150}\">\u00a0<\/span><\/p>\n<p><span data-contrast=\"auto\">2014 \u202f\u202fAnn Iren Kj\u00f8nn\u00f8y, leder NFCF, for sitt omfattende interessepolitiske arbeid<\/span><span data-ccp-props=\"{&quot;335559739&quot;:150}\">\u00a0<\/span><\/p>\n<p><span data-contrast=\"auto\">2013 \u202f\u202fIkke tildelt \u2013 ingen forslag<\/span><span data-ccp-props=\"{&quot;335559739&quot;:150}\">\u00a0<\/span><\/p>\n<p><span data-contrast=\"auto\">2012 \u202f\u202fHelge Michalsen, fagr\u00e5dsleder, norsk CF-omsorgs far<\/span><span data-ccp-props=\"{&quot;335559739&quot;:150}\">\u00a0<\/span><\/p>\n<p><span data-contrast=\"auto\">2011 \u202f\u202fSharon Gibsztein, nett og blad-utvikler, likeperson<\/span><span data-ccp-props=\"{&quot;335559739&quot;:150}\">\u00a0<\/span><\/p>\n<p><span data-contrast=\"auto\">2010 \u202f\u202fOlav-Trond Storr\u00f8sten, leder Norsk senter for cystisk fibrose<\/span><span data-ccp-props=\"{&quot;335559739&quot;:150}\">\u00a0<\/span><\/p>\n<p><span data-contrast=\"auto\">2009 \u202f\u202f\u202fPer Meland, tidligere leder NFCF<\/span><span data-ccp-props=\"{&quot;335559739&quot;:150}\">\u00a0<\/span><\/p>\n<p><span data-contrast=\"auto\">2008\u202f\u202f\u202f\u202f\u00c5shild Fitje\u202f-\u202fLikeperson, nestleder, Frambu<\/span><span data-ccp-props=\"{&quot;335559739&quot;:150}\">\u00a0<\/span><\/p>\n<p><span data-contrast=\"none\">2007\u202f\u202f\u202f\u202fTruls Zimmer -\u202fLikeperson, styreverv, organdonasjon<\/span><span data-ccp-props=\"{&quot;335559739&quot;:150}\">\u00a0<\/span><\/p>\n<p><span data-contrast=\"none\">2006\u202f\u202f\u202f\u202fIkke tildelt \u2013 ingen forslag<\/span><span data-ccp-props=\"{&quot;335559739&quot;:150}\">\u00a0<\/span><\/p>\n<p><span data-contrast=\"none\">2005\u202f\u202f\u202f\u202fKristin Holler -\u202fLeder, oppstart likemenn,\u202fbrukerrepr.<\/span><span data-ccp-props=\"{&quot;335559739&quot;:150}\">\u00a0<\/span><\/p>\n<p><span data-contrast=\"none\">2004\u202f\u202f\u202f\u202f\u00c5shild Nymo -\u202fLeder, likemann<\/span><span data-ccp-props=\"{&quot;335559739&quot;:150}\">\u00a0<\/span><\/p>\n<p><span data-contrast=\"none\">2003\u202f\u202f\u202f\u202fSykepleier Jorun Homme -\u202fNSCF Ullev\u00e5l sykehus<\/span><span data-ccp-props=\"{&quot;335559739&quot;:150}\">\u00a0<\/span><\/p>\n<p><span data-contrast=\"none\">2002\u202f\u202f\u202f\u202fOverlege Olav Alexandersen -\u202fBod\u00f8 Sykehus<\/span><span data-ccp-props=\"{&quot;335559739&quot;:150}\">\u00a0<\/span><\/p>\n<p><span data-contrast=\"none\">2001\u202f\u202f\u202f\u202fOverlege Sigurd B\u00f8rsting -\u202fInnherred Sykehus, Levanger<\/span><span data-ccp-props=\"{&quot;335559739&quot;:150}\">\u00a0<\/span><\/p>\n<p><span data-contrast=\"none\">2000\u202f\u202f\u202f\u202fSykepleier Ellen Hunstad -\u202fNSCF Ullev\u00e5l sykehus<\/span><span data-ccp-props=\"{&quot;335559739&quot;:150}\">\u00a0<\/span><\/p>\n<p><span data-contrast=\"none\">1999\u202f\u202f\u202f\u202fOverlege Ole Christen Haanes -\u202fAker Sykehus<\/span><span data-ccp-props=\"{&quot;335559739&quot;:150}\">\u00a0<\/span><\/p>\n<p><span data-contrast=\"none\">1998\u202f\u202f\u202f\u202fOverlege Gjermund Fluge -\u202fHaukeland Sykehus, Bergen<\/span><span data-ccp-props=\"{&quot;335559739&quot;:150}\">\u00a0<\/span><\/p>\n<p><span data-contrast=\"none\">1997\u202f\u202f\u202f\u202fKetil Moe -\u202fMosjonsorganisator p\u00e5 verdensbasis<\/span><span data-ccp-props=\"{&quot;335559739&quot;:150}\">\u00a0<\/span><\/p>\n<p><span data-contrast=\"none\">1996\u202f\u202f\u202f\u202fPer Espelid &#8211; Leder i NFCF<\/span><span data-ccp-props=\"{&quot;335559739&quot;:150}\">\u00a0<\/span><\/p>\n<p><span data-contrast=\"none\">1996\u202f\u202f\u202f\u202fOverlege Dag Skyberg -\u202fAust-Agder Sentralsjukehus,\u202fnorsk CF-omsorgs far<\/span><span data-ccp-props=\"{&quot;335559739&quot;:150}\">\u00a0<\/span><\/p>\n<p>[\/et_pb_toggle][\/et_pb_column][\/et_pb_row][\/et_pb_section][et_pb_section fb_built=&raquo;1&#8243; _builder_version=&raquo;4.21.0&#8243; _module_preset=&raquo;default&raquo; background_color=&raquo;gcid-edcc47c2-e936-4ba2-8e6c-8ca8cb2c2a05&#8243; custom_padding=&raquo;||0px||false|false&raquo; locked=&raquo;off&raquo; global_colors_info=&raquo;{%22gcid-edcc47c2-e936-4ba2-8e6c-8ca8cb2c2a05%22:%91%22background_color%22%93}&raquo;][et_pb_row column_structure=&raquo;1_2,1_2&#8243; use_custom_gutter=&raquo;on&raquo; gutter_width=&raquo;1&#8243; _builder_version=&raquo;4.21.0&#8243; _module_preset=&raquo;default&raquo; custom_padding=&raquo;||0px||false|false&raquo; global_colors_info=&raquo;{}&raquo;][et_pb_column type=&raquo;1_2&#8243; _builder_version=&raquo;4.21.0&#8243; _module_preset=&raquo;default&raquo; global_colors_info=&raquo;{}&raquo;][et_pb_image src=&raquo;https:\/\/cfnorge.bwod.dev\/wp-content\/uploads\/2023\/08\/Stott-oss-illustrasjon-CF-2-1.png&raquo; title_text=&raquo;St\u00f8tt-oss-illustrasjon-CF-2&#8243; _builder_version=&raquo;4.21.0&#8243; _module_preset=&raquo;default&raquo; width=&raquo;65%&raquo; module_alignment=&raquo;center&raquo; global_colors_info=&raquo;{}&raquo;][\/et_pb_image][\/et_pb_column][et_pb_column type=&raquo;1_2&#8243; _builder_version=&raquo;4.21.0&#8243; _module_preset=&raquo;default&raquo; global_colors_info=&raquo;{}&raquo;][et_pb_text _builder_version=&raquo;4.21.0&#8243; _module_preset=&raquo;default&raquo; header_text_color=&raquo;#FFFFFF&raquo; header_2_font=&raquo;Poppins|600|||||||&raquo; header_2_text_color=&raquo;#FFFFFF&raquo; header_2_font_size=&raquo;30px&raquo; header_3_font=&raquo;Poppins||||||||&raquo; header_3_text_color=&raquo;#FFFFFF&raquo; header_3_font_size=&raquo;20px&raquo; header_3_line_height=&raquo;1.5em&raquo; custom_margin=&raquo;74px||18px|||&raquo; global_colors_info=&raquo;{}&raquo;]<\/p>\n<h2>St\u00f8tt oss<\/h2>\n<h3>Vi er veldig glade for alle sm\u00e5<br \/>og store gaver til v\u00e5rt arbeid.<\/h3>\n<p>[\/et_pb_text][et_pb_button button_url=&raquo;@ET-DC@eyJkeW5hbWljIjp0cnVlLCJjb250ZW50IjoicG9zdF9saW5rX3VybF9wYWdlIiwic2V0dGluZ3MiOnsicG9zdF9pZCI6IjQ1NyJ9fQ==@&raquo; button_text=&raquo;LES HVORDAN HER&raquo; _builder_version=&raquo;4.21.0&#8243; _dynamic_attributes=&raquo;button_url&raquo; _module_preset=&raquo;default&raquo; custom_button=&raquo;on&raquo; button_text_size=&raquo;16px&raquo; button_text_color=&raquo;#FFFFFF&raquo; button_bg_color=&raquo;gcid-26e97d0d-b127-4ce1-b597-0df3fb01df24&#8243; button_border_width=&raquo;0px&raquo; button_border_radius=&raquo;100px&raquo; global_colors_info=&raquo;{%22gcid-26e97d0d-b127-4ce1-b597-0df3fb01df24%22:%91%22button_bg_color%22%93}&raquo;][\/et_pb_button][\/et_pb_column][\/et_pb_row][\/et_pb_section]<\/p>\n","protected":false},"excerpt":{"rendered":"<p>Vi i Norsk forening for cystisk fibrose \u00f8nsker alltid \u00e5 st\u00f8tte v\u00e5re medlemmer og setter ekstra stor pris p\u00e5 dem. Vi har satt opp trivselsfondet for at du som medlem i CF foreningen kan f\u00e5r en dr\u00f8m realisert. Vi gir fagr\u00e5dsmidler for faglig utvikling av helsepersonell som arbeider med CF eller PCF. V\u00e5re medlemmer betyr s\u00e5 mye for oss. Hvert \u00e5r gir vi ut CF-prisen til en av v\u00e5re fantastiske medlemmer so har gjort en stor innsats for CF. <\/p>","protected":false},"author":5,"featured_media":0,"parent":275,"menu_order":0,"comment_status":"closed","ping_status":"closed","template":"","meta":{"_et_pb_use_builder":"on","_et_pb_old_content":"","_et_gb_content_width":"","footnotes":""},"class_list":["post-959","page","type-page","status-publish","hentry"],"yoast_head":"<!-- This site is optimized with the Yoast SEO plugin v28.3 - https:\/\/yoast.com\/product\/yoast-seo-wordpress\/ -->\n<title>Tilskudd og priser | CF Norge<\/title>\n<meta name=\"description\" content=\"Vi setter pris p\u00e5 ekstraordin\u00e6r innsats og mennesker. P\u00e5 denne siden kan du lese mer om tilskudd vi tilbyr og priser vi gir ut.\" \/>\n<meta name=\"robots\" content=\"index, follow, max-snippet:-1, max-image-preview:large, max-video-preview:-1\" \/>\n<link rel=\"canonical\" href=\"https:\/\/www.cfnorge.no\/en\/om-oss\/tilskudd-og-priser\/\" \/>\n<meta property=\"og:locale\" content=\"en_GB\" \/>\n<meta property=\"og:type\" content=\"article\" \/>\n<meta property=\"og:title\" content=\"Tilskudd og priser | CF Norge\" \/>\n<meta property=\"og:description\" content=\"Vi setter pris p\u00e5 ekstraordin\u00e6r innsats og mennesker. P\u00e5 denne siden kan du lese mer om tilskudd vi tilbyr og priser vi gir ut.\" \/>\n<meta property=\"og:url\" content=\"https:\/\/www.cfnorge.no\/en\/om-oss\/tilskudd-og-priser\/\" \/>\n<meta property=\"og:site_name\" content=\"CF Norge\" \/>\n<meta property=\"article:modified_time\" content=\"2026-01-26T12:07:33+00:00\" \/>\n<meta name=\"twitter:card\" content=\"summary_large_image\" \/>\n<meta name=\"twitter:label1\" content=\"Estimated reading time\" \/>\n\t<meta name=\"twitter:data1\" content=\"5 minutes\" \/>\n<script type=\"application\/ld+json\" class=\"yoast-schema-graph\">{\"@context\":\"https:\\\/\\\/schema.org\",\"@graph\":[{\"@type\":\"WebPage\",\"@id\":\"https:\\\/\\\/www.cfnorge.no\\\/om-oss\\\/tilskudd-og-priser\\\/\",\"url\":\"https:\\\/\\\/www.cfnorge.no\\\/om-oss\\\/tilskudd-og-priser\\\/\",\"name\":\"Tilskudd og priser | CF Norge\",\"isPartOf\":{\"@id\":\"https:\\\/\\\/www.cfnorge.no\\\/#website\"},\"datePublished\":\"2024-06-21T12:36:04+00:00\",\"dateModified\":\"2026-01-26T12:07:33+00:00\",\"description\":\"Vi setter pris p\u00e5 ekstraordin\u00e6r innsats og mennesker. P\u00e5 denne siden kan du lese mer om tilskudd vi tilbyr og priser vi gir ut.\",\"breadcrumb\":{\"@id\":\"https:\\\/\\\/www.cfnorge.no\\\/om-oss\\\/tilskudd-og-priser\\\/#breadcrumb\"},\"inLanguage\":\"en-GB\",\"potentialAction\":[{\"@type\":\"ReadAction\",\"target\":[\"https:\\\/\\\/www.cfnorge.no\\\/om-oss\\\/tilskudd-og-priser\\\/\"]}]},{\"@type\":\"BreadcrumbList\",\"@id\":\"https:\\\/\\\/www.cfnorge.no\\\/om-oss\\\/tilskudd-og-priser\\\/#breadcrumb\",\"itemListElement\":[{\"@type\":\"ListItem\",\"position\":1,\"name\":\"Hjem\",\"item\":\"https:\\\/\\\/www.cfnorge.no\\\/\"},{\"@type\":\"ListItem\",\"position\":2,\"name\":\"Om oss\",\"item\":\"https:\\\/\\\/www.cfnorge.no\\\/om-oss\\\/\"},{\"@type\":\"ListItem\",\"position\":3,\"name\":\"Tilskudd og priser\"}]},{\"@type\":\"WebSite\",\"@id\":\"https:\\\/\\\/www.cfnorge.no\\\/#website\",\"url\":\"https:\\\/\\\/www.cfnorge.no\\\/\",\"name\":\"CF Norge\",\"description\":\"\",\"publisher\":{\"@id\":\"https:\\\/\\\/www.cfnorge.no\\\/#organization\"},\"potentialAction\":[{\"@type\":\"SearchAction\",\"target\":{\"@type\":\"EntryPoint\",\"urlTemplate\":\"https:\\\/\\\/www.cfnorge.no\\\/?s={search_term_string}\"},\"query-input\":{\"@type\":\"PropertyValueSpecification\",\"valueRequired\":true,\"valueName\":\"search_term_string\"}}],\"inLanguage\":\"en-GB\"},{\"@type\":\"Organization\",\"@id\":\"https:\\\/\\\/www.cfnorge.no\\\/#organization\",\"name\":\"CF Norge\",\"url\":\"https:\\\/\\\/www.cfnorge.no\\\/\",\"logo\":{\"@type\":\"ImageObject\",\"inLanguage\":\"en-GB\",\"@id\":\"https:\\\/\\\/www.cfnorge.no\\\/#\\\/schema\\\/logo\\\/image\\\/\",\"url\":\"https:\\\/\\\/www.cfnorge.no\\\/wp-content\\\/uploads\\\/2024\\\/06\\\/CF-Horisontal-logo-2.png\",\"contentUrl\":\"https:\\\/\\\/www.cfnorge.no\\\/wp-content\\\/uploads\\\/2024\\\/06\\\/CF-Horisontal-logo-2.png\",\"width\":12334,\"height\":3827,\"caption\":\"CF Norge\"},\"image\":{\"@id\":\"https:\\\/\\\/www.cfnorge.no\\\/#\\\/schema\\\/logo\\\/image\\\/\"}}]}<\/script>\n<!-- \/ Yoast SEO plugin. -->","yoast_head_json":{"title":"Tilskudd og priser | CF Norge","description":"Vi setter pris p\u00e5 ekstraordin\u00e6r innsats og mennesker. P\u00e5 denne siden kan du lese mer om tilskudd vi tilbyr og priser vi gir ut.","robots":{"index":"index","follow":"follow","max-snippet":"max-snippet:-1","max-image-preview":"max-image-preview:large","max-video-preview":"max-video-preview:-1"},"canonical":"https:\/\/www.cfnorge.no\/en\/om-oss\/tilskudd-og-priser\/","og_locale":"en_GB","og_type":"article","og_title":"Tilskudd og priser | CF Norge","og_description":"Vi setter pris p\u00e5 ekstraordin\u00e6r innsats og mennesker. P\u00e5 denne siden kan du lese mer om tilskudd vi tilbyr og priser vi gir ut.","og_url":"https:\/\/www.cfnorge.no\/en\/om-oss\/tilskudd-og-priser\/","og_site_name":"CF Norge","article_modified_time":"2026-01-26T12:07:33+00:00","twitter_card":"summary_large_image","twitter_misc":{"Estimated reading time":"5 minutes"},"schema":{"@context":"https:\/\/schema.org","@graph":[{"@type":"WebPage","@id":"https:\/\/www.cfnorge.no\/om-oss\/tilskudd-og-priser\/","url":"https:\/\/www.cfnorge.no\/om-oss\/tilskudd-og-priser\/","name":"Tilskudd og priser | CF Norge","isPartOf":{"@id":"https:\/\/www.cfnorge.no\/#website"},"datePublished":"2024-06-21T12:36:04+00:00","dateModified":"2026-01-26T12:07:33+00:00","description":"Vi setter pris p\u00e5 ekstraordin\u00e6r innsats og mennesker. P\u00e5 denne siden kan du lese mer om tilskudd vi tilbyr og priser vi gir ut.","breadcrumb":{"@id":"https:\/\/www.cfnorge.no\/om-oss\/tilskudd-og-priser\/#breadcrumb"},"inLanguage":"en-GB","potentialAction":[{"@type":"ReadAction","target":["https:\/\/www.cfnorge.no\/om-oss\/tilskudd-og-priser\/"]}]},{"@type":"BreadcrumbList","@id":"https:\/\/www.cfnorge.no\/om-oss\/tilskudd-og-priser\/#breadcrumb","itemListElement":[{"@type":"ListItem","position":1,"name":"Hjem","item":"https:\/\/www.cfnorge.no\/"},{"@type":"ListItem","position":2,"name":"Om oss","item":"https:\/\/www.cfnorge.no\/om-oss\/"},{"@type":"ListItem","position":3,"name":"Tilskudd og priser"}]},{"@type":"WebSite","@id":"https:\/\/www.cfnorge.no\/#website","url":"https:\/\/www.cfnorge.no\/","name":"CF Norge","description":"","publisher":{"@id":"https:\/\/www.cfnorge.no\/#organization"},"potentialAction":[{"@type":"SearchAction","target":{"@type":"EntryPoint","urlTemplate":"https:\/\/www.cfnorge.no\/?s={search_term_string}"},"query-input":{"@type":"PropertyValueSpecification","valueRequired":true,"valueName":"search_term_string"}}],"inLanguage":"en-GB"},{"@type":"Organization","@id":"https:\/\/www.cfnorge.no\/#organization","name":"CF Norge","url":"https:\/\/www.cfnorge.no\/","logo":{"@type":"ImageObject","inLanguage":"en-GB","@id":"https:\/\/www.cfnorge.no\/#\/schema\/logo\/image\/","url":"https:\/\/www.cfnorge.no\/wp-content\/uploads\/2024\/06\/CF-Horisontal-logo-2.png","contentUrl":"https:\/\/www.cfnorge.no\/wp-content\/uploads\/2024\/06\/CF-Horisontal-logo-2.png","width":12334,"height":3827,"caption":"CF Norge"},"image":{"@id":"https:\/\/www.cfnorge.no\/#\/schema\/logo\/image\/"}}]}},"_links":{"self":[{"href":"https:\/\/www.cfnorge.no\/en\/wp-json\/wp\/v2\/pages\/959","targetHints":{"allow":["GET"]}}],"collection":[{"href":"https:\/\/www.cfnorge.no\/en\/wp-json\/wp\/v2\/pages"}],"about":[{"href":"https:\/\/www.cfnorge.no\/en\/wp-json\/wp\/v2\/types\/page"}],"author":[{"embeddable":true,"href":"https:\/\/www.cfnorge.no\/en\/wp-json\/wp\/v2\/users\/5"}],"replies":[{"embeddable":true,"href":"https:\/\/www.cfnorge.no\/en\/wp-json\/wp\/v2\/comments?post=959"}],"version-history":[{"count":9,"href":"https:\/\/www.cfnorge.no\/en\/wp-json\/wp\/v2\/pages\/959\/revisions"}],"predecessor-version":[{"id":2684,"href":"https:\/\/www.cfnorge.no\/en\/wp-json\/wp\/v2\/pages\/959\/revisions\/2684"}],"up":[{"embeddable":true,"href":"https:\/\/www.cfnorge.no\/en\/wp-json\/wp\/v2\/pages\/275"}],"wp:attachment":[{"href":"https:\/\/www.cfnorge.no\/en\/wp-json\/wp\/v2\/media?parent=959"}],"curies":[{"name":"wp","href":"https:\/\/api.w.org\/{rel}","templated":true}]}}