{"id":513,"date":"2023-09-18T09:48:19","date_gmt":"2023-09-18T07:48:19","guid":{"rendered":"https:\/\/cfnorge.bwod.dev\/?page_id=513"},"modified":"2025-11-10T15:09:37","modified_gmt":"2025-11-10T14:09:37","slug":"behandlig-for-cf","status":"publish","type":"page","link":"https:\/\/www.cfnorge.no\/en\/cystisk-fibrose\/behandlig-for-cf\/","title":{"rendered":"Behandlig for CF"},"content":{"rendered":"<p>[et_pb_section fb_built=&raquo;1&#8243; next_background_color=&raquo;#ffffff&raquo; _builder_version=&raquo;4.21.0&#8243; _module_preset=&raquo;default&raquo; background_color=&raquo;gcid-9e2f3af2-1007-4221-b250-8e35d98c5991&#8243; top_divider_color=&raquo;gcid-26e97d0d-b127-4ce1-b597-0df3fb01df24&#8243; top_divider_height=&raquo;55px&raquo; top_divider_flip=&raquo;vertical&raquo; bottom_divider_style=&raquo;wave&raquo; locked=&raquo;off&raquo; global_colors_info=&raquo;{%22gcid-26e97d0d-b127-4ce1-b597-0df3fb01df24%22:%91%22top_divider_color%22%93,%22gcid-9e2f3af2-1007-4221-b250-8e35d98c5991%22:%91%22background_color%22%93}&raquo;][et_pb_row _builder_version=&raquo;4.21.0&#8243; _module_preset=&raquo;default&raquo; custom_padding=&raquo;11px||4px|||&raquo; locked=&raquo;off&raquo; global_colors_info=&raquo;{}&raquo;][et_pb_column type=&raquo;4_4&#8243; _builder_version=&raquo;4.21.0&#8243; _module_preset=&raquo;default&raquo; global_colors_info=&raquo;{}&raquo;][et_pb_text _builder_version=&raquo;4.21.0&#8243; _module_preset=&raquo;default&raquo; header_font=&raquo;Poppins|600|||||||&raquo; header_text_color=&raquo;gcid-26e97d0d-b127-4ce1-b597-0df3fb01df24&#8243; header_line_height=&raquo;1.4em&raquo; custom_margin=&raquo;0px||0px||false|false&raquo; custom_padding=&raquo;0px||0px||false|false&raquo; global_colors_info=&raquo;{%22gcid-26e97d0d-b127-4ce1-b597-0df3fb01df24%22:%91%22header_text_color%22%93}&raquo;]<\/p>\n<h1>Slik behandler man CF<\/h1>\n<p>[\/et_pb_text][\/et_pb_column][\/et_pb_row][et_pb_row _builder_version=&raquo;4.21.0&#8243; _module_preset=&raquo;default&raquo; custom_margin=&raquo;0px|auto|23px|auto|false|false&raquo; custom_padding=&raquo;0px||||false|false&raquo; locked=&raquo;off&raquo; global_colors_info=&raquo;{}&raquo;][et_pb_column type=&raquo;4_4&#8243; _builder_version=&raquo;4.21.0&#8243; _module_preset=&raquo;default&raquo; global_colors_info=&raquo;{}&raquo;][et_pb_text _builder_version=&raquo;4.21.0&#8243; _module_preset=&raquo;default&raquo; text_font=&raquo;Poppins|300|||||||&raquo; text_text_color=&raquo;gcid-26e97d0d-b127-4ce1-b597-0df3fb01df24&#8243; text_font_size=&raquo;16px&raquo; text_line_height=&raquo;1.8em&raquo; global_colors_info=&raquo;{%22gcid-26e97d0d-b127-4ce1-b597-0df3fb01df24%22:%91%22text_text_color%22%93}&raquo;]<\/p>\n<p>Cystisk fibrose er en multiorgansykdom som krever omfattende tverrfaglig behandling gitt av CF-kompetent helsepersonell. Behandlingen er tidkrevende for b\u00e5de pasienten og pasientens familie.<\/p>\n<p>Behandlingsregimet omfatter hjemmebehandling flere ganger daglig med inhalasjon av ulike sliml\u00f8sende medikamenter, etterfulgt av lungefysioterapi for \u00e5 f\u00e5 slimet opp fra lungene.<\/p>\n<p>[\/et_pb_text][\/et_pb_column][\/et_pb_row][\/et_pb_section][et_pb_section fb_built=&raquo;1&#8243; _builder_version=&raquo;4.21.0&#8243; _module_preset=&raquo;default&raquo; custom_padding=&raquo;0px||10px|||&raquo; global_colors_info=&raquo;{}&raquo;][et_pb_row _builder_version=&raquo;4.21.0&#8243; _module_preset=&raquo;default&raquo; custom_padding=&raquo;50px|||||&raquo; global_colors_info=&raquo;{}&raquo;][et_pb_column type=&raquo;4_4&#8243; _builder_version=&raquo;4.21.0&#8243; _module_preset=&raquo;default&raquo; global_colors_info=&raquo;{}&raquo;][et_pb_text quote_border_color=&raquo;gcid-edcc47c2-e936-4ba2-8e6c-8ca8cb2c2a05&#8243; _builder_version=&raquo;4.21.0&#8243; _module_preset=&raquo;default&raquo; text_font=&raquo;Poppins|300|||||||&raquo; text_text_color=&raquo;gcid-26e97d0d-b127-4ce1-b597-0df3fb01df24&#8243; text_font_size=&raquo;16px&raquo; text_line_height=&raquo;1.8em&raquo; link_font=&raquo;Poppins|500|||||||&raquo; link_text_color=&raquo;gcid-edcc47c2-e936-4ba2-8e6c-8ca8cb2c2a05&#8243; custom_margin=&raquo;||||false|false&raquo; locked=&raquo;off&raquo; global_colors_info=&raquo;{%22gcid-26e97d0d-b127-4ce1-b597-0df3fb01df24%22:%91%22text_text_color%22%93,%22gcid-edcc47c2-e936-4ba2-8e6c-8ca8cb2c2a05%22:%91%22quote_border_color%22,%22link_text_color%22%93}&raquo;]<\/p>\n<p>For noen vil inhalasjon av antibiotika og intraven\u00f8s antibiotikabehandling v\u00e6re n\u00f8dvendig i perioder. Med oppl\u00e6ring av sykepleier og lege, kan dette gj\u00f8res hjemme av pasienten selv eller p\u00e5r\u00f8rende &#8211; alternativt p\u00e5 sykehus.<br \/>Det kan ogs\u00e5 v\u00e6re n\u00f8dvendig med tiltak som n\u00e6ringsdrikker og sondemat for \u00e5 opprettholde god ern\u00e6ringsstatus hos barn og voksne med CF.<\/p>\n<p>God og omfattende tverrfaglig oppf\u00f8lging har de senere \u00e5r gitt gode resultater med hensyn til symptombyrde og levealder. N\u00e5 som Kaftrio\/Kalydeco er godkjent i Norge, blir livet med CF litt enklere for mange.<\/p>\n<p>[\/et_pb_text][et_pb_image src=&raquo;https:\/\/cfnorge.bwod.dev\/wp-content\/uploads\/2024\/07\/fakta-om-CF-Artikkel-Header.jpg&raquo; title_text=&raquo;fakta-om-CF-Artikkel-Header&raquo; _builder_version=&raquo;4.21.0&#8243; _module_preset=&raquo;default&raquo; global_colors_info=&raquo;{}&raquo;][\/et_pb_image][et_pb_text quote_border_color=&raquo;gcid-edcc47c2-e936-4ba2-8e6c-8ca8cb2c2a05&#8243; _builder_version=&raquo;4.21.0&#8243; _module_preset=&raquo;default&raquo; text_font=&raquo;Poppins|300|||||||&raquo; text_text_color=&raquo;gcid-26e97d0d-b127-4ce1-b597-0df3fb01df24&#8243; text_font_size=&raquo;16px&raquo; text_line_height=&raquo;1.8em&raquo; link_font=&raquo;Poppins|500|||||||&raquo; link_text_color=&raquo;gcid-edcc47c2-e936-4ba2-8e6c-8ca8cb2c2a05&#8243; custom_margin=&raquo;||||false|false&raquo; locked=&raquo;off&raquo; global_colors_info=&raquo;{%22gcid-26e97d0d-b127-4ce1-b597-0df3fb01df24%22:%91%22text_text_color%22%93,%22gcid-edcc47c2-e936-4ba2-8e6c-8ca8cb2c2a05%22:%91%22quote_border_color%22,%22link_text_color%22%93}&raquo;]<\/p>\n<h3 style=\"text-align: left;\"><span style=\"color: #050267;\"><b>Oppf\u00f8lging<\/b>\u00a0<\/span><\/h3>\n<p style=\"text-align: left;\">God og omfattende tverrfaglig oppf\u00f8lging har de senere \u00e5r gitt gode resultater med hensyn til symptombyrde og levealder. Fordi CF er en progredierende og omfattende sykdom, er det sv\u00e6rt viktig med god oppf\u00f8lging for \u00e5 bremse og forhindre negativ sykdomsutvikling. Slik oppf\u00f8lging m\u00e5 gis av <a href=\"https:\/\/www.oslo-universitetssykehus.no\/fag-og-forskning\/nasjonale-og-regionale-tjenester\/norsk-senter-for-cystisk-fibrose\">CF-kompetent helsepersonell.<\/a><\/p>\n<p style=\"text-align: left;\">Sentrale elementer i behandling av CF er lungefysioterapi\/lungedrenasje, godt smittevern og aggressiv antibiotikabehandling av luftveisinfeksjoner, ford\u00f8yelsesenzymer og adekvat ern\u00e6ring. For noen med langt-kommet sykdom, kan lungetransplantasjon v\u00e6re siste utvei.<\/p>\n<p style=\"text-align: left;\">De siste \u00e5rene har det v\u00e6rt en rivende utvikling av nye medisiner som kan behandle den underliggende proteinfeilen som skaper cystisk fibrose, som feks Kaftrio\/Kalydeco. Slik behandling kalles presisjonsmedisiner eller persontilpasset medisin. Hos CF-pasienter med genmutasjonen F508del, som har v\u00e6rt behandlet med Kaftrio\/Kalydeco, har det v\u00e6rt observert bedring av lungefunksjon, reduksjon av \u00e5rlige forverringer og en signifikant forbedret livskvalitet<\/p>\n<p style=\"text-align: left;\">[\/et_pb_text][et_pb_divider color=&raquo;gcid-26e97d0d-b127-4ce1-b597-0df3fb01df24&#8243; _builder_version=&raquo;4.21.0&#8243; _module_preset=&raquo;default&raquo; global_colors_info=&raquo;{%22gcid-26e97d0d-b127-4ce1-b597-0df3fb01df24%22:%91%22color%22%93}&raquo;][\/et_pb_divider][et_pb_text _builder_version=&raquo;4.21.0&#8243; _module_preset=&raquo;default&raquo; header_font=&raquo;Poppins|600|||||||&raquo; header_text_color=&raquo;gcid-26e97d0d-b127-4ce1-b597-0df3fb01df24&#8243; header_3_font=&raquo;|700|||||||&raquo; header_3_text_color=&raquo;gcid-26e97d0d-b127-4ce1-b597-0df3fb01df24&#8243; header_3_line_height=&raquo;1.4em&raquo; max_width=&raquo;800px&raquo; module_alignment=&raquo;center&raquo; custom_margin=&raquo;0px||0px||false|false&raquo; custom_padding=&raquo;0px||21px||false|false&raquo; global_colors_info=&raquo;{%22gcid-26e97d0d-b127-4ce1-b597-0df3fb01df24%22:%91%22header_text_color%22,%22header_3_text_color%22%93}&raquo;]<\/p>\n<h3 style=\"text-align: center;\">V\u00e5rt fagr\u00e5dsmeldem Tonje, svarer p\u00e5 sp\u00f8rsm\u00e5l relatert til lungefysioterapi og CF i denne podcasten<\/h3>\n<p>[\/et_pb_text][et_pb_code _builder_version=&raquo;4.21.0&#8243; _module_preset=&raquo;default&raquo; text_orientation=&raquo;center&raquo; module_alignment=&raquo;center&raquo; custom_margin=&raquo;||47px|||&raquo; global_colors_info=&raquo;{}&raquo;]<iframe allow=\"autoplay *; encrypted-media *; fullscreen *; clipboard-write\" frameborder=\"0\" height=\"175\" style=\"width:100%;max-width:660px;overflow:hidden;border-radius:10px;\" sandbox=\"allow-forms allow-popups allow-same-origin allow-scripts allow-storage-access-by-user-activation allow-top-navigation-by-user-activation\" src=\"https:\/\/embed.podcasts.apple.com\/no\/podcast\/lungefysioterapi-tonje-kl%C3%A6tte\/id1465943685?i=1000440071497\"><\/iframe>[\/et_pb_code][et_pb_divider color=&raquo;gcid-26e97d0d-b127-4ce1-b597-0df3fb01df24&#8243; _builder_version=&raquo;4.21.0&#8243; _module_preset=&raquo;default&raquo; global_colors_info=&raquo;{%22gcid-26e97d0d-b127-4ce1-b597-0df3fb01df24%22:%91%22color%22%93}&raquo;][\/et_pb_divider][et_pb_toggle title=&raquo;\u00c5rsaksbehandling for cystisk fibrose&raquo; open=&raquo;on&raquo; open_toggle_text_color=&raquo;gcid-edcc47c2-e936-4ba2-8e6c-8ca8cb2c2a05&#8243; open_toggle_background_color=&raquo;gcid-9e2f3af2-1007-4221-b250-8e35d98c5991&#8243; closed_toggle_background_color=&raquo;gcid-9e2f3af2-1007-4221-b250-8e35d98c5991&#8243; icon_color=&raquo;gcid-edcc47c2-e936-4ba2-8e6c-8ca8cb2c2a05&#8243; use_icon_font_size=&raquo;on&raquo; icon_font_size=&raquo;18px&raquo; open_icon_color=&raquo;gcid-edcc47c2-e936-4ba2-8e6c-8ca8cb2c2a05&#8243; open_toggle_icon=&raquo;&#x21;||divi||400&#8243; _builder_version=&raquo;4.21.0&#8243; _module_preset=&raquo;default&raquo; title_text_color=&raquo;gcid-edcc47c2-e936-4ba2-8e6c-8ca8cb2c2a05&#8243; title_font=&raquo;|600|||||||&raquo; title_line_height=&raquo;1.4em&raquo; body_text_color=&raquo;gcid-26e97d0d-b127-4ce1-b597-0df3fb01df24&#8243; body_link_text_color=&raquo;gcid-edcc47c2-e936-4ba2-8e6c-8ca8cb2c2a05&#8243; width=&raquo;100%&raquo; custom_margin=&raquo;16px|||||&raquo; custom_padding=&raquo;35px||35px||false|false&raquo; hover_transition_duration=&raquo;550ms&raquo; border_width_all=&raquo;0px&raquo; border_style_all=&raquo;groove&raquo; box_shadow_style=&raquo;preset2&#8243; locked=&raquo;off&raquo; global_colors_info=&raquo;{%22gcid-edcc47c2-e936-4ba2-8e6c-8ca8cb2c2a05%22:%91%22icon_color%22,%22open_toggle_text_color%22,%22title_text_color%22,%22body_link_text_color%22,%22open_icon_color%22%93,%22gcid-26e97d0d-b127-4ce1-b597-0df3fb01df24%22:%91%22body_text_color%22%93,%22gcid-9e2f3af2-1007-4221-b250-8e35d98c5991%22:%91%22open_toggle_background_color%22,%22closed_toggle_background_color%22%93}&raquo;]Utvikling innen genetisk forskning har bidratt til nye legemidler rettet mot \u00e5rsaken til CF-sykdom for stadig flere CF-genvarianter. Denne type medisiner kalles ofte persontilpasset medisin. Variantene av slik medisin som er i bruk i Norge i dag er medisiner som p\u00e5virker feilen i CFTR-proteinet, s\u00e5kalte CFTR-modulatorer, disse er \u00e5rsaksbehandlende medisiner som ogs\u00e5 kalles presisjonsmedisiner. Man har per i dag effektiv \u00e5rsakskorrigerende behandling for ca 85 prosent av den norske CF-befolkningen. Flere ulike legemidler og metoder som p\u00e5 en eller annen m\u00e5te kan behandle \u00e5rsaken til cystisk fibrose, er under utvikling.[\/et_pb_toggle][et_pb_button button_url=&raquo;@ET-DC@eyJkeW5hbWljIjp0cnVlLCJjb250ZW50IjoicG9zdF9saW5rX3VybF9wYWdlIiwic2V0dGluZ3MiOnsicG9zdF9pZCI6IjQzNiJ9fQ==@&raquo; button_text=&raquo;Les mer om Kaftrio her&raquo; _builder_version=&raquo;4.21.0&#8243; _dynamic_attributes=&raquo;button_url&raquo; _module_preset=&raquo;default&raquo; custom_button=&raquo;on&raquo; button_text_size=&raquo;16px&raquo; button_text_color=&raquo;#FFFFFF&raquo; button_bg_color=&raquo;gcid-edcc47c2-e936-4ba2-8e6c-8ca8cb2c2a05&#8243; button_border_width=&raquo;0px&raquo; button_border_radius=&raquo;17px&raquo; global_colors_info=&raquo;{%22gcid-edcc47c2-e936-4ba2-8e6c-8ca8cb2c2a05%22:%91%22button_bg_color%22%93}&raquo;][\/et_pb_button][et_pb_image src=&raquo;https:\/\/cfnorge.bwod.dev\/wp-content\/uploads\/2023\/10\/CF-Norge-felleskap-istock2.jpg&raquo; title_text=&raquo;CF-Norge-felleskap-istock2&#8243; _builder_version=&raquo;4.21.0&#8243; _module_preset=&raquo;default&raquo; custom_margin=&raquo;4px|||||&raquo; global_colors_info=&raquo;{}&raquo;][\/et_pb_image][et_pb_text _builder_version=&raquo;4.21.0&#8243; _module_preset=&raquo;default&raquo; header_font=&raquo;Poppins|600|||||||&raquo; header_text_color=&raquo;gcid-26e97d0d-b127-4ce1-b597-0df3fb01df24&#8243; header_3_line_height=&raquo;1.4em&raquo; custom_margin=&raquo;0px||0px||false|false&raquo; custom_padding=&raquo;0px||0px||false|false&raquo; global_colors_info=&raquo;{%22gcid-26e97d0d-b127-4ce1-b597-0df3fb01df24%22:%91%22header_text_color%22%93}&raquo;]<\/p>\n<h3><span style=\"color: #050267;\"><b>Levealder og fremtidsutsikter\u00a0<\/b><\/span><\/h3>\n<p>[\/et_pb_text][et_pb_text quote_border_color=&raquo;gcid-edcc47c2-e936-4ba2-8e6c-8ca8cb2c2a05&#8243; _builder_version=&raquo;4.21.0&#8243; _module_preset=&raquo;default&raquo; text_font=&raquo;Poppins|300|||||||&raquo; text_text_color=&raquo;gcid-26e97d0d-b127-4ce1-b597-0df3fb01df24&#8243; text_font_size=&raquo;16px&raquo; text_line_height=&raquo;1.8em&raquo; link_font=&raquo;Poppins|500|||||||&raquo; link_text_color=&raquo;gcid-edcc47c2-e936-4ba2-8e6c-8ca8cb2c2a05&#8243; custom_margin=&raquo;||||false|false&raquo; locked=&raquo;off&raquo; global_colors_info=&raquo;{%22gcid-26e97d0d-b127-4ce1-b597-0df3fb01df24%22:%91%22text_text_color%22%93,%22gcid-edcc47c2-e936-4ba2-8e6c-8ca8cb2c2a05%22:%91%22quote_border_color%22,%22link_text_color%22%93}&raquo;]<\/p>\n<p style=\"text-align: left;\">Den gjennomsnittlige levealder for mennesker med CF har \u00f8kt betraktelig de siste 20 \u00e5rene, og barn med CF som f\u00f8des i dag forventes i dag \u00e5 leve hele liv og kunne bli besteforeldre. Denne positive utviklingen kan vi takke forskning og helhetlige behandlingsopplegg for.<\/p>\n<p style=\"text-align: left;\">I dag er det fokus p\u00e5 utdanning og yrkesvalg, yrkesaktivitet, samliv og familie og \u00e5 kunne f\u00e5 egne barn.<\/p>\n<p style=\"text-align: left;\">En stor andel av v\u00e5re voksne med CF har egne barn. Det er dog viktig \u00e5 planlegge egne barn tidlig og n\u00f8ye sammen med helseteamet. Den positive utviklingen i overlevelse og levealder skyldes omfattende forskning for kvalitetsforbedring av CF-omsorg og sterkt fokus p\u00e5 tverrfaglige og helhetlige hjelpetiltak i et livsl\u00f8psperspektiv, hvor daglig og tilpasset behandling er sentral.<\/p>\n<p style=\"text-align: left;\"><strong><\/strong><\/p>\n<p style=\"text-align: left;\"><strong>Individuelle variasjoner<br \/><\/strong>Det er viktig \u00e5 v\u00e6re klar over at CF har individuelle variasjoner av symptomer og sykdomsutvikling gjennom livsl\u00f8pet. Behandlingen er symptomatisk og tilpasses den enkeltes behov. Noen har sv\u00e6rt f\u00e5 symptomer og merker lite i hverdagen, mens andre igjen kan f\u00e5 store konsekvenser av sykdommen.<\/p>\n<p>[\/et_pb_text][\/et_pb_column][\/et_pb_row][et_pb_row column_structure=&raquo;1_2,1_2&#8243; use_custom_gutter=&raquo;on&raquo; gutter_width=&raquo;2&#8243; _builder_version=&raquo;4.21.0&#8243; _module_preset=&raquo;default&raquo; custom_margin=&raquo;|auto|58px|auto||&raquo; locked=&raquo;off&raquo; global_colors_info=&raquo;{}&raquo;][et_pb_column type=&raquo;1_2&#8243; _builder_version=&raquo;4.21.0&#8243; _module_preset=&raquo;default&raquo; global_colors_info=&raquo;{}&raquo;][et_pb_toggle title=&raquo;Spesialisert og tverrfaglig behandlingstilbud&raquo; open_toggle_text_color=&raquo;gcid-edcc47c2-e936-4ba2-8e6c-8ca8cb2c2a05&#8243; open_toggle_background_color=&raquo;gcid-9e2f3af2-1007-4221-b250-8e35d98c5991&#8243; closed_toggle_background_color=&raquo;gcid-9e2f3af2-1007-4221-b250-8e35d98c5991&#8243; icon_color=&raquo;gcid-edcc47c2-e936-4ba2-8e6c-8ca8cb2c2a05&#8243; use_icon_font_size=&raquo;on&raquo; icon_font_size=&raquo;18px&raquo; open_icon_color=&raquo;gcid-edcc47c2-e936-4ba2-8e6c-8ca8cb2c2a05&#8243; open_toggle_icon=&raquo;&#x21;||divi||400&#8243; _builder_version=&raquo;4.21.0&#8243; _module_preset=&raquo;default&raquo; title_text_color=&raquo;gcid-edcc47c2-e936-4ba2-8e6c-8ca8cb2c2a05&#8243; title_font=&raquo;|600|||||||&raquo; title_line_height=&raquo;1.5em&raquo; body_text_color=&raquo;gcid-26e97d0d-b127-4ce1-b597-0df3fb01df24&#8243; body_link_text_color=&raquo;gcid-edcc47c2-e936-4ba2-8e6c-8ca8cb2c2a05&#8243; custom_padding=&raquo;||||false|false&raquo; border_width_all=&raquo;0px&raquo; locked=&raquo;off&raquo; global_colors_info=&raquo;{%22gcid-edcc47c2-e936-4ba2-8e6c-8ca8cb2c2a05%22:%91%22icon_color%22,%22open_toggle_text_color%22,%22title_text_color%22,%22body_link_text_color%22,%22open_icon_color%22%93,%22gcid-26e97d0d-b127-4ce1-b597-0df3fb01df24%22:%91%22body_text_color%22%93,%22gcid-9e2f3af2-1007-4221-b250-8e35d98c5991%22:%91%22closed_toggle_background_color%22,%22open_toggle_background_color%22%93}&raquo;]<\/p>\n<p>Det er viktig at personer med CF er til regelmessig kontroll hos tverrfaglig helsepersonell med kompetanse innen cystisk fibrose i spesialisthelsetjenesten.<\/p>\n<p><a href=\"https:\/\/www.oslo-universitetssykehus.no\/fag-og-forskning\/nasjonale-og-regionale-tjenester\/norsk-senter-for-cystisk-fibrose\"> Norsk senter for cystisk fibrose<\/a> (NSCF) p\u00e5 Oslo Universitetssykehus, Ullev\u00e5l, er det sentrale kompetansemilj\u00f8et for CF i Norge, og tar imot henvendelser fra b\u00e5de pasienter, p\u00e5r\u00f8rende og helsepersonell. NSCF tilbyr spesialisert og tverrfaglig behandlingstilbud for CF for b\u00e5de voksne og barn. Det er ogs\u00e5 NSCF som ivaretar og f\u00f8lger opp de som via nyf\u00f8dtscreeningen f\u00e5r beskjed om at babyen kan ha cystisk fibrose. Det er ogs\u00e5 NSCF som ivaretar og f\u00f8lger opp de som via nyf\u00f8dtscreeningen f\u00e5r beskjed om at babyen kan ha cystisk fibrose innnen helseregionene S\u00f8r-\u00d8st, Midt og Nord.\u00a0<\/p>\n<p>Haukeland Universitetssykehus har ansvar for \u00e5 f\u00f8lge opp babyer meldt fra nyf\u00f8dscreeningen innen helseregion Vest.\u00a0<\/p>\n<p>&nbsp;<\/p>\n<p>[\/et_pb_toggle][\/et_pb_column][et_pb_column type=&raquo;1_2&#8243; _builder_version=&raquo;4.21.0&#8243; _module_preset=&raquo;default&raquo; global_colors_info=&raquo;{}&raquo;][et_pb_toggle title=&raquo;V\u00e5re tilbud til individer og familier med cystisk fibrose&raquo; open_toggle_text_color=&raquo;gcid-edcc47c2-e936-4ba2-8e6c-8ca8cb2c2a05&#8243; open_toggle_background_color=&raquo;gcid-9e2f3af2-1007-4221-b250-8e35d98c5991&#8243; closed_toggle_background_color=&raquo;gcid-9e2f3af2-1007-4221-b250-8e35d98c5991&#8243; icon_color=&raquo;gcid-edcc47c2-e936-4ba2-8e6c-8ca8cb2c2a05&#8243; use_icon_font_size=&raquo;on&raquo; icon_font_size=&raquo;18px&raquo; open_icon_color=&raquo;gcid-edcc47c2-e936-4ba2-8e6c-8ca8cb2c2a05&#8243; open_toggle_icon=&raquo;&#x21;||divi||400&#8243; _builder_version=&raquo;4.21.0&#8243; _module_preset=&raquo;default&raquo; title_text_color=&raquo;gcid-edcc47c2-e936-4ba2-8e6c-8ca8cb2c2a05&#8243; title_font=&raquo;|600|||||||&raquo; title_line_height=&raquo;1.5em&raquo; body_text_color=&raquo;gcid-26e97d0d-b127-4ce1-b597-0df3fb01df24&#8243; body_link_text_color=&raquo;gcid-edcc47c2-e936-4ba2-8e6c-8ca8cb2c2a05&#8243; custom_padding=&raquo;||||false|false&raquo; border_width_all=&raquo;0px&raquo; locked=&raquo;off&raquo; global_colors_info=&raquo;{%22gcid-edcc47c2-e936-4ba2-8e6c-8ca8cb2c2a05%22:%91%22icon_color%22,%22open_toggle_text_color%22,%22title_text_color%22,%22body_link_text_color%22,%22open_icon_color%22%93,%22gcid-26e97d0d-b127-4ce1-b597-0df3fb01df24%22:%91%22body_text_color%22%93,%22gcid-9e2f3af2-1007-4221-b250-8e35d98c5991%22:%91%22open_toggle_background_color%22,%22closed_toggle_background_color%22%93}&raquo;]<\/p>\n<blockquote>\n<p>Vi i Norsk forening for cystisk fibrose (NFCF) er til for dere som har sykdommen og deres p\u00e5r\u00f8rende. Vi har tillitsvalgte og likemenn som st\u00e5r til tjeneste hvis du har sp\u00f8rsm\u00e5l eller trenger noen \u00e5 snakke med. V\u00e5re fire regionavdelinger har arrangementer over hele landet hvor man kan m\u00f8te likesinnede og utveksle erfaringer, f\u00e5 nye venner, f\u00e5 tilgang til forskningsnyheter om CF eller bare ha det hyggelig. Vi har ogs\u00e5 egne lukkede facebook grupper for familier og voksne, hvor du m\u00e5 f\u00e5 godkjent medlemsskap. Kontakt oss gjerne p\u00e5 <a href=\"https:\/\/www.facebook.com\/cfnorge\/?notif_id=1718585173361489&amp;notif_t=page_user_activity&amp;ref=notif\">facebook<\/a> eller via e-post: <a href=\"mailto:redaksjonen@nfcf.no\">redaksjonen@nfcf.no<\/a> om du har noeen sp\u00f8rsm\u00e5l!<\/p>\n<\/blockquote>\n<p>[\/et_pb_toggle][\/et_pb_column][\/et_pb_row][\/et_pb_section][et_pb_section fb_built=&raquo;1&#8243; disabled_on=&raquo;on|on|off&raquo; _builder_version=&raquo;4.21.0&#8243; _module_preset=&raquo;default&raquo; background_color=&raquo;gcid-edcc47c2-e936-4ba2-8e6c-8ca8cb2c2a05&#8243; custom_padding=&raquo;||0px||false|false&raquo; global_colors_info=&raquo;{%22gcid-edcc47c2-e936-4ba2-8e6c-8ca8cb2c2a05%22:%91%22background_color%22%93}&raquo;][et_pb_row column_structure=&raquo;1_2,1_2&#8243; use_custom_gutter=&raquo;on&raquo; gutter_width=&raquo;1&#8243; _builder_version=&raquo;4.21.0&#8243; _module_preset=&raquo;default&raquo; custom_padding=&raquo;||0px||false|false&raquo; global_colors_info=&raquo;{}&raquo;][et_pb_column type=&raquo;1_2&#8243; _builder_version=&raquo;4.21.0&#8243; _module_preset=&raquo;default&raquo; global_colors_info=&raquo;{}&raquo;][et_pb_image src=&raquo;https:\/\/cfnorge.bwod.dev\/wp-content\/uploads\/2023\/08\/Stott-oss-illustrasjon-CF-2-1.png&raquo; title_text=&raquo;St\u00f8tt-oss-illustrasjon-CF-2&#8243; _builder_version=&raquo;4.21.0&#8243; _module_preset=&raquo;default&raquo; width=&raquo;65%&raquo; module_alignment=&raquo;center&raquo; global_colors_info=&raquo;{}&raquo;][\/et_pb_image][\/et_pb_column][et_pb_column type=&raquo;1_2&#8243; _builder_version=&raquo;4.21.0&#8243; _module_preset=&raquo;default&raquo; global_colors_info=&raquo;{}&raquo;][et_pb_text _builder_version=&raquo;4.21.0&#8243; _module_preset=&raquo;default&raquo; header_text_color=&raquo;#FFFFFF&raquo; header_2_font=&raquo;Poppins|600|||||||&raquo; header_2_text_color=&raquo;#FFFFFF&raquo; header_2_font_size=&raquo;30px&raquo; header_3_font=&raquo;Poppins||||||||&raquo; header_3_text_color=&raquo;#FFFFFF&raquo; header_3_font_size=&raquo;20px&raquo; header_3_line_height=&raquo;1.5em&raquo; custom_margin=&raquo;74px||18px|||&raquo; global_colors_info=&raquo;{}&raquo;]<\/p>\n<h2>St\u00f8tt oss<\/h2>\n<h3>Vi er veldig glade for alle sm\u00e5<br \/>\nog store gaver til v\u00e5rt arbeid.<\/h3>\n<p>[\/et_pb_text][et_pb_button button_url=&raquo;@ET-DC@eyJkeW5hbWljIjp0cnVlLCJjb250ZW50IjoicG9zdF9saW5rX3VybF9wYWdlIiwic2V0dGluZ3MiOnsicG9zdF9pZCI6IjQ1NyJ9fQ==@&raquo; button_text=&raquo;LES HVORDAN HER&raquo; _builder_version=&raquo;4.21.0&#8243; _dynamic_attributes=&raquo;button_url&raquo; _module_preset=&raquo;default&raquo; custom_button=&raquo;on&raquo; button_text_size=&raquo;16px&raquo; button_text_color=&raquo;#FFFFFF&raquo; button_bg_color=&raquo;gcid-26e97d0d-b127-4ce1-b597-0df3fb01df24&#8243; button_border_width=&raquo;0px&raquo; button_border_radius=&raquo;100px&raquo; global_colors_info=&raquo;{%22gcid-26e97d0d-b127-4ce1-b597-0df3fb01df24%22:%91%22button_bg_color%22%93}&raquo;][\/et_pb_button][\/et_pb_column][\/et_pb_row][\/et_pb_section][et_pb_section fb_built=&raquo;1&#8243; disabled_on=&raquo;off|off|on&raquo; _builder_version=&raquo;4.21.0&#8243; _module_preset=&raquo;default&raquo; background_color=&raquo;gcid-edcc47c2-e936-4ba2-8e6c-8ca8cb2c2a05&#8243; custom_padding=&raquo;21px||0px||false|false&raquo; locked=&raquo;off&raquo; global_colors_info=&raquo;{%22gcid-edcc47c2-e936-4ba2-8e6c-8ca8cb2c2a05%22:%91%22background_color%22%93}&raquo;][et_pb_row _builder_version=&raquo;4.21.0&#8243; _module_preset=&raquo;default&raquo; custom_margin=&raquo;13px|auto|0px|auto|false|false&raquo; custom_padding=&raquo;7px||0px||false|false&raquo; global_colors_info=&raquo;{}&raquo;][et_pb_column type=&raquo;4_4&#8243; _builder_version=&raquo;4.21.0&#8243; _module_preset=&raquo;default&raquo; global_colors_info=&raquo;{}&raquo;][et_pb_text _builder_version=&raquo;4.21.0&#8243; _module_preset=&raquo;default&raquo; header_2_font=&raquo;Poppins|600|||||||&raquo; header_2_text_color=&raquo;#FFFFFF&raquo; header_2_font_size=&raquo;30px&raquo; header_3_font=&raquo;Poppins||||||||&raquo; header_3_text_color=&raquo;#FFFFFF&raquo; header_3_font_size=&raquo;20px&raquo; header_3_line_height=&raquo;1.5em&raquo; custom_margin=&raquo;26px|||||&raquo; global_colors_info=&raquo;{}&raquo;]<\/p>\n<h2>St\u00f8tt oss<\/h2>\n<h3>Vi er veldig glade for alle sm\u00e5<br \/>og store gaver til v\u00e5rt arbeid.<\/h3>\n<p>[\/et_pb_text][et_pb_button button_url=&raquo;@ET-DC@eyJkeW5hbWljIjp0cnVlLCJjb250ZW50IjoicG9zdF9saW5rX3VybF9wYWdlIiwic2V0dGluZ3MiOnsicG9zdF9pZCI6IjQ1NyJ9fQ==@&raquo; button_text=&raquo;LES HVORDAN HER&raquo; _builder_version=&raquo;4.21.0&#8243; _dynamic_attributes=&raquo;button_url&raquo; _module_preset=&raquo;default&raquo; custom_button=&raquo;on&raquo; button_text_size=&raquo;16px&raquo; button_text_color=&raquo;#FFFFFF&raquo; button_bg_color=&raquo;gcid-26e97d0d-b127-4ce1-b597-0df3fb01df24&#8243; button_border_width=&raquo;0px&raquo; button_border_radius=&raquo;100px&raquo; custom_margin=&raquo;||11px|||&raquo; global_colors_info=&raquo;{%22gcid-26e97d0d-b127-4ce1-b597-0df3fb01df24%22:%91%22button_bg_color%22%93}&raquo;][\/et_pb_button][et_pb_image src=&raquo;https:\/\/cfnorge.bwod.dev\/wp-content\/uploads\/2023\/08\/Stott-oss-illustrasjon-CF-2-1.png&raquo; title_text=&raquo;St\u00f8tt-oss-illustrasjon-CF-2&#8243; _builder_version=&raquo;4.21.0&#8243; _module_preset=&raquo;default&raquo; max_width=&raquo;64%&raquo; max_width_tablet=&raquo;50%&raquo; max_width_phone=&raquo;50%&raquo; max_width_last_edited=&raquo;on|tablet&raquo; module_alignment=&raquo;right&raquo; custom_margin_tablet=&raquo;-40px||||false|false&raquo; custom_margin_phone=&raquo;-40px||||false|false&raquo; custom_margin_last_edited=&raquo;on|tablet&raquo; global_colors_info=&raquo;{}&raquo;][\/et_pb_image][\/et_pb_column][\/et_pb_row][\/et_pb_section]<\/p>\n","protected":false},"excerpt":{"rendered":"<p>Cystisk fibrose (CF) er en multiorgansykdom, noe som krever omfattende tverrfaglig behandling gitt av CF-kompetent helsepersonell. Behandlingen er tidkrevende for b\u00e5de pasienten og pasientens familie. N\u00e5 som Kaftrio er godkjent i Norge, blir livet med CF litt enklere.  <\/p>","protected":false},"author":1,"featured_media":0,"parent":265,"menu_order":0,"comment_status":"closed","ping_status":"closed","template":"","meta":{"_et_pb_use_builder":"on","_et_pb_old_content":"","_et_gb_content_width":"","footnotes":""},"class_list":["post-513","page","type-page","status-publish","hentry"],"yoast_head":"<!-- This site is optimized with the Yoast SEO plugin v28.3 - https:\/\/yoast.com\/product\/yoast-seo-wordpress\/ -->\n<title>Behandlig for CF cystisk fibrose (CF) | CF Norge<\/title>\n<meta name=\"description\" content=\"CF er en multiorgansykdom, noe som krever omfattende tverrfaglig behandling gitt av CF-kompetent helsepersonell. Med kaftrio blir alt lettere\" \/>\n<meta name=\"robots\" content=\"index, follow, max-snippet:-1, max-image-preview:large, max-video-preview:-1\" \/>\n<link rel=\"canonical\" href=\"https:\/\/www.cfnorge.no\/en\/cystisk-fibrose\/behandlig-for-cf\/\" \/>\n<meta property=\"og:locale\" content=\"en_GB\" \/>\n<meta property=\"og:type\" content=\"article\" \/>\n<meta property=\"og:title\" content=\"Behandlig for CF cystisk fibrose (CF) | CF Norge\" \/>\n<meta property=\"og:description\" content=\"CF er en multiorgansykdom, noe som krever omfattende tverrfaglig behandling gitt av CF-kompetent helsepersonell. Med kaftrio blir alt lettere\" \/>\n<meta property=\"og:url\" content=\"https:\/\/www.cfnorge.no\/en\/cystisk-fibrose\/behandlig-for-cf\/\" \/>\n<meta property=\"og:site_name\" content=\"CF Norge\" \/>\n<meta property=\"article:modified_time\" content=\"2025-11-10T14:09:37+00:00\" \/>\n<meta name=\"twitter:card\" content=\"summary_large_image\" \/>\n<meta name=\"twitter:label1\" content=\"Estimated reading time\" \/>\n\t<meta name=\"twitter:data1\" content=\"5 minutes\" \/>\n<script type=\"application\/ld+json\" class=\"yoast-schema-graph\">{\"@context\":\"https:\\\/\\\/schema.org\",\"@graph\":[{\"@type\":\"WebPage\",\"@id\":\"https:\\\/\\\/www.cfnorge.no\\\/cystisk-fibrose\\\/behandlig-for-cf\\\/\",\"url\":\"https:\\\/\\\/www.cfnorge.no\\\/cystisk-fibrose\\\/behandlig-for-cf\\\/\",\"name\":\"Behandlig for CF cystisk fibrose (CF) | CF Norge\",\"isPartOf\":{\"@id\":\"https:\\\/\\\/www.cfnorge.no\\\/#website\"},\"datePublished\":\"2023-09-18T07:48:19+00:00\",\"dateModified\":\"2025-11-10T14:09:37+00:00\",\"description\":\"CF er en multiorgansykdom, noe som krever omfattende tverrfaglig behandling gitt av CF-kompetent helsepersonell. Med kaftrio blir alt lettere\",\"breadcrumb\":{\"@id\":\"https:\\\/\\\/www.cfnorge.no\\\/cystisk-fibrose\\\/behandlig-for-cf\\\/#breadcrumb\"},\"inLanguage\":\"en-GB\",\"potentialAction\":[{\"@type\":\"ReadAction\",\"target\":[\"https:\\\/\\\/www.cfnorge.no\\\/cystisk-fibrose\\\/behandlig-for-cf\\\/\"]}]},{\"@type\":\"BreadcrumbList\",\"@id\":\"https:\\\/\\\/www.cfnorge.no\\\/cystisk-fibrose\\\/behandlig-for-cf\\\/#breadcrumb\",\"itemListElement\":[{\"@type\":\"ListItem\",\"position\":1,\"name\":\"Hjem\",\"item\":\"https:\\\/\\\/www.cfnorge.no\\\/\"},{\"@type\":\"ListItem\",\"position\":2,\"name\":\"Cystisk fibrose\",\"item\":\"https:\\\/\\\/www.cfnorge.no\\\/cystisk-fibrose\\\/\"},{\"@type\":\"ListItem\",\"position\":3,\"name\":\"Behandlig for CF\"}]},{\"@type\":\"WebSite\",\"@id\":\"https:\\\/\\\/www.cfnorge.no\\\/#website\",\"url\":\"https:\\\/\\\/www.cfnorge.no\\\/\",\"name\":\"CF Norge\",\"description\":\"\",\"publisher\":{\"@id\":\"https:\\\/\\\/www.cfnorge.no\\\/#organization\"},\"potentialAction\":[{\"@type\":\"SearchAction\",\"target\":{\"@type\":\"EntryPoint\",\"urlTemplate\":\"https:\\\/\\\/www.cfnorge.no\\\/?s={search_term_string}\"},\"query-input\":{\"@type\":\"PropertyValueSpecification\",\"valueRequired\":true,\"valueName\":\"search_term_string\"}}],\"inLanguage\":\"en-GB\"},{\"@type\":\"Organization\",\"@id\":\"https:\\\/\\\/www.cfnorge.no\\\/#organization\",\"name\":\"CF Norge\",\"url\":\"https:\\\/\\\/www.cfnorge.no\\\/\",\"logo\":{\"@type\":\"ImageObject\",\"inLanguage\":\"en-GB\",\"@id\":\"https:\\\/\\\/www.cfnorge.no\\\/#\\\/schema\\\/logo\\\/image\\\/\",\"url\":\"https:\\\/\\\/www.cfnorge.no\\\/wp-content\\\/uploads\\\/2024\\\/06\\\/CF-Horisontal-logo-2.png\",\"contentUrl\":\"https:\\\/\\\/www.cfnorge.no\\\/wp-content\\\/uploads\\\/2024\\\/06\\\/CF-Horisontal-logo-2.png\",\"width\":12334,\"height\":3827,\"caption\":\"CF Norge\"},\"image\":{\"@id\":\"https:\\\/\\\/www.cfnorge.no\\\/#\\\/schema\\\/logo\\\/image\\\/\"}}]}<\/script>\n<!-- \/ Yoast SEO plugin. -->","yoast_head_json":{"title":"Behandlig for CF cystisk fibrose (CF) | CF Norge","description":"CF er en multiorgansykdom, noe som krever omfattende tverrfaglig behandling gitt av CF-kompetent helsepersonell. Med kaftrio blir alt lettere","robots":{"index":"index","follow":"follow","max-snippet":"max-snippet:-1","max-image-preview":"max-image-preview:large","max-video-preview":"max-video-preview:-1"},"canonical":"https:\/\/www.cfnorge.no\/en\/cystisk-fibrose\/behandlig-for-cf\/","og_locale":"en_GB","og_type":"article","og_title":"Behandlig for CF cystisk fibrose (CF) | CF Norge","og_description":"CF er en multiorgansykdom, noe som krever omfattende tverrfaglig behandling gitt av CF-kompetent helsepersonell. Med kaftrio blir alt lettere","og_url":"https:\/\/www.cfnorge.no\/en\/cystisk-fibrose\/behandlig-for-cf\/","og_site_name":"CF Norge","article_modified_time":"2025-11-10T14:09:37+00:00","twitter_card":"summary_large_image","twitter_misc":{"Estimated reading time":"5 minutes"},"schema":{"@context":"https:\/\/schema.org","@graph":[{"@type":"WebPage","@id":"https:\/\/www.cfnorge.no\/cystisk-fibrose\/behandlig-for-cf\/","url":"https:\/\/www.cfnorge.no\/cystisk-fibrose\/behandlig-for-cf\/","name":"Behandlig for CF cystisk fibrose (CF) | CF Norge","isPartOf":{"@id":"https:\/\/www.cfnorge.no\/#website"},"datePublished":"2023-09-18T07:48:19+00:00","dateModified":"2025-11-10T14:09:37+00:00","description":"CF er en multiorgansykdom, noe som krever omfattende tverrfaglig behandling gitt av CF-kompetent helsepersonell. Med kaftrio blir alt lettere","breadcrumb":{"@id":"https:\/\/www.cfnorge.no\/cystisk-fibrose\/behandlig-for-cf\/#breadcrumb"},"inLanguage":"en-GB","potentialAction":[{"@type":"ReadAction","target":["https:\/\/www.cfnorge.no\/cystisk-fibrose\/behandlig-for-cf\/"]}]},{"@type":"BreadcrumbList","@id":"https:\/\/www.cfnorge.no\/cystisk-fibrose\/behandlig-for-cf\/#breadcrumb","itemListElement":[{"@type":"ListItem","position":1,"name":"Hjem","item":"https:\/\/www.cfnorge.no\/"},{"@type":"ListItem","position":2,"name":"Cystisk fibrose","item":"https:\/\/www.cfnorge.no\/cystisk-fibrose\/"},{"@type":"ListItem","position":3,"name":"Behandlig for CF"}]},{"@type":"WebSite","@id":"https:\/\/www.cfnorge.no\/#website","url":"https:\/\/www.cfnorge.no\/","name":"CF Norge","description":"","publisher":{"@id":"https:\/\/www.cfnorge.no\/#organization"},"potentialAction":[{"@type":"SearchAction","target":{"@type":"EntryPoint","urlTemplate":"https:\/\/www.cfnorge.no\/?s={search_term_string}"},"query-input":{"@type":"PropertyValueSpecification","valueRequired":true,"valueName":"search_term_string"}}],"inLanguage":"en-GB"},{"@type":"Organization","@id":"https:\/\/www.cfnorge.no\/#organization","name":"CF Norge","url":"https:\/\/www.cfnorge.no\/","logo":{"@type":"ImageObject","inLanguage":"en-GB","@id":"https:\/\/www.cfnorge.no\/#\/schema\/logo\/image\/","url":"https:\/\/www.cfnorge.no\/wp-content\/uploads\/2024\/06\/CF-Horisontal-logo-2.png","contentUrl":"https:\/\/www.cfnorge.no\/wp-content\/uploads\/2024\/06\/CF-Horisontal-logo-2.png","width":12334,"height":3827,"caption":"CF Norge"},"image":{"@id":"https:\/\/www.cfnorge.no\/#\/schema\/logo\/image\/"}}]}},"_links":{"self":[{"href":"https:\/\/www.cfnorge.no\/en\/wp-json\/wp\/v2\/pages\/513","targetHints":{"allow":["GET"]}}],"collection":[{"href":"https:\/\/www.cfnorge.no\/en\/wp-json\/wp\/v2\/pages"}],"about":[{"href":"https:\/\/www.cfnorge.no\/en\/wp-json\/wp\/v2\/types\/page"}],"author":[{"embeddable":true,"href":"https:\/\/www.cfnorge.no\/en\/wp-json\/wp\/v2\/users\/1"}],"replies":[{"embeddable":true,"href":"https:\/\/www.cfnorge.no\/en\/wp-json\/wp\/v2\/comments?post=513"}],"version-history":[{"count":32,"href":"https:\/\/www.cfnorge.no\/en\/wp-json\/wp\/v2\/pages\/513\/revisions"}],"predecessor-version":[{"id":2229,"href":"https:\/\/www.cfnorge.no\/en\/wp-json\/wp\/v2\/pages\/513\/revisions\/2229"}],"up":[{"embeddable":true,"href":"https:\/\/www.cfnorge.no\/en\/wp-json\/wp\/v2\/pages\/265"}],"wp:attachment":[{"href":"https:\/\/www.cfnorge.no\/en\/wp-json\/wp\/v2\/media?parent=513"}],"curies":[{"name":"wp","href":"https:\/\/api.w.org\/{rel}","templated":true}]}}