{"id":487,"date":"2023-09-18T09:20:43","date_gmt":"2023-09-18T07:20:43","guid":{"rendered":"https:\/\/cfnorge.bwod.dev\/?page_id=487"},"modified":"2025-11-10T15:07:49","modified_gmt":"2025-11-10T14:07:49","slug":"fakta-om-cf","status":"publish","type":"page","link":"https:\/\/www.cfnorge.no\/en\/cystisk-fibrose\/fakta-om-cf\/","title":{"rendered":"For pressen &#8211; Fakta om cystisk fibrose"},"content":{"rendered":"<p>[et_pb_section fb_built=&raquo;1&#8243; next_background_color=&raquo;#ffffff&raquo; _builder_version=&raquo;4.21.0&#8243; _module_preset=&raquo;default&raquo; background_color=&raquo;gcid-9e2f3af2-1007-4221-b250-8e35d98c5991&#8243; background_enable_image=&raquo;off&raquo; background_size=&raquo;custom&raquo; background_image_width=&raquo;101%&raquo; custom_padding=&raquo;||90px|||&raquo; bottom_divider_style=&raquo;wave&raquo; locked=&raquo;off&raquo; global_colors_info=&raquo;{%22gcid-9e2f3af2-1007-4221-b250-8e35d98c5991%22:%91%22background_color%22%93}&raquo;][et_pb_row _builder_version=&raquo;4.21.0&#8243; _module_preset=&raquo;default&raquo; custom_padding=&raquo;11px||4px|||&raquo; global_colors_info=&raquo;{}&raquo;][et_pb_column type=&raquo;4_4&#8243; _builder_version=&raquo;4.21.0&#8243; _module_preset=&raquo;default&raquo; global_colors_info=&raquo;{}&raquo;][et_pb_text _builder_version=&raquo;4.21.0&#8243; _module_preset=&raquo;default&raquo; header_font=&raquo;Poppins|600|||||||&raquo; header_text_color=&raquo;gcid-26e97d0d-b127-4ce1-b597-0df3fb01df24&#8243; custom_margin=&raquo;0px||0px||false|false&raquo; custom_padding=&raquo;0px||0px||false|false&raquo; global_colors_info=&raquo;{%22gcid-26e97d0d-b127-4ce1-b597-0df3fb01df24%22:%91%22header_text_color%22%93}&raquo;]<\/p>\n<h1>Fakta om cystisk fibrose\u00a0<\/h1>\n<p>[\/et_pb_text][\/et_pb_column][\/et_pb_row][et_pb_row column_structure=&raquo;3_5,2_5&#8243; _builder_version=&raquo;4.21.0&#8243; _module_preset=&raquo;default&raquo; custom_margin=&raquo;0px||||false|false&raquo; custom_padding=&raquo;0px||||false|false&raquo; global_colors_info=&raquo;{}&raquo;][et_pb_column type=&raquo;3_5&#8243; _builder_version=&raquo;4.21.0&#8243; _module_preset=&raquo;default&raquo; global_colors_info=&raquo;{}&raquo;][et_pb_text _builder_version=&raquo;4.21.0&#8243; _module_preset=&raquo;default&raquo; text_font=&raquo;Poppins|300|||||||&raquo; text_text_color=&raquo;gcid-26e97d0d-b127-4ce1-b597-0df3fb01df24&#8243; text_font_size=&raquo;16px&raquo; text_line_height=&raquo;1.8em&raquo; global_colors_info=&raquo;{%22gcid-26e97d0d-b127-4ce1-b597-0df3fb01df24%22:%91%22text_text_color%22%93}&raquo;]<\/p>\n<p>P\u00e5 denne siden har vi samlet sentrale opplysninger om cystisk fibrose i Norge. For medisinske og helsefaglige sp\u00f8rsm\u00e5l utover det som st\u00e5r skrevet p\u00e5 denne siden, anbefaler vi \u00e5 kontakte Norsk senter for cystisk fibrose.\u00a0<\/p>\n<p>[\/et_pb_text][\/et_pb_column][et_pb_column type=&raquo;2_5&#8243; _builder_version=&raquo;4.21.0&#8243; _module_preset=&raquo;default&raquo; global_colors_info=&raquo;{}&raquo;][et_pb_image src=&raquo;https:\/\/cfnorge.bwod.dev\/wp-content\/uploads\/2023\/08\/CF-Norge-Illustrasjonsbilde-lunger-1.png&raquo; title_text=&raquo;CF-Norge-Illustrasjonsbilde-lunger&raquo; _builder_version=&raquo;4.21.0&#8243; _module_preset=&raquo;default&raquo; max_width=&raquo;70%&raquo; global_colors_info=&raquo;{}&raquo;][\/et_pb_image][\/et_pb_column][\/et_pb_row][\/et_pb_section][et_pb_section fb_built=&raquo;1&#8243; _builder_version=&raquo;4.21.0&#8243; _module_preset=&raquo;default&raquo; global_colors_info=&raquo;{}&raquo;][et_pb_row _builder_version=&raquo;4.21.0&#8243; _module_preset=&raquo;default&raquo; global_colors_info=&raquo;{}&raquo;][et_pb_column type=&raquo;4_4&#8243; _builder_version=&raquo;4.21.0&#8243; _module_preset=&raquo;default&raquo; global_colors_info=&raquo;{}&raquo;][et_pb_image src=&raquo;https:\/\/cfnorge.bwod.dev\/wp-content\/uploads\/2024\/06\/nr2222.png&raquo; title_text=&raquo;nr2222&#8243; align=&raquo;center&raquo; _builder_version=&raquo;4.21.0&#8243; _module_preset=&raquo;default&raquo; global_colors_info=&raquo;{}&raquo;][\/et_pb_image][\/et_pb_column][\/et_pb_row][\/et_pb_section][et_pb_section fb_built=&raquo;1&#8243; custom_padding_last_edited=&raquo;on|phone&raquo; _builder_version=&raquo;4.21.0&#8243; _module_preset=&raquo;default&raquo; custom_margin_tablet=&raquo;&raquo; custom_margin_phone=&raquo;0px||||false|false&raquo; custom_margin_last_edited=&raquo;on|phone&raquo; custom_padding_tablet=&raquo;&raquo; custom_padding_phone=&raquo;0px||||false|false&raquo; global_colors_info=&raquo;{}&raquo;][et_pb_row _builder_version=&raquo;4.21.0&#8243; _module_preset=&raquo;default&raquo; global_colors_info=&raquo;{}&raquo;][et_pb_column type=&raquo;4_4&#8243; _builder_version=&raquo;4.21.0&#8243; _module_preset=&raquo;default&raquo; global_colors_info=&raquo;{}&raquo;][et_pb_text _builder_version=&raquo;4.21.0&#8243; _module_preset=&raquo;default&raquo; header_font=&raquo;Poppins|600|||||||&raquo; header_text_color=&raquo;gcid-26e97d0d-b127-4ce1-b597-0df3fb01df24&#8243; header_line_height=&raquo;1.4em&raquo; custom_margin=&raquo;0px||12px||false|false&raquo; custom_padding=&raquo;0px||0px||false|false&raquo; global_colors_info=&raquo;{%22gcid-26e97d0d-b127-4ce1-b597-0df3fb01df24%22:%91%22header_text_color%22%93}&raquo;]<\/p>\n<h1>\u00c5rsak, diagnostisering, arv og forekomst ved cystisk fibrose<\/h1>\n<p>[\/et_pb_text][et_pb_text _builder_version=&raquo;4.21.0&#8243; _module_preset=&raquo;default&raquo; text_font=&raquo;Poppins|300|||||||&raquo; text_text_color=&raquo;gcid-26e97d0d-b127-4ce1-b597-0df3fb01df24&#8243; text_font_size=&raquo;16px&raquo; text_line_height=&raquo;1.8em&raquo; header_4_font=&raquo;|600|||||||&raquo; header_4_text_color=&raquo;gcid-26e97d0d-b127-4ce1-b597-0df3fb01df24&#8243; global_colors_info=&raquo;{%22gcid-26e97d0d-b127-4ce1-b597-0df3fb01df24%22:%91%22text_text_color%22,%22header_4_text_color%22%93}&raquo;]<\/p>\n<h4><\/h4>\n<h4>\u00c5rsak<\/h4>\n<p>Cystisk fibrose (CF) skyldes feil i CFTR-proteinet (Cystic Fibrosis Transmembrane Conductance Regulator). Denne feilen oppst\u00e5r p\u00e5 grunn av mutasjoner i CFTR-genet. Det finnes mer enn 2000 forskjellige mutasjoner av CFTR-genet som kan f\u00f8re til cystisk fibrose. Feil i CFTR-proteinet f\u00f8rer til at slimproduserende kjertler i kroppen skiller ut et altfor seigt slim, noe som p\u00e5virker flere organer, spesielt lungene og ford\u00f8yelsessystemet.<\/p>\n<p>[\/et_pb_text][et_pb_text _builder_version=&raquo;4.21.0&#8243; _module_preset=&raquo;default&raquo; text_font=&raquo;Poppins|300|||||||&raquo; text_text_color=&raquo;gcid-26e97d0d-b127-4ce1-b597-0df3fb01df24&#8243; text_font_size=&raquo;16px&raquo; text_line_height=&raquo;1.8em&raquo; header_4_font=&raquo;|600|||||||&raquo; header_4_text_color=&raquo;gcid-26e97d0d-b127-4ce1-b597-0df3fb01df24&#8243; global_colors_info=&raquo;{%22gcid-26e97d0d-b127-4ce1-b597-0df3fb01df24%22:%91%22text_text_color%22,%22header_4_text_color%22%93}&raquo;]<\/p>\n<h4><span style=\"font-size: 18px;\">Diagnostisering<\/span><\/h4>\n<p>I Norge screenes alle nyf\u00f8dte for cystisk fibrose via et program for nyf\u00f8dtscreening som startet i mars 2012. Dette gj\u00f8r det mulig \u00e5 diagnostisere sykdommen tidlig og starte behandling f\u00f8r symptomene blir alvorlige. Diagnosen bekreftes vanligvis ved en svettetest som m\u00e5ler mengden klorid i svetten, samt genetiske tester for \u00e5 identifisere CFTR-mutasjoner.<\/p>\n<p>[\/et_pb_text][et_pb_text _builder_version=&raquo;4.21.0&#8243; _module_preset=&raquo;default&raquo; text_font=&raquo;Poppins|300|||||||&raquo; text_text_color=&raquo;gcid-26e97d0d-b127-4ce1-b597-0df3fb01df24&#8243; text_font_size=&raquo;16px&raquo; text_line_height=&raquo;1.8em&raquo; header_4_font=&raquo;|600|||||||&raquo; header_4_text_color=&raquo;gcid-26e97d0d-b127-4ce1-b597-0df3fb01df24&#8243; global_colors_info=&raquo;{%22gcid-26e97d0d-b127-4ce1-b597-0df3fb01df24%22:%91%22text_text_color%22,%22header_4_text_color%22%93}&raquo;]<\/p>\n<h4><span style=\"font-size: 18px;\">Arv<\/span><\/h4>\n<p>Cystisk fibrose arves autosomalt recessivt. Dette betyr at begge foreldrene m\u00e5 v\u00e6re b\u00e6rere av en mutasjon i CFTR-genet for at barnet skal kunne f\u00e5 sykdommen. Hvert barn har da 25% sjanse for \u00e5 arve to muterte gener (ett fra hver forelder) og utvikle cystisk fibrose, 50% sjanse for \u00e5 bli en frisk b\u00e6rer (arve ett mutert gen), og 25% sjanse for \u00e5 ikke arve noen muterte gener.<\/p>\n<p>I Norge er det ansl\u00e5tt at cirka 150.000 personer er friske b\u00e6rere av CFTR-genmutasjonen. De fleste er ikke klar over at de er b\u00e6rere f\u00f8r de f\u00e5r et barn med cystisk fibrose.<\/p>\n<h4><\/h4>\n<p>[\/et_pb_text][et_pb_text _builder_version=&raquo;4.21.0&#8243; _module_preset=&raquo;default&raquo; text_font=&raquo;Poppins|300|||||||&raquo; text_text_color=&raquo;gcid-26e97d0d-b127-4ce1-b597-0df3fb01df24&#8243; text_font_size=&raquo;16px&raquo; text_line_height=&raquo;1.8em&raquo; header_4_font=&raquo;|600|||||||&raquo; header_4_text_color=&raquo;gcid-26e97d0d-b127-4ce1-b597-0df3fb01df24&#8243; global_colors_info=&raquo;{%22gcid-26e97d0d-b127-4ce1-b597-0df3fb01df24%22:%91%22text_text_color%22,%22header_4_text_color%22%93}&raquo;]<\/p>\n<h4><span style=\"font-size: 18px;\">Forekomst<\/span><\/h4>\n<p>I Norge f\u00f8des det i gjennomsnitt 8-10 barn med cystisk fibrose hvert \u00e5r. Dette gj\u00f8r cystisk fibrose til en relativt sjelden sykdom i landet.<\/p>\n<h4><\/h4>\n<p>[\/et_pb_text][et_pb_text _builder_version=&raquo;4.21.0&#8243; _module_preset=&raquo;default&raquo; text_font=&raquo;Poppins|300|||||||&raquo; text_text_color=&raquo;gcid-26e97d0d-b127-4ce1-b597-0df3fb01df24&#8243; text_font_size=&raquo;16px&raquo; text_line_height=&raquo;1.8em&raquo; header_4_font=&raquo;|600|||||||&raquo; header_4_text_color=&raquo;gcid-26e97d0d-b127-4ce1-b597-0df3fb01df24&#8243; global_colors_info=&raquo;{%22gcid-26e97d0d-b127-4ce1-b597-0df3fb01df24%22:%91%22text_text_color%22,%22header_4_text_color%22%93}&raquo;]<\/p>\n<h4><span style=\"font-size: 18px;\">Behandling<\/span><\/h4>\n<p>Behandling for cystisk fibrose fokuserer p\u00e5 \u00e5 lindre symptomer og redusere komplikasjoner. Dette inkluderer fysioterapi for \u00e5 l\u00f8sne og fjerne seigt slim fra lungene, medisiner for \u00e5 redusere slimproduksjonen og behandle infeksjoner, samt ern\u00e6ringsterapi for \u00e5 sikre tilstrekkelig n\u00e6ringsopptak.<\/p>\n<p>I juni 2022 ble det \u00e5rsakskorrigerende medikamentet Kaftrio godkjent for offentlig finansiering i Norge. Kaftrio er en kombinasjonsbehandling som retter seg mot den underliggende \u00e5rsaken til cystisk fibrose hos personer med minst en kopi av den vanligste CFTR-mutasjonen, F508del. Denne mutasjonen finnes hos 85% av norske personer med cystisk fibrose.<\/p>\n<p>For mer detaljert informasjon om diagnostisering, symptomer, behandling og nyf\u00f8dtscreening, kan du bes\u00f8ke Norsk senter for cystisk fibrose.<\/p>\n<p>[\/et_pb_text][et_pb_toggle title=&raquo;Transplantasjon som livreddende behandling ved cystisk fibrose&raquo; open_toggle_text_color=&raquo;gcid-26e97d0d-b127-4ce1-b597-0df3fb01df24&#8243; open_toggle_background_color=&raquo;RGBA(255,255,255,0)&raquo; closed_toggle_background_color=&raquo;gcid-edcc47c2-e936-4ba2-8e6c-8ca8cb2c2a05&#8243; icon_color=&raquo;gcid-def3f79a-900d-4425-86b8-efdc1c9633a6&#8243; toggle_icon=&raquo;&#x50;||divi||400&#8243; use_icon_font_size=&raquo;on&raquo; icon_font_size=&raquo;20px&raquo; open_icon_color=&raquo;gcid-edcc47c2-e936-4ba2-8e6c-8ca8cb2c2a05&#8243; open_toggle_icon=&raquo;&#x4f;||divi||400&#8243; open_use_icon_font_size=&raquo;on&raquo; open_icon_font_size=&raquo;20px&raquo; _builder_version=&raquo;4.21.0&#8243; _module_preset=&raquo;default&raquo; title_text_color=&raquo;#FFFFFF&raquo; title_font=&raquo;|600|||||||&raquo; title_font_size=&raquo;18px&raquo; title_line_height=&raquo;1.4em&raquo; body_text_color=&raquo;gcid-26e97d0d-b127-4ce1-b597-0df3fb01df24&#8243; body_link_text_color=&raquo;gcid-edcc47c2-e936-4ba2-8e6c-8ca8cb2c2a05&#8243; custom_margin=&raquo;10px||10px||false|false&raquo; custom_padding=&raquo;||||false|false&raquo; border_width_all=&raquo;0px&raquo; locked=&raquo;off&raquo; global_colors_info=&raquo;{%22gcid-def3f79a-900d-4425-86b8-efdc1c9633a6%22:%91%22icon_color%22%93,%22gcid-26e97d0d-b127-4ce1-b597-0df3fb01df24%22:%91%22open_toggle_text_color%22,%22body_text_color%22%93,%22gcid-edcc47c2-e936-4ba2-8e6c-8ca8cb2c2a05%22:%91%22open_icon_color%22,%22closed_toggle_background_color%22,%22body_link_text_color%22%93}&raquo;]<\/p>\n<p>Hos noen vil \u00f8deleggelsene i lungene bli s\u00e5 store at sykdommen blir livstruende. Det er da n\u00f8dvendig med lungetransplantasjon.<\/p>\n<ul>\n<li>Personer med cystisk fibrose representerer de yngste pasientene (ned mot 15 \u00e5rs-alder) som er lungetransplantert i Norge.<\/li>\n<li>Siden 1990 har mer enn 50 mennesker med cystisk fibrose g\u00e5tt gjennom lungetransplantasjon. Noen f\u00e5 trenger ogs\u00e5 \u00e5 f\u00e5 transplantert andre organer.<\/li>\n<li>Som en av pasientorganisasjonene bak Stiftelsen organdonasjon, st\u00f8tter vi i Norsk forening for cystisk fibrose aktivt opp om arbeidet for flere organdonorer og flere transplantasjoner.<\/li>\n<\/ul>\n<p>[\/et_pb_toggle][\/et_pb_column][\/et_pb_row][\/et_pb_section][et_pb_section fb_built=&raquo;1&#8243; custom_padding_last_edited=&raquo;on|phone&raquo; _builder_version=&raquo;4.21.0&#8243; _module_preset=&raquo;default&raquo; custom_margin_tablet=&raquo;&raquo; custom_margin_phone=&raquo;0px||0px||false|false&raquo; custom_margin_last_edited=&raquo;on|phone&raquo; custom_padding_tablet=&raquo;&raquo; custom_padding_phone=&raquo;0px||0px||false|false&raquo; global_colors_info=&raquo;{}&raquo;][et_pb_row _builder_version=&raquo;4.21.0&#8243; _module_preset=&raquo;default&raquo; global_colors_info=&raquo;{}&raquo;][et_pb_column type=&raquo;4_4&#8243; _builder_version=&raquo;4.21.0&#8243; _module_preset=&raquo;default&raquo; global_colors_info=&raquo;{}&raquo;][et_pb_image src=&raquo;https:\/\/cfnorge.bwod.dev\/wp-content\/uploads\/2023\/10\/CF-Norge-Barn-med-oksygensmaske-CF-Norge.jpg&raquo; title_text=&raquo;CF-Norge-Barn-med-oksygensmaske-CF-Norge&raquo; _builder_version=&raquo;4.21.0&#8243; _module_preset=&raquo;default&raquo; global_colors_info=&raquo;{}&raquo;][\/et_pb_image][\/et_pb_column][\/et_pb_row][\/et_pb_section][et_pb_section fb_built=&raquo;1&#8243; _builder_version=&raquo;4.21.0&#8243; _module_preset=&raquo;default&raquo; background_color=&raquo;#FFFFFF&raquo; custom_padding=&raquo;24px|||||&raquo; locked=&raquo;off&raquo; global_colors_info=&raquo;{}&raquo;][et_pb_row column_structure=&raquo;1_2,1_2&#8243; use_custom_gutter=&raquo;on&raquo; gutter_width=&raquo;2&#8243; _builder_version=&raquo;4.21.0&#8243; _module_preset=&raquo;default&raquo; locked=&raquo;off&raquo; global_colors_info=&raquo;{}&raquo;][et_pb_column type=&raquo;1_2&#8243; _builder_version=&raquo;4.21.0&#8243; _module_preset=&raquo;default&raquo; global_colors_info=&raquo;{}&raquo;][et_pb_toggle title=&raquo;Kompetansjemilj\u00f8er &raquo; open_toggle_text_color=&raquo;gcid-edcc47c2-e936-4ba2-8e6c-8ca8cb2c2a05&#8243; open_toggle_background_color=&raquo;gcid-9e2f3af2-1007-4221-b250-8e35d98c5991&#8243; closed_toggle_background_color=&raquo;gcid-9e2f3af2-1007-4221-b250-8e35d98c5991&#8243; icon_color=&raquo;gcid-edcc47c2-e936-4ba2-8e6c-8ca8cb2c2a05&#8243; toggle_icon=&raquo;&#x22;||divi||400&#8243; use_icon_font_size=&raquo;on&raquo; icon_font_size=&raquo;18px&raquo; open_icon_color=&raquo;gcid-edcc47c2-e936-4ba2-8e6c-8ca8cb2c2a05&#8243; open_toggle_icon=&raquo;&#x21;||divi||400&#8243; _builder_version=&raquo;4.21.0&#8243; _module_preset=&raquo;default&raquo; title_text_color=&raquo;gcid-edcc47c2-e936-4ba2-8e6c-8ca8cb2c2a05&#8243; title_font=&raquo;|600|||||||&raquo; body_text_color=&raquo;gcid-26e97d0d-b127-4ce1-b597-0df3fb01df24&#8243; body_link_text_color=&raquo;gcid-edcc47c2-e936-4ba2-8e6c-8ca8cb2c2a05&#8243; custom_padding=&raquo;35px||35px||false|false&raquo; border_width_all=&raquo;0px&raquo; locked=&raquo;off&raquo; global_colors_info=&raquo;{%22gcid-edcc47c2-e936-4ba2-8e6c-8ca8cb2c2a05%22:%91%22icon_color%22,%22open_toggle_text_color%22,%22title_text_color%22,%22body_link_text_color%22,%22open_icon_color%22%93,%22gcid-26e97d0d-b127-4ce1-b597-0df3fb01df24%22:%91%22body_text_color%22%93,%22gcid-9e2f3af2-1007-4221-b250-8e35d98c5991%22:%91%22closed_toggle_background_color%22,%22open_toggle_background_color%22%93}&raquo;]<\/p>\n<p>Norsk senter for cystisk fibrose i Oslo er det nasjonale kompetansesenteret for cystisk fibrose i Norge. B\u00e5de pasienter, p\u00e5r\u00f8rende, helsefagfolk og andre instanser kan henvende seg hit.<\/p>\n<ul>\n<li>Transplantasjoner foreg\u00e5r ved Rikshospitalet i Oslo.<\/li>\n<\/ul>\n<p>[\/et_pb_toggle][\/et_pb_column][et_pb_column type=&raquo;1_2&#8243; _builder_version=&raquo;4.21.0&#8243; _module_preset=&raquo;default&raquo; global_colors_info=&raquo;{}&raquo;][et_pb_toggle title=&raquo;Kontakt&raquo; open_toggle_text_color=&raquo;gcid-edcc47c2-e936-4ba2-8e6c-8ca8cb2c2a05&#8243; open_toggle_background_color=&raquo;gcid-9e2f3af2-1007-4221-b250-8e35d98c5991&#8243; closed_toggle_background_color=&raquo;gcid-9e2f3af2-1007-4221-b250-8e35d98c5991&#8243; icon_color=&raquo;gcid-edcc47c2-e936-4ba2-8e6c-8ca8cb2c2a05&#8243; toggle_icon=&raquo;&#x22;||divi||400&#8243; use_icon_font_size=&raquo;on&raquo; icon_font_size=&raquo;18px&raquo; open_icon_color=&raquo;gcid-edcc47c2-e936-4ba2-8e6c-8ca8cb2c2a05&#8243; open_toggle_icon=&raquo;&#x21;||divi||400&#8243; _builder_version=&raquo;4.21.0&#8243; _module_preset=&raquo;default&raquo; title_text_color=&raquo;gcid-edcc47c2-e936-4ba2-8e6c-8ca8cb2c2a05&#8243; title_font=&raquo;|600|||||||&raquo; body_text_color=&raquo;gcid-26e97d0d-b127-4ce1-b597-0df3fb01df24&#8243; body_link_text_color=&raquo;gcid-edcc47c2-e936-4ba2-8e6c-8ca8cb2c2a05&#8243; custom_padding=&raquo;35px||35px||false|false&raquo; border_width_all=&raquo;0px&raquo; locked=&raquo;off&raquo; global_colors_info=&raquo;{%22gcid-edcc47c2-e936-4ba2-8e6c-8ca8cb2c2a05%22:%91%22icon_color%22,%22open_toggle_text_color%22,%22title_text_color%22,%22body_link_text_color%22,%22open_icon_color%22%93,%22gcid-26e97d0d-b127-4ce1-b597-0df3fb01df24%22:%91%22body_text_color%22%93,%22gcid-9e2f3af2-1007-4221-b250-8e35d98c5991%22:%91%22open_toggle_background_color%22,%22closed_toggle_background_color%22%93}&raquo;]<\/p>\n<p>Ved sp\u00f8rsm\u00e5l, ta gjerne kontakt med oss p\u00e5 <a rel=\"noreferrer\">redaksjonen@nfcf.no<\/a> eller send oss en melding via Facebook-siden v\u00e5r <a rel=\"noreferrer\" href=\"https:\/\/www.facebook.com\/CFNorge\">CFNorge<\/a>. Vi setter pris p\u00e5 \u00e5 f\u00e5 tilsendt nettsaker og artikler hvor cystisk fibrose omtales.<\/p>\n<p>Faktarammene kan krediteres\/kildeangis slik: Norsk forening for cystisk fibrose, <a rel=\"noreferrer\" href=\"http:\/\/www.cfnorge.no\">www.cfnorge.no<\/a>.<\/p>\n<p>[\/et_pb_toggle][\/et_pb_column][\/et_pb_row][\/et_pb_section][et_pb_section fb_built=&raquo;1&#8243; disabled_on=&raquo;on|on|off&raquo; _builder_version=&raquo;4.21.0&#8243; _module_preset=&raquo;default&raquo; background_color=&raquo;gcid-edcc47c2-e936-4ba2-8e6c-8ca8cb2c2a05&#8243; custom_padding=&raquo;||0px||false|false&raquo; locked=&raquo;off&raquo; global_colors_info=&raquo;{%22gcid-edcc47c2-e936-4ba2-8e6c-8ca8cb2c2a05%22:%91%22background_color%22%93}&raquo;][et_pb_row column_structure=&raquo;1_2,1_2&#8243; use_custom_gutter=&raquo;on&raquo; gutter_width=&raquo;1&#8243; _builder_version=&raquo;4.21.0&#8243; _module_preset=&raquo;default&raquo; custom_padding=&raquo;||0px||false|false&raquo; global_colors_info=&raquo;{}&raquo;][et_pb_column type=&raquo;1_2&#8243; _builder_version=&raquo;4.21.0&#8243; _module_preset=&raquo;default&raquo; global_colors_info=&raquo;{}&raquo;][et_pb_image src=&raquo;https:\/\/cfnorge.bwod.dev\/wp-content\/uploads\/2023\/08\/Stott-oss-illustrasjon-CF-2-1.png&raquo; title_text=&raquo;St\u00f8tt-oss-illustrasjon-CF-2&#8243; _builder_version=&raquo;4.21.0&#8243; _module_preset=&raquo;default&raquo; width=&raquo;65%&raquo; module_alignment=&raquo;center&raquo; global_colors_info=&raquo;{}&raquo;][\/et_pb_image][\/et_pb_column][et_pb_column type=&raquo;1_2&#8243; _builder_version=&raquo;4.21.0&#8243; _module_preset=&raquo;default&raquo; global_colors_info=&raquo;{}&raquo;][et_pb_text _builder_version=&raquo;4.21.0&#8243; _module_preset=&raquo;default&raquo; header_text_color=&raquo;#FFFFFF&raquo; header_2_font=&raquo;Poppins|600|||||||&raquo; header_2_text_color=&raquo;#FFFFFF&raquo; header_2_font_size=&raquo;30px&raquo; header_3_font=&raquo;Poppins||||||||&raquo; header_3_text_color=&raquo;#FFFFFF&raquo; header_3_font_size=&raquo;20px&raquo; header_3_line_height=&raquo;1.5em&raquo; custom_margin=&raquo;74px||18px|||&raquo; global_colors_info=&raquo;{}&raquo;]<\/p>\n<h2>St\u00f8tt oss<\/h2>\n<h3>Vi er veldig glade for alle sm\u00e5<br \/>og store gaver til v\u00e5rt arbeid.<\/h3>\n<p>[\/et_pb_text][et_pb_button button_url=&raquo;@ET-DC@eyJkeW5hbWljIjp0cnVlLCJjb250ZW50IjoicG9zdF9saW5rX3VybF9wYWdlIiwic2V0dGluZ3MiOnsicG9zdF9pZCI6IjQ1NyJ9fQ==@&raquo; button_text=&raquo;LES HVORDAN HER&raquo; _builder_version=&raquo;4.21.0&#8243; _dynamic_attributes=&raquo;button_url&raquo; _module_preset=&raquo;default&raquo; custom_button=&raquo;on&raquo; button_text_size=&raquo;16px&raquo; button_text_color=&raquo;#FFFFFF&raquo; button_bg_color=&raquo;gcid-26e97d0d-b127-4ce1-b597-0df3fb01df24&#8243; button_border_width=&raquo;0px&raquo; button_border_radius=&raquo;100px&raquo; global_colors_info=&raquo;{%22gcid-26e97d0d-b127-4ce1-b597-0df3fb01df24%22:%91%22button_bg_color%22%93}&raquo;][\/et_pb_button][\/et_pb_column][\/et_pb_row][\/et_pb_section][et_pb_section fb_built=&raquo;1&#8243; disabled_on=&raquo;off|off|on&raquo; _builder_version=&raquo;4.21.0&#8243; _module_preset=&raquo;default&raquo; background_color=&raquo;gcid-edcc47c2-e936-4ba2-8e6c-8ca8cb2c2a05&#8243; custom_padding=&raquo;21px||0px||false|false&raquo; locked=&raquo;off&raquo; global_colors_info=&raquo;{%22gcid-edcc47c2-e936-4ba2-8e6c-8ca8cb2c2a05%22:%91%22background_color%22%93}&raquo;][et_pb_row _builder_version=&raquo;4.21.0&#8243; _module_preset=&raquo;default&raquo; custom_margin=&raquo;13px|auto|0px|auto|false|false&raquo; custom_padding=&raquo;7px||0px||false|false&raquo; global_colors_info=&raquo;{}&raquo;][et_pb_column type=&raquo;4_4&#8243; _builder_version=&raquo;4.21.0&#8243; _module_preset=&raquo;default&raquo; global_colors_info=&raquo;{}&raquo;][et_pb_text _builder_version=&raquo;4.21.0&#8243; _module_preset=&raquo;default&raquo; header_2_font=&raquo;Poppins|600|||||||&raquo; header_2_text_color=&raquo;#FFFFFF&raquo; header_2_font_size=&raquo;30px&raquo; header_3_font=&raquo;Poppins||||||||&raquo; header_3_text_color=&raquo;#FFFFFF&raquo; header_3_font_size=&raquo;20px&raquo; header_3_line_height=&raquo;1.5em&raquo; custom_margin=&raquo;26px|||||&raquo; global_colors_info=&raquo;{}&raquo;]<\/p>\n<h2>St\u00f8tt oss<\/h2>\n<h3>Vi er veldig glade for alle sm\u00e5<br \/>og store gaver til v\u00e5rt arbeid.<\/h3>\n<p>[\/et_pb_text][et_pb_button button_url=&raquo;@ET-DC@eyJkeW5hbWljIjp0cnVlLCJjb250ZW50IjoicG9zdF9saW5rX3VybF9wYWdlIiwic2V0dGluZ3MiOnsicG9zdF9pZCI6IjQ1NyJ9fQ==@&raquo; button_text=&raquo;LES HVORDAN HER&raquo; _builder_version=&raquo;4.21.0&#8243; _dynamic_attributes=&raquo;button_url&raquo; _module_preset=&raquo;default&raquo; custom_button=&raquo;on&raquo; button_text_size=&raquo;16px&raquo; button_text_color=&raquo;#FFFFFF&raquo; button_bg_color=&raquo;gcid-26e97d0d-b127-4ce1-b597-0df3fb01df24&#8243; button_border_width=&raquo;0px&raquo; button_border_radius=&raquo;100px&raquo; custom_margin=&raquo;||11px|||&raquo; global_colors_info=&raquo;{%22gcid-26e97d0d-b127-4ce1-b597-0df3fb01df24%22:%91%22button_bg_color%22%93}&raquo;][\/et_pb_button][et_pb_image src=&raquo;https:\/\/cfnorge.bwod.dev\/wp-content\/uploads\/2023\/08\/Stott-oss-illustrasjon-CF-2-1.png&raquo; title_text=&raquo;St\u00f8tt-oss-illustrasjon-CF-2&#8243; _builder_version=&raquo;4.21.0&#8243; _module_preset=&raquo;default&raquo; max_width=&raquo;64%&raquo; max_width_tablet=&raquo;50%&raquo; max_width_phone=&raquo;50%&raquo; max_width_last_edited=&raquo;on|tablet&raquo; module_alignment=&raquo;right&raquo; custom_margin_tablet=&raquo;-40px||||false|false&raquo; custom_margin_phone=&raquo;-40px||||false|false&raquo; custom_margin_last_edited=&raquo;on|tablet&raquo; global_colors_info=&raquo;{}&raquo;][\/et_pb_image][\/et_pb_column][\/et_pb_row][\/et_pb_section]<\/p>\n","protected":false},"excerpt":{"rendered":"<p>Vi i Norsk forening for cystisk fibrose \u00f8nsker alltid \u00e5 st\u00f8tte v\u00e5re medlemmer og setter ekstra stor pris p\u00e5 dem. Vi har satt opp trivselsfondet for at du som medlem i CF foreningen kan f\u00e5r en dr\u00f8m realisert. Vi gir fagr\u00e5dsmidler for faglig utvikling av helsepersonell som arbeider med CF eller PCF. V\u00e5re medlemmer betyr s\u00e5 mye for oss. Hvert \u00e5r gir vi ut CF-prisen til en av v\u00e5re fantastiske medlemmer so har gjort en stor innsats for CF. <\/p>","protected":false},"author":1,"featured_media":0,"parent":265,"menu_order":0,"comment_status":"closed","ping_status":"closed","template":"","meta":{"_et_pb_use_builder":"on","_et_pb_old_content":"","_et_gb_content_width":"","footnotes":""},"class_list":["post-487","page","type-page","status-publish","hentry"],"yoast_head":"<!-- This site is optimized with the Yoast SEO plugin v28.3 - https:\/\/yoast.com\/product\/yoast-seo-wordpress\/ -->\n<title>For pressen | Fakta om cystisk fibrose |\u00a0CF Norge<\/title>\n<meta name=\"description\" content=\"Vi har samlet sentrale opplysninger om cystisk fibrose i Norge. Fakta om \u00e5rsak, diagnostisering, arv og forekomst ved cystisk fibrose.\" \/>\n<meta name=\"robots\" content=\"index, follow, max-snippet:-1, max-image-preview:large, max-video-preview:-1\" \/>\n<link rel=\"canonical\" href=\"https:\/\/www.cfnorge.no\/en\/cystisk-fibrose\/fakta-om-cf\/\" \/>\n<meta property=\"og:locale\" content=\"en_GB\" \/>\n<meta property=\"og:type\" content=\"article\" \/>\n<meta property=\"og:title\" content=\"For pressen | Fakta om cystisk fibrose |\u00a0CF Norge\" \/>\n<meta property=\"og:description\" content=\"Vi har samlet sentrale opplysninger om cystisk fibrose i Norge. Fakta om \u00e5rsak, diagnostisering, arv og forekomst ved cystisk fibrose.\" \/>\n<meta property=\"og:url\" content=\"https:\/\/www.cfnorge.no\/en\/cystisk-fibrose\/fakta-om-cf\/\" \/>\n<meta property=\"og:site_name\" content=\"CF Norge\" \/>\n<meta property=\"article:modified_time\" content=\"2025-11-10T14:07:49+00:00\" \/>\n<meta name=\"twitter:card\" content=\"summary_large_image\" \/>\n<meta name=\"twitter:label1\" content=\"Estimated reading time\" \/>\n\t<meta name=\"twitter:data1\" content=\"5 minutes\" \/>\n<script type=\"application\/ld+json\" class=\"yoast-schema-graph\">{\"@context\":\"https:\\\/\\\/schema.org\",\"@graph\":[{\"@type\":\"WebPage\",\"@id\":\"https:\\\/\\\/www.cfnorge.no\\\/cystisk-fibrose\\\/fakta-om-cf\\\/\",\"url\":\"https:\\\/\\\/www.cfnorge.no\\\/cystisk-fibrose\\\/fakta-om-cf\\\/\",\"name\":\"For pressen | Fakta om cystisk fibrose |\u00a0CF Norge\",\"isPartOf\":{\"@id\":\"https:\\\/\\\/www.cfnorge.no\\\/#website\"},\"datePublished\":\"2023-09-18T07:20:43+00:00\",\"dateModified\":\"2025-11-10T14:07:49+00:00\",\"description\":\"Vi har samlet sentrale opplysninger om cystisk fibrose i Norge. Fakta om \u00e5rsak, diagnostisering, arv og forekomst ved cystisk fibrose.\",\"breadcrumb\":{\"@id\":\"https:\\\/\\\/www.cfnorge.no\\\/cystisk-fibrose\\\/fakta-om-cf\\\/#breadcrumb\"},\"inLanguage\":\"en-GB\",\"potentialAction\":[{\"@type\":\"ReadAction\",\"target\":[\"https:\\\/\\\/www.cfnorge.no\\\/cystisk-fibrose\\\/fakta-om-cf\\\/\"]}]},{\"@type\":\"BreadcrumbList\",\"@id\":\"https:\\\/\\\/www.cfnorge.no\\\/cystisk-fibrose\\\/fakta-om-cf\\\/#breadcrumb\",\"itemListElement\":[{\"@type\":\"ListItem\",\"position\":1,\"name\":\"Hjem\",\"item\":\"https:\\\/\\\/www.cfnorge.no\\\/\"},{\"@type\":\"ListItem\",\"position\":2,\"name\":\"Cystisk fibrose\",\"item\":\"https:\\\/\\\/www.cfnorge.no\\\/cystisk-fibrose\\\/\"},{\"@type\":\"ListItem\",\"position\":3,\"name\":\"For pressen &#8211; Fakta om cystisk fibrose\"}]},{\"@type\":\"WebSite\",\"@id\":\"https:\\\/\\\/www.cfnorge.no\\\/#website\",\"url\":\"https:\\\/\\\/www.cfnorge.no\\\/\",\"name\":\"CF Norge\",\"description\":\"\",\"publisher\":{\"@id\":\"https:\\\/\\\/www.cfnorge.no\\\/#organization\"},\"potentialAction\":[{\"@type\":\"SearchAction\",\"target\":{\"@type\":\"EntryPoint\",\"urlTemplate\":\"https:\\\/\\\/www.cfnorge.no\\\/?s={search_term_string}\"},\"query-input\":{\"@type\":\"PropertyValueSpecification\",\"valueRequired\":true,\"valueName\":\"search_term_string\"}}],\"inLanguage\":\"en-GB\"},{\"@type\":\"Organization\",\"@id\":\"https:\\\/\\\/www.cfnorge.no\\\/#organization\",\"name\":\"CF Norge\",\"url\":\"https:\\\/\\\/www.cfnorge.no\\\/\",\"logo\":{\"@type\":\"ImageObject\",\"inLanguage\":\"en-GB\",\"@id\":\"https:\\\/\\\/www.cfnorge.no\\\/#\\\/schema\\\/logo\\\/image\\\/\",\"url\":\"https:\\\/\\\/www.cfnorge.no\\\/wp-content\\\/uploads\\\/2024\\\/06\\\/CF-Horisontal-logo-2.png\",\"contentUrl\":\"https:\\\/\\\/www.cfnorge.no\\\/wp-content\\\/uploads\\\/2024\\\/06\\\/CF-Horisontal-logo-2.png\",\"width\":12334,\"height\":3827,\"caption\":\"CF Norge\"},\"image\":{\"@id\":\"https:\\\/\\\/www.cfnorge.no\\\/#\\\/schema\\\/logo\\\/image\\\/\"}}]}<\/script>\n<!-- \/ Yoast SEO plugin. -->","yoast_head_json":{"title":"For pressen | Fakta om cystisk fibrose |\u00a0CF Norge","description":"Vi har samlet sentrale opplysninger om cystisk fibrose i Norge. Fakta om \u00e5rsak, diagnostisering, arv og forekomst ved cystisk fibrose.","robots":{"index":"index","follow":"follow","max-snippet":"max-snippet:-1","max-image-preview":"max-image-preview:large","max-video-preview":"max-video-preview:-1"},"canonical":"https:\/\/www.cfnorge.no\/en\/cystisk-fibrose\/fakta-om-cf\/","og_locale":"en_GB","og_type":"article","og_title":"For pressen | Fakta om cystisk fibrose |\u00a0CF Norge","og_description":"Vi har samlet sentrale opplysninger om cystisk fibrose i Norge. Fakta om \u00e5rsak, diagnostisering, arv og forekomst ved cystisk fibrose.","og_url":"https:\/\/www.cfnorge.no\/en\/cystisk-fibrose\/fakta-om-cf\/","og_site_name":"CF Norge","article_modified_time":"2025-11-10T14:07:49+00:00","twitter_card":"summary_large_image","twitter_misc":{"Estimated reading time":"5 minutes"},"schema":{"@context":"https:\/\/schema.org","@graph":[{"@type":"WebPage","@id":"https:\/\/www.cfnorge.no\/cystisk-fibrose\/fakta-om-cf\/","url":"https:\/\/www.cfnorge.no\/cystisk-fibrose\/fakta-om-cf\/","name":"For pressen | Fakta om cystisk fibrose |\u00a0CF Norge","isPartOf":{"@id":"https:\/\/www.cfnorge.no\/#website"},"datePublished":"2023-09-18T07:20:43+00:00","dateModified":"2025-11-10T14:07:49+00:00","description":"Vi har samlet sentrale opplysninger om cystisk fibrose i Norge. Fakta om \u00e5rsak, diagnostisering, arv og forekomst ved cystisk fibrose.","breadcrumb":{"@id":"https:\/\/www.cfnorge.no\/cystisk-fibrose\/fakta-om-cf\/#breadcrumb"},"inLanguage":"en-GB","potentialAction":[{"@type":"ReadAction","target":["https:\/\/www.cfnorge.no\/cystisk-fibrose\/fakta-om-cf\/"]}]},{"@type":"BreadcrumbList","@id":"https:\/\/www.cfnorge.no\/cystisk-fibrose\/fakta-om-cf\/#breadcrumb","itemListElement":[{"@type":"ListItem","position":1,"name":"Hjem","item":"https:\/\/www.cfnorge.no\/"},{"@type":"ListItem","position":2,"name":"Cystisk fibrose","item":"https:\/\/www.cfnorge.no\/cystisk-fibrose\/"},{"@type":"ListItem","position":3,"name":"For pressen &#8211; Fakta om cystisk fibrose"}]},{"@type":"WebSite","@id":"https:\/\/www.cfnorge.no\/#website","url":"https:\/\/www.cfnorge.no\/","name":"CF Norge","description":"","publisher":{"@id":"https:\/\/www.cfnorge.no\/#organization"},"potentialAction":[{"@type":"SearchAction","target":{"@type":"EntryPoint","urlTemplate":"https:\/\/www.cfnorge.no\/?s={search_term_string}"},"query-input":{"@type":"PropertyValueSpecification","valueRequired":true,"valueName":"search_term_string"}}],"inLanguage":"en-GB"},{"@type":"Organization","@id":"https:\/\/www.cfnorge.no\/#organization","name":"CF Norge","url":"https:\/\/www.cfnorge.no\/","logo":{"@type":"ImageObject","inLanguage":"en-GB","@id":"https:\/\/www.cfnorge.no\/#\/schema\/logo\/image\/","url":"https:\/\/www.cfnorge.no\/wp-content\/uploads\/2024\/06\/CF-Horisontal-logo-2.png","contentUrl":"https:\/\/www.cfnorge.no\/wp-content\/uploads\/2024\/06\/CF-Horisontal-logo-2.png","width":12334,"height":3827,"caption":"CF Norge"},"image":{"@id":"https:\/\/www.cfnorge.no\/#\/schema\/logo\/image\/"}}]}},"_links":{"self":[{"href":"https:\/\/www.cfnorge.no\/en\/wp-json\/wp\/v2\/pages\/487","targetHints":{"allow":["GET"]}}],"collection":[{"href":"https:\/\/www.cfnorge.no\/en\/wp-json\/wp\/v2\/pages"}],"about":[{"href":"https:\/\/www.cfnorge.no\/en\/wp-json\/wp\/v2\/types\/page"}],"author":[{"embeddable":true,"href":"https:\/\/www.cfnorge.no\/en\/wp-json\/wp\/v2\/users\/1"}],"replies":[{"embeddable":true,"href":"https:\/\/www.cfnorge.no\/en\/wp-json\/wp\/v2\/comments?post=487"}],"version-history":[{"count":27,"href":"https:\/\/www.cfnorge.no\/en\/wp-json\/wp\/v2\/pages\/487\/revisions"}],"predecessor-version":[{"id":2232,"href":"https:\/\/www.cfnorge.no\/en\/wp-json\/wp\/v2\/pages\/487\/revisions\/2232"}],"up":[{"embeddable":true,"href":"https:\/\/www.cfnorge.no\/en\/wp-json\/wp\/v2\/pages\/265"}],"wp:attachment":[{"href":"https:\/\/www.cfnorge.no\/en\/wp-json\/wp\/v2\/media?parent=487"}],"curies":[{"name":"wp","href":"https:\/\/api.w.org\/{rel}","templated":true}]}}