{"id":481,"date":"2023-09-18T09:13:01","date_gmt":"2023-09-18T07:13:01","guid":{"rendered":"https:\/\/cfnorge.bwod.dev\/?page_id=481"},"modified":"2025-11-10T14:41:39","modified_gmt":"2025-11-10T13:41:39","slug":"politisk-arbeid-for-cystisk-fibrose","status":"publish","type":"page","link":"https:\/\/www.cfnorge.no\/en\/om-oss\/politisk-arbeid-for-cystisk-fibrose\/","title":{"rendered":"Political advocacy for CF and PCD"},"content":{"rendered":"<p>[et_pb_section fb_built=&raquo;1&#8243; next_background_color=&raquo;#FFFFFF&raquo; _builder_version=&raquo;4.21.0&#8243; _module_preset=&raquo;default&raquo; background_color=&raquo;gcid-9e2f3af2-1007-4221-b250-8e35d98c5991&#8243; background_enable_image=&raquo;off&raquo; background_size=&raquo;custom&raquo; background_image_width=&raquo;101%&raquo; custom_padding=&raquo;||90px|||&raquo; bottom_divider_style=&raquo;wave&raquo; locked=&raquo;off&raquo; global_colors_info=&raquo;{%22gcid-9e2f3af2-1007-4221-b250-8e35d98c5991%22:%91%22background_color%22%93}&raquo;][et_pb_row _builder_version=&raquo;4.21.0&#8243; _module_preset=&raquo;default&raquo; custom_padding=&raquo;11px||4px|||&raquo; global_colors_info=&raquo;{}&raquo;][et_pb_column type=&raquo;4_4&#8243; _builder_version=&raquo;4.21.0&#8243; _module_preset=&raquo;default&raquo; global_colors_info=&raquo;{}&raquo;][et_pb_text _builder_version=&raquo;4.21.0&#8243; _module_preset=&raquo;default&raquo; header_font=&raquo;Poppins|600|||||||&raquo; header_text_color=&raquo;gcid-26e97d0d-b127-4ce1-b597-0df3fb01df24&#8243; custom_margin=&raquo;0px||0px||false|false&raquo; custom_padding=&raquo;0px||0px||false|false&raquo; global_colors_info=&raquo;{%22gcid-26e97d0d-b127-4ce1-b597-0df3fb01df24%22:%91%22header_text_color%22%93}&raquo;]<\/p>\n<h1><span data-contrast=\"none\" xml:lang=\"NB-NO\" lang=\"NB-NO\" class=\"TextRun SCXW205341148 BCX0\"><span class=\"NormalTextRun SCXW205341148 BCX0\">Politisk arbeid for CF og PCD<\/span><\/span><span class=\"EOP SCXW205341148 BCX0\" data-ccp-props=\"{&quot;335559738&quot;:300,&quot;335559739&quot;:150}\">\u00a0<\/span><\/h1>\n<p>[\/et_pb_text][\/et_pb_column][\/et_pb_row][et_pb_row _builder_version=&raquo;4.21.0&#8243; _module_preset=&raquo;default&raquo; custom_margin=&raquo;0px||||false|false&raquo; custom_padding=&raquo;0px||||false|false&raquo; global_colors_info=&raquo;{}&raquo;][et_pb_column type=&raquo;4_4&#8243; _builder_version=&raquo;4.21.0&#8243; _module_preset=&raquo;default&raquo; global_colors_info=&raquo;{}&raquo;][et_pb_text _builder_version=&raquo;4.21.0&#8243; _module_preset=&raquo;default&raquo; text_font=&raquo;Poppins|300|||||||&raquo; text_text_color=&raquo;gcid-26e97d0d-b127-4ce1-b597-0df3fb01df24&#8243; text_font_size=&raquo;16px&raquo; text_line_height=&raquo;1.8em&raquo; global_colors_info=&raquo;{%22gcid-26e97d0d-b127-4ce1-b597-0df3fb01df24%22:%91%22text_text_color%22%93}&raquo;]<\/p>\n<p><span data-contrast=\"none\" class=\"TextRun SCXW131463546 BCX0\"><span class=\"NormalTextRun SCXW131463546 BCX0\">NFCF arbeider kontinuerlig for \u00e5 spre informasjon om CF og PCD, og bidra til \u00e5 sikre og heve kvaliteten p\u00e5 norsk CF- og PCD-omsorg. P\u00e5 denne m\u00e5ten ivaretar vi v\u00e5re medlemmers interesser.<\/span><\/span><\/p>\n<p><span class=\"EOP SCXW131463546 BCX0\" data-ccp-props=\"{&quot;335559739&quot;:150}\"> <span data-contrast=\"none\" class=\"TextRun SCXW173893829 BCX0\"><span class=\"NormalTextRun SCXW173893829 BCX0\">Dette arbeidet gj\u00f8r vi p\u00e5 mange m\u00e5ter. Vi jobber b\u00e5de kortsiktig og langsiktig, og p\u00e5 overordnet niv\u00e5 og n\u00e6rt v\u00e5re medlemmers sykehushverdag. Vi leverer ogs\u00e5 h\u00f8ringssvar p\u00e5 rapporter og prosjekter som er av betydning for CF og PCD.<\/span><\/span><span class=\"EOP SCXW173893829 BCX0\" data-ccp-props=\"{&quot;335559739&quot;:150}\">\u00a0<\/span><\/span><\/p>\n<p>[\/et_pb_text][\/et_pb_column][\/et_pb_row][\/et_pb_section][et_pb_section fb_built=&raquo;1&#8243; _builder_version=&raquo;4.21.0&#8243; _module_preset=&raquo;default&raquo; background_color=&raquo;#FFFFFF&raquo; custom_padding=&raquo;24px|||||&raquo; global_colors_info=&raquo;{}&raquo;][et_pb_row column_structure=&raquo;1_3,1_3,1_3&#8243; use_custom_gutter=&raquo;on&raquo; gutter_width=&raquo;2&#8243; _builder_version=&raquo;4.21.0&#8243; _module_preset=&raquo;default&raquo; locked=&raquo;off&raquo; global_colors_info=&raquo;{}&raquo;][et_pb_column type=&raquo;1_3&#8243; _builder_version=&raquo;4.21.0&#8243; _module_preset=&raquo;default&raquo; global_colors_info=&raquo;{}&raquo;][et_pb_toggle title=&raquo;Langsiktig og overordnede m\u00e5l&raquo; open_toggle_text_color=&raquo;gcid-edcc47c2-e936-4ba2-8e6c-8ca8cb2c2a05&#8243; open_toggle_background_color=&raquo;gcid-9e2f3af2-1007-4221-b250-8e35d98c5991&#8243; closed_toggle_background_color=&raquo;gcid-9e2f3af2-1007-4221-b250-8e35d98c5991&#8243; icon_color=&raquo;gcid-edcc47c2-e936-4ba2-8e6c-8ca8cb2c2a05&#8243; toggle_icon=&raquo;&#x22;||divi||400&#8243; use_icon_font_size=&raquo;on&raquo; icon_font_size=&raquo;18px&raquo; open_icon_color=&raquo;gcid-edcc47c2-e936-4ba2-8e6c-8ca8cb2c2a05&#8243; open_toggle_icon=&raquo;&#x21;||divi||400&#8243; _builder_version=&raquo;4.21.0&#8243; _module_preset=&raquo;default&raquo; title_text_color=&raquo;gcid-edcc47c2-e936-4ba2-8e6c-8ca8cb2c2a05&#8243; title_font=&raquo;|600|||||||&raquo; body_text_color=&raquo;gcid-26e97d0d-b127-4ce1-b597-0df3fb01df24&#8243; body_link_text_color=&raquo;gcid-edcc47c2-e936-4ba2-8e6c-8ca8cb2c2a05&#8243; custom_padding=&raquo;35px||35px||false|false&raquo; custom_padding_tablet=&raquo;35px||35px||false|false&raquo; custom_padding_phone=&raquo;20px||20px||false|false&raquo; custom_padding_last_edited=&raquo;on|phone&raquo; title_line_height_tablet=&raquo;&raquo; title_line_height_phone=&raquo;1.4em&raquo; title_line_height_last_edited=&raquo;on|phone&raquo; border_width_all=&raquo;0px&raquo; locked=&raquo;off&raquo; global_colors_info=&raquo;{%22gcid-edcc47c2-e936-4ba2-8e6c-8ca8cb2c2a05%22:%91%22icon_color%22,%22open_toggle_text_color%22,%22title_text_color%22,%22body_link_text_color%22,%22open_icon_color%22%93,%22gcid-26e97d0d-b127-4ce1-b597-0df3fb01df24%22:%91%22body_text_color%22%93,%22gcid-9e2f3af2-1007-4221-b250-8e35d98c5991%22:%91%22closed_toggle_background_color%22,%22open_toggle_background_color%22%93}&raquo;]<\/p>\n<p><span data-contrast=\"none\">CF Norge jobber mot byr\u00e5krati og premissgivere for \u00e5 sikre at organiseringen av helsetilbudet er best mulig.<\/span><span data-ccp-props=\"{&quot;335559739&quot;:150}\">\u00a0<\/span><\/p>\n<ul>\n<li data-leveltext=\"\uf0b7\" data-font=\"Symbol\" data-listid=\"1\" data-list-defn-props=\"{&quot;335552541&quot;:1,&quot;335559684&quot;:-2,&quot;335559685&quot;:720,&quot;335559991&quot;:360,&quot;469769226&quot;:&quot;Symbol&quot;,&quot;469769242&quot;:[8226],&quot;469777803&quot;:&quot;left&quot;,&quot;469777804&quot;:&quot;\uf0b7&quot;,&quot;469777815&quot;:&quot;multilevel&quot;}\" aria-setsize=\"-1\" data-aria-posinset=\"1\" data-aria-level=\"1\"><span data-contrast=\"none\">Oppbygging og organisering (ansvarsforhold)<\/span><span data-ccp-props=\"{&quot;134233117&quot;:true,&quot;134233118&quot;:true}\">\u00a0<\/span><\/li>\n<li data-leveltext=\"\uf0b7\" data-font=\"Symbol\" data-listid=\"1\" data-list-defn-props=\"{&quot;335552541&quot;:1,&quot;335559684&quot;:-2,&quot;335559685&quot;:720,&quot;335559991&quot;:360,&quot;469769226&quot;:&quot;Symbol&quot;,&quot;469769242&quot;:[8226],&quot;469777803&quot;:&quot;left&quot;,&quot;469777804&quot;:&quot;\uf0b7&quot;,&quot;469777815&quot;:&quot;multilevel&quot;}\" aria-setsize=\"-1\" data-aria-posinset=\"2\" data-aria-level=\"1\"><span data-contrast=\"none\">\u00d8konomi \u2013 ressurstilgang<\/span><span data-ccp-props=\"{&quot;134233117&quot;:true,&quot;134233118&quot;:true}\">\u00a0<\/span><\/li>\n<li data-leveltext=\"\uf0b7\" data-font=\"Symbol\" data-listid=\"1\" data-list-defn-props=\"{&quot;335552541&quot;:1,&quot;335559684&quot;:-2,&quot;335559685&quot;:720,&quot;335559991&quot;:360,&quot;469769226&quot;:&quot;Symbol&quot;,&quot;469769242&quot;:[8226],&quot;469777803&quot;:&quot;left&quot;,&quot;469777804&quot;:&quot;\uf0b7&quot;,&quot;469777815&quot;:&quot;multilevel&quot;}\" aria-setsize=\"-1\" data-aria-posinset=\"3\" data-aria-level=\"1\"><span data-contrast=\"none\">Tilgang nye medisiner<\/span><span data-ccp-props=\"{&quot;134233117&quot;:true,&quot;134233118&quot;:true}\">\u00a0<\/span><\/li>\n<\/ul>\n<p>[\/et_pb_toggle][\/et_pb_column][et_pb_column type=&raquo;1_3&#8243; _builder_version=&raquo;4.21.0&#8243; _module_preset=&raquo;default&raquo; global_colors_info=&raquo;{}&raquo;][et_pb_toggle title=&raquo;Et utvalg av de akt\u00f8rene vi jobber opp mot&raquo; open_toggle_text_color=&raquo;gcid-edcc47c2-e936-4ba2-8e6c-8ca8cb2c2a05&#8243; open_toggle_background_color=&raquo;gcid-9e2f3af2-1007-4221-b250-8e35d98c5991&#8243; closed_toggle_background_color=&raquo;gcid-9e2f3af2-1007-4221-b250-8e35d98c5991&#8243; icon_color=&raquo;gcid-edcc47c2-e936-4ba2-8e6c-8ca8cb2c2a05&#8243; toggle_icon=&raquo;&#x22;||divi||400&#8243; use_icon_font_size=&raquo;on&raquo; icon_font_size=&raquo;18px&raquo; open_icon_color=&raquo;gcid-edcc47c2-e936-4ba2-8e6c-8ca8cb2c2a05&#8243; open_toggle_icon=&raquo;&#x21;||divi||400&#8243; _builder_version=&raquo;4.21.0&#8243; _module_preset=&raquo;default&raquo; title_text_color=&raquo;gcid-edcc47c2-e936-4ba2-8e6c-8ca8cb2c2a05&#8243; title_font=&raquo;|600|||||||&raquo; title_line_height=&raquo;1.4em&raquo; body_text_color=&raquo;gcid-26e97d0d-b127-4ce1-b597-0df3fb01df24&#8243; body_link_text_color=&raquo;gcid-edcc47c2-e936-4ba2-8e6c-8ca8cb2c2a05&#8243; custom_padding=&raquo;||||false|false&raquo; border_width_all=&raquo;0px&raquo; locked=&raquo;off&raquo; global_colors_info=&raquo;{%22gcid-edcc47c2-e936-4ba2-8e6c-8ca8cb2c2a05%22:%91%22icon_color%22,%22open_toggle_text_color%22,%22title_text_color%22,%22body_link_text_color%22,%22open_icon_color%22%93,%22gcid-26e97d0d-b127-4ce1-b597-0df3fb01df24%22:%91%22body_text_color%22%93,%22gcid-9e2f3af2-1007-4221-b250-8e35d98c5991%22:%91%22open_toggle_background_color%22,%22closed_toggle_background_color%22%93}&raquo;]<\/p>\n<ul>\n<li data-leveltext=\"\uf0b7\" data-font=\"Symbol\" data-listid=\"2\" data-list-defn-props=\"{&quot;335552541&quot;:1,&quot;335559684&quot;:-2,&quot;335559685&quot;:720,&quot;335559991&quot;:360,&quot;469769226&quot;:&quot;Symbol&quot;,&quot;469769242&quot;:[8226],&quot;469777803&quot;:&quot;left&quot;,&quot;469777804&quot;:&quot;\uf0b7&quot;,&quot;469777815&quot;:&quot;multilevel&quot;}\" aria-setsize=\"-1\" data-aria-posinset=\"1\" data-aria-level=\"1\"><a href=\"http:\/\/www.oslo-universitetssykehus.no\/omoss\/avdelinger\/norsk-senter-for-cystisk-fibrose\/Sider\/enhet.aspx\"><span data-contrast=\"none\">Norsk senter for cystisk fibrose (NSCF)<\/span><\/a><span data-ccp-props=\"{&quot;134233117&quot;:true,&quot;134233118&quot;:true}\">\u00a0<\/span><\/li>\n<li data-leveltext=\"\uf0b7\" data-font=\"Symbol\" data-listid=\"2\" data-list-defn-props=\"{&quot;335552541&quot;:1,&quot;335559684&quot;:-2,&quot;335559685&quot;:720,&quot;335559991&quot;:360,&quot;469769226&quot;:&quot;Symbol&quot;,&quot;469769242&quot;:[8226],&quot;469777803&quot;:&quot;left&quot;,&quot;469777804&quot;:&quot;\uf0b7&quot;,&quot;469777815&quot;:&quot;multilevel&quot;}\" aria-setsize=\"-1\" data-aria-posinset=\"2\" data-aria-level=\"1\"><a href=\"http:\/\/www.sjeldne-diagnoser.no\/\"><span data-contrast=\"none\">Norsk kompetansetjeneste for sjeldne diagnoser (NKSD)<\/span><\/a><span data-ccp-props=\"{&quot;134233117&quot;:true,&quot;134233118&quot;:true}\">\u00a0<\/span><\/li>\n<li data-leveltext=\"\uf0b7\" data-font=\"Symbol\" data-listid=\"2\" data-list-defn-props=\"{&quot;335552541&quot;:1,&quot;335559684&quot;:-2,&quot;335559685&quot;:720,&quot;335559991&quot;:360,&quot;469769226&quot;:&quot;Symbol&quot;,&quot;469769242&quot;:[8226],&quot;469777803&quot;:&quot;left&quot;,&quot;469777804&quot;:&quot;\uf0b7&quot;,&quot;469777815&quot;:&quot;multilevel&quot;}\" aria-setsize=\"-1\" data-aria-posinset=\"3\" data-aria-level=\"1\"><a href=\"http:\/\/helsedirektoratet.no\/Sider\/default.aspx\"><span data-contrast=\"none\">Helsedirektoratet<\/span><\/a><span data-contrast=\"none\">\u202fog\u202f<\/span><a href=\"http:\/\/www.regjeringen.no\/nb\/dep\/hod.html?id=421\"><span data-contrast=\"none\">Helse &#8211; og omsorgsdepartementet (HOD)<\/span><\/a><span data-ccp-props=\"{&quot;134233117&quot;:true,&quot;134233118&quot;:true}\">\u00a0<\/span><\/li>\n<li data-leveltext=\"\uf0b7\" data-font=\"Symbol\" data-listid=\"2\" data-list-defn-props=\"{&quot;335552541&quot;:1,&quot;335559684&quot;:-2,&quot;335559685&quot;:720,&quot;335559991&quot;:360,&quot;469769226&quot;:&quot;Symbol&quot;,&quot;469769242&quot;:[8226],&quot;469777803&quot;:&quot;left&quot;,&quot;469777804&quot;:&quot;\uf0b7&quot;,&quot;469777815&quot;:&quot;multilevel&quot;}\" aria-setsize=\"-1\" data-aria-posinset=\"4\" data-aria-level=\"1\"><span data-contrast=\"none\">Helseregionene<\/span><span data-ccp-props=\"{&quot;134233117&quot;:true,&quot;134233118&quot;:true}\">\u00a0<\/span><\/li>\n<li data-leveltext=\"\uf0b7\" data-font=\"Symbol\" data-listid=\"2\" data-list-defn-props=\"{&quot;335552541&quot;:1,&quot;335559684&quot;:-2,&quot;335559685&quot;:720,&quot;335559991&quot;:360,&quot;469769226&quot;:&quot;Symbol&quot;,&quot;469769242&quot;:[8226],&quot;469777803&quot;:&quot;left&quot;,&quot;469777804&quot;:&quot;\uf0b7&quot;,&quot;469777815&quot;:&quot;multilevel&quot;}\" aria-setsize=\"-1\" data-aria-posinset=\"5\" data-aria-level=\"1\"><span data-contrast=\"none\">Enkeltsykehus og avdelinger<\/span><span data-ccp-props=\"{&quot;134233117&quot;:true,&quot;134233118&quot;:true}\">\u00a0<\/span><\/li>\n<\/ul>\n<p><span data-contrast=\"none\">Vi deltar p\u00e5 seminarer og m\u00f8ter hvor vi fremmer behovene til mennesker med CF.<\/span><span data-ccp-props=\"{&quot;335559739&quot;:150}\">\u00a0<\/span><\/p>\n<p><span data-contrast=\"none\">Vi er dessuten medlem i\u202f<\/span><a href=\"http:\/\/www.ffo.no\/no\/\"><span data-contrast=\"none\">Funksjonhemmede Fellesorganisasjon (FFO)<\/span><\/a><span data-contrast=\"none\">\u202fog i\u202f<\/span><a href=\"http:\/\/www.ungefunksjonshemmede.no\/\"><span data-contrast=\"none\">Unge funksjonshemmede<\/span><\/a><span data-contrast=\"none\">.\u202f<\/span><span data-ccp-props=\"{&quot;335559739&quot;:150}\">\u00a0<\/span><\/p>\n<p>[\/et_pb_toggle][\/et_pb_column][et_pb_column type=&raquo;1_3&#8243; _builder_version=&raquo;4.21.0&#8243; _module_preset=&raquo;default&raquo; global_colors_info=&raquo;{}&raquo;][et_pb_toggle title=&raquo;Medlemmers hverdag &raquo; open_toggle_text_color=&raquo;gcid-edcc47c2-e936-4ba2-8e6c-8ca8cb2c2a05&#8243; open_toggle_background_color=&raquo;gcid-9e2f3af2-1007-4221-b250-8e35d98c5991&#8243; closed_toggle_background_color=&raquo;gcid-9e2f3af2-1007-4221-b250-8e35d98c5991&#8243; icon_color=&raquo;gcid-edcc47c2-e936-4ba2-8e6c-8ca8cb2c2a05&#8243; toggle_icon=&raquo;&#x22;||divi||400&#8243; use_icon_font_size=&raquo;on&raquo; icon_font_size=&raquo;18px&raquo; open_icon_color=&raquo;gcid-edcc47c2-e936-4ba2-8e6c-8ca8cb2c2a05&#8243; open_toggle_icon=&raquo;&#x21;||divi||400&#8243; _builder_version=&raquo;4.21.0&#8243; _module_preset=&raquo;default&raquo; title_text_color=&raquo;gcid-edcc47c2-e936-4ba2-8e6c-8ca8cb2c2a05&#8243; title_font=&raquo;|600|||||||&raquo; body_text_color=&raquo;gcid-26e97d0d-b127-4ce1-b597-0df3fb01df24&#8243; body_link_text_color=&raquo;gcid-edcc47c2-e936-4ba2-8e6c-8ca8cb2c2a05&#8243; custom_padding=&raquo;35px||35px||false|false&raquo; border_width_all=&raquo;0px&raquo; locked=&raquo;off&raquo; global_colors_info=&raquo;{%22gcid-edcc47c2-e936-4ba2-8e6c-8ca8cb2c2a05%22:%91%22icon_color%22,%22open_toggle_text_color%22,%22title_text_color%22,%22body_link_text_color%22,%22open_icon_color%22%93,%22gcid-26e97d0d-b127-4ce1-b597-0df3fb01df24%22:%91%22body_text_color%22%93,%22gcid-9e2f3af2-1007-4221-b250-8e35d98c5991%22:%91%22open_toggle_background_color%22,%22closed_toggle_background_color%22%93}&raquo;]<\/p>\n<p><span data-contrast=\"none\">Vi er opptatt av \u00e5 ha et n\u00e6rt samarbeid med sykepleiere og leger ved avdelinger som har CF-pasienter. Dette inneb\u00e6rer b\u00e5de \u00e5 sende relevant informasjon om CF og PCD og v\u00e5re arrangementer og ogs\u00e5 \u00e5 ha uformelle samtaler og mer formelt samarbeid.<\/span><span data-ccp-props=\"{&quot;335559739&quot;:150}\">\u00a0<\/span><\/p>\n<p><span data-contrast=\"none\">Vi har fingeren p\u00e5 pulsen i forhold til hvordan pasientene opplever de ulike CF-avdelingene, og tar kontakt pr. telefon, post eller mail hvis vi ser at ting b\u00f8r forbedres. Vi \u00f8nsker derfor \u00e5 bli informert dersom v\u00e5re medlemmer opplever avvik og problemer i sin sykehushverdag.<\/span><span data-ccp-props=\"{&quot;335559739&quot;:150}\">\u00a0<\/span><\/p>\n<p><span data-contrast=\"none\">Vi kan bist\u00e5 og gi tips forhold til eventuelle klager ved alvorlige avvik.<\/span><span data-ccp-props=\"{&quot;335559739&quot;:150}\">\u00a0<\/span><\/p>\n<p>&nbsp;<\/p>\n<p>[\/et_pb_toggle][\/et_pb_column][\/et_pb_row][et_pb_row _builder_version=&raquo;4.21.0&#8243; _module_preset=&raquo;default&raquo; global_colors_info=&raquo;{}&raquo;][et_pb_column type=&raquo;4_4&#8243; _builder_version=&raquo;4.21.0&#8243; _module_preset=&raquo;default&raquo; global_colors_info=&raquo;{}&raquo;][et_pb_image src=&raquo;https:\/\/cfnorge.bwod.dev\/wp-content\/uploads\/2023\/09\/priscilla-du-preez-I-zSrQnLlX0-unsplash.jpg&raquo; title_text=&raquo;priscilla-du-preez-I-zSrQnLlX0-unsplash&raquo; _builder_version=&raquo;4.21.0&#8243; _module_preset=&raquo;default&raquo; global_colors_info=&raquo;{}&raquo;][\/et_pb_image][\/et_pb_column][\/et_pb_row][et_pb_row _builder_version=&raquo;4.21.0&#8243; _module_preset=&raquo;default&raquo; global_colors_info=&raquo;{}&raquo;][et_pb_column type=&raquo;4_4&#8243; _builder_version=&raquo;4.21.0&#8243; _module_preset=&raquo;default&raquo; global_colors_info=&raquo;{}&raquo;][et_pb_toggle title=&raquo;Kvalitetsfaktorer vi er opptatt av&raquo; open_toggle_text_color=&raquo;gcid-26e97d0d-b127-4ce1-b597-0df3fb01df24&#8243; open_toggle_background_color=&raquo;RGBA(255,255,255,0)&raquo; closed_toggle_background_color=&raquo;gcid-edcc47c2-e936-4ba2-8e6c-8ca8cb2c2a05&#8243; icon_color=&raquo;gcid-def3f79a-900d-4425-86b8-efdc1c9633a6&#8243; toggle_icon=&raquo;&#x50;||divi||400&#8243; use_icon_font_size=&raquo;on&raquo; icon_font_size=&raquo;20px&raquo; open_icon_color=&raquo;gcid-edcc47c2-e936-4ba2-8e6c-8ca8cb2c2a05&#8243; open_toggle_icon=&raquo;&#x4f;||divi||400&#8243; open_use_icon_font_size=&raquo;on&raquo; open_icon_font_size=&raquo;20px&raquo; _builder_version=&raquo;4.21.0&#8243; _module_preset=&raquo;default&raquo; title_text_color=&raquo;#FFFFFF&raquo; title_font=&raquo;|600|||||||&raquo; title_font_size=&raquo;18px&raquo; body_text_color=&raquo;gcid-26e97d0d-b127-4ce1-b597-0df3fb01df24&#8243; body_link_text_color=&raquo;gcid-edcc47c2-e936-4ba2-8e6c-8ca8cb2c2a05&#8243; custom_margin=&raquo;10px||10px||false|false&raquo; custom_padding=&raquo;||||false|false&raquo; title_line_height_tablet=&raquo;&raquo; title_line_height_phone=&raquo;1.4em&raquo; title_line_height_last_edited=&raquo;on|phone&raquo; border_width_all=&raquo;0px&raquo; locked=&raquo;off&raquo; global_colors_info=&raquo;{%22gcid-def3f79a-900d-4425-86b8-efdc1c9633a6%22:%91%22icon_color%22%93,%22gcid-26e97d0d-b127-4ce1-b597-0df3fb01df24%22:%91%22open_toggle_text_color%22,%22body_text_color%22%93,%22gcid-edcc47c2-e936-4ba2-8e6c-8ca8cb2c2a05%22:%91%22open_icon_color%22,%22closed_toggle_background_color%22,%22body_link_text_color%22%93}&raquo;]<\/p>\n<p><span data-contrast=\"none\">Tverrfaglighet \u2013 mennesker med CF skal ha problemfri tilgang p\u00e5 CF-spesialisert lege, sykepleier, fysioterapeut, ern\u00e6ringsfysiolog, sosionom, mikrobiolog, for \u00e5 nevne det mest grunnleggende. Mennesker med CF skal ogs\u00e5 ha tilgang til CF-spesialisert helsepersonell minimum en gang per \u00e5r, og ellers ved behov slik personen med CF selv definerer det. Mennesker med CF skal dessuten ha smittefrie og hygieniske helsefasiliteter. Dette er hovedelementene i det vi \u00f8nsker \u00e5 sikre for v\u00e5re medlemmer.<\/span><span data-ccp-props=\"{&quot;335559739&quot;:150}\">\u00a0<\/span><\/p>\n<p>[\/et_pb_toggle][et_pb_toggle title=&raquo;M\u00e5lsetning \u2013 lengre og bedre liv &raquo; open_toggle_text_color=&raquo;gcid-26e97d0d-b127-4ce1-b597-0df3fb01df24&#8243; open_toggle_background_color=&raquo;RGBA(255,255,255,0)&raquo; closed_toggle_background_color=&raquo;gcid-edcc47c2-e936-4ba2-8e6c-8ca8cb2c2a05&#8243; icon_color=&raquo;gcid-def3f79a-900d-4425-86b8-efdc1c9633a6&#8243; toggle_icon=&raquo;&#x50;||divi||400&#8243; use_icon_font_size=&raquo;on&raquo; icon_font_size=&raquo;20px&raquo; open_icon_color=&raquo;gcid-edcc47c2-e936-4ba2-8e6c-8ca8cb2c2a05&#8243; open_toggle_icon=&raquo;&#x4f;||divi||400&#8243; open_use_icon_font_size=&raquo;on&raquo; open_icon_font_size=&raquo;20px&raquo; _builder_version=&raquo;4.21.0&#8243; _module_preset=&raquo;default&raquo; title_text_color=&raquo;#FFFFFF&raquo; title_font=&raquo;|600|||||||&raquo; title_font_size=&raquo;18px&raquo; body_text_color=&raquo;gcid-26e97d0d-b127-4ce1-b597-0df3fb01df24&#8243; body_link_text_color=&raquo;gcid-edcc47c2-e936-4ba2-8e6c-8ca8cb2c2a05&#8243; custom_margin=&raquo;10px||10px||false|false&raquo; custom_padding=&raquo;||||false|false&raquo; title_line_height_tablet=&raquo;&raquo; title_line_height_phone=&raquo;1.4em&raquo; title_line_height_last_edited=&raquo;on|phone&raquo; border_width_all=&raquo;0px&raquo; locked=&raquo;off&raquo; global_colors_info=&raquo;{%22gcid-def3f79a-900d-4425-86b8-efdc1c9633a6%22:%91%22icon_color%22%93,%22gcid-26e97d0d-b127-4ce1-b597-0df3fb01df24%22:%91%22open_toggle_text_color%22,%22body_text_color%22%93,%22gcid-edcc47c2-e936-4ba2-8e6c-8ca8cb2c2a05%22:%91%22open_icon_color%22,%22closed_toggle_background_color%22,%22body_link_text_color%22%93}&raquo;]<\/p>\n<p><span data-contrast=\"none\">V\u00e5r m\u00e5lsetning er at norsk CF- og PCD-omsorg skal holde en h\u00f8y kvalitet og v\u00e6r ei henhold til internasjonale retningslinjer for god omsorg. En viktig del av m\u00e5lsetningen er ogs\u00e5 at norsk CF- og PCD-omsorg skal ha like h\u00f8y kvalitet uansett hvor man bor i landet. H\u00f8y kvalitet p\u00e5 CF- og PCD-omsorgen gir lengre og bedre liv.<\/span><span data-ccp-props=\"{&quot;335559739&quot;:150}\">\u00a0<\/span><\/p>\n<p>[\/et_pb_toggle][et_pb_toggle title=&raquo;Andre arbeidsomr\u00e5der &raquo; open_toggle_text_color=&raquo;gcid-26e97d0d-b127-4ce1-b597-0df3fb01df24&#8243; open_toggle_background_color=&raquo;RGBA(255,255,255,0)&raquo; closed_toggle_background_color=&raquo;gcid-edcc47c2-e936-4ba2-8e6c-8ca8cb2c2a05&#8243; icon_color=&raquo;gcid-def3f79a-900d-4425-86b8-efdc1c9633a6&#8243; toggle_icon=&raquo;&#x50;||divi||400&#8243; use_icon_font_size=&raquo;on&raquo; icon_font_size=&raquo;20px&raquo; open_icon_color=&raquo;gcid-edcc47c2-e936-4ba2-8e6c-8ca8cb2c2a05&#8243; open_toggle_icon=&raquo;&#x4f;||divi||400&#8243; open_use_icon_font_size=&raquo;on&raquo; open_icon_font_size=&raquo;20px&raquo; _builder_version=&raquo;4.21.0&#8243; _module_preset=&raquo;default&raquo; title_text_color=&raquo;#FFFFFF&raquo; title_font=&raquo;|600|||||||&raquo; title_font_size=&raquo;18px&raquo; body_text_color=&raquo;gcid-26e97d0d-b127-4ce1-b597-0df3fb01df24&#8243; body_link_text_color=&raquo;gcid-edcc47c2-e936-4ba2-8e6c-8ca8cb2c2a05&#8243; custom_margin=&raquo;10px||10px||false|false&raquo; custom_padding=&raquo;||||false|false&raquo; border_width_all=&raquo;0px&raquo; locked=&raquo;off&raquo; global_colors_info=&raquo;{%22gcid-def3f79a-900d-4425-86b8-efdc1c9633a6%22:%91%22icon_color%22%93,%22gcid-26e97d0d-b127-4ce1-b597-0df3fb01df24%22:%91%22open_toggle_text_color%22,%22body_text_color%22%93,%22gcid-edcc47c2-e936-4ba2-8e6c-8ca8cb2c2a05%22:%91%22open_icon_color%22,%22closed_toggle_background_color%22,%22body_link_text_color%22%93}&raquo;]<\/p>\n<p><span data-contrast=\"none\">Vi er ogs\u00e5 opptatt av \u00e5 sikre rettigheter og etterlevelse i barnehage, skole, videreg\u00e5ende oppl\u00e6ring, ogs\u00e5 h\u00f8yere utdanning, som i f\u00f8lge Unge funksjonshemmede sikrer inngangsport i arbeidslivet.<\/span><span data-ccp-props=\"{&quot;335559739&quot;:150}\">\u00a0<\/span><\/p>\n<p>[\/et_pb_toggle][\/et_pb_column][\/et_pb_row][\/et_pb_section][et_pb_section fb_built=&raquo;1&#8243; disabled_on=&raquo;on|on|off&raquo; _builder_version=&raquo;4.21.0&#8243; _module_preset=&raquo;default&raquo; background_color=&raquo;gcid-edcc47c2-e936-4ba2-8e6c-8ca8cb2c2a05&#8243; custom_padding=&raquo;||0px||false|false&raquo; locked=&raquo;off&raquo; global_colors_info=&raquo;{%22gcid-edcc47c2-e936-4ba2-8e6c-8ca8cb2c2a05%22:%91%22background_color%22%93}&raquo;][et_pb_row column_structure=&raquo;1_2,1_2&#8243; use_custom_gutter=&raquo;on&raquo; gutter_width=&raquo;1&#8243; _builder_version=&raquo;4.21.0&#8243; _module_preset=&raquo;default&raquo; custom_padding=&raquo;||0px||false|false&raquo; global_colors_info=&raquo;{}&raquo;][et_pb_column type=&raquo;1_2&#8243; _builder_version=&raquo;4.21.0&#8243; _module_preset=&raquo;default&raquo; global_colors_info=&raquo;{}&raquo;][et_pb_image src=&raquo;https:\/\/cfnorge.bwod.dev\/wp-content\/uploads\/2023\/08\/Stott-oss-illustrasjon-CF-2-1.png&raquo; title_text=&raquo;St\u00f8tt-oss-illustrasjon-CF-2&#8243; _builder_version=&raquo;4.21.0&#8243; _module_preset=&raquo;default&raquo; width=&raquo;65%&raquo; module_alignment=&raquo;center&raquo; global_colors_info=&raquo;{}&raquo;][\/et_pb_image][\/et_pb_column][et_pb_column type=&raquo;1_2&#8243; _builder_version=&raquo;4.21.0&#8243; _module_preset=&raquo;default&raquo; global_colors_info=&raquo;{}&raquo;][et_pb_text _builder_version=&raquo;4.21.0&#8243; _module_preset=&raquo;default&raquo; header_text_color=&raquo;#FFFFFF&raquo; header_2_font=&raquo;Poppins|600|||||||&raquo; header_2_text_color=&raquo;#FFFFFF&raquo; header_2_font_size=&raquo;30px&raquo; header_3_font=&raquo;Poppins||||||||&raquo; header_3_text_color=&raquo;#FFFFFF&raquo; header_3_font_size=&raquo;20px&raquo; header_3_line_height=&raquo;1.5em&raquo; custom_margin=&raquo;74px||18px|||&raquo; global_colors_info=&raquo;{}&raquo;]<\/p>\n<h2>St\u00f8tt oss<\/h2>\n<h3>Vi er veldig glade for alle sm\u00e5<br \/>og store gaver til v\u00e5rt arbeid.<\/h3>\n<p>[\/et_pb_text][et_pb_button button_url=&raquo;@ET-DC@eyJkeW5hbWljIjp0cnVlLCJjb250ZW50IjoicG9zdF9saW5rX3VybF9wYWdlIiwic2V0dGluZ3MiOnsicG9zdF9pZCI6IjQ1NyJ9fQ==@&raquo; button_text=&raquo;LES HVORDAN HER&raquo; _builder_version=&raquo;4.21.0&#8243; _dynamic_attributes=&raquo;button_url&raquo; _module_preset=&raquo;default&raquo; custom_button=&raquo;on&raquo; button_text_size=&raquo;16px&raquo; button_text_color=&raquo;#FFFFFF&raquo; button_bg_color=&raquo;gcid-26e97d0d-b127-4ce1-b597-0df3fb01df24&#8243; button_border_width=&raquo;0px&raquo; button_border_radius=&raquo;100px&raquo; global_colors_info=&raquo;{%22gcid-26e97d0d-b127-4ce1-b597-0df3fb01df24%22:%91%22button_bg_color%22%93}&raquo;][\/et_pb_button][\/et_pb_column][\/et_pb_row][\/et_pb_section][et_pb_section fb_built=&raquo;1&#8243; disabled_on=&raquo;off|off|on&raquo; _builder_version=&raquo;4.21.0&#8243; _module_preset=&raquo;default&raquo; background_color=&raquo;gcid-edcc47c2-e936-4ba2-8e6c-8ca8cb2c2a05&#8243; custom_padding=&raquo;21px||0px||false|false&raquo; locked=&raquo;off&raquo; global_colors_info=&raquo;{%22gcid-edcc47c2-e936-4ba2-8e6c-8ca8cb2c2a05%22:%91%22background_color%22%93}&raquo;][et_pb_row _builder_version=&raquo;4.21.0&#8243; _module_preset=&raquo;default&raquo; custom_margin=&raquo;13px|auto|0px|auto|false|false&raquo; custom_padding=&raquo;7px||0px||false|false&raquo; global_colors_info=&raquo;{}&raquo;][et_pb_column type=&raquo;4_4&#8243; _builder_version=&raquo;4.21.0&#8243; _module_preset=&raquo;default&raquo; global_colors_info=&raquo;{}&raquo;][et_pb_text _builder_version=&raquo;4.21.0&#8243; _module_preset=&raquo;default&raquo; header_2_font=&raquo;Poppins|600|||||||&raquo; header_2_text_color=&raquo;#FFFFFF&raquo; header_2_font_size=&raquo;30px&raquo; header_3_font=&raquo;Poppins||||||||&raquo; header_3_text_color=&raquo;#FFFFFF&raquo; header_3_font_size=&raquo;20px&raquo; header_3_line_height=&raquo;1.5em&raquo; custom_margin=&raquo;26px|||||&raquo; global_colors_info=&raquo;{}&raquo;]<\/p>\n<h2>St\u00f8tt oss<\/h2>\n<h3>Vi er veldig glade for alle sm\u00e5<br \/>og store gaver til v\u00e5rt arbeid.<\/h3>\n<p>[\/et_pb_text][et_pb_button button_url=&raquo;@ET-DC@eyJkeW5hbWljIjp0cnVlLCJjb250ZW50IjoicG9zdF9saW5rX3VybF9wYWdlIiwic2V0dGluZ3MiOnsicG9zdF9pZCI6IjQ1NyJ9fQ==@&raquo; button_text=&raquo;LES HVORDAN HER&raquo; _builder_version=&raquo;4.21.0&#8243; _dynamic_attributes=&raquo;button_url&raquo; _module_preset=&raquo;default&raquo; custom_button=&raquo;on&raquo; button_text_size=&raquo;16px&raquo; button_text_color=&raquo;#FFFFFF&raquo; button_bg_color=&raquo;gcid-26e97d0d-b127-4ce1-b597-0df3fb01df24&#8243; button_border_width=&raquo;0px&raquo; button_border_radius=&raquo;100px&raquo; custom_margin=&raquo;||11px|||&raquo; global_colors_info=&raquo;{%22gcid-26e97d0d-b127-4ce1-b597-0df3fb01df24%22:%91%22button_bg_color%22%93}&raquo;][\/et_pb_button][et_pb_image src=&raquo;https:\/\/cfnorge.bwod.dev\/wp-content\/uploads\/2023\/08\/Stott-oss-illustrasjon-CF-2-1.png&raquo; title_text=&raquo;St\u00f8tt-oss-illustrasjon-CF-2&#8243; _builder_version=&raquo;4.21.0&#8243; _module_preset=&raquo;default&raquo; max_width=&raquo;64%&raquo; max_width_tablet=&raquo;50%&raquo; max_width_phone=&raquo;50%&raquo; max_width_last_edited=&raquo;on|tablet&raquo; module_alignment=&raquo;right&raquo; custom_margin_tablet=&raquo;-40px||||false|false&raquo; custom_margin_phone=&raquo;-40px||||false|false&raquo; custom_margin_last_edited=&raquo;on|tablet&raquo; global_colors_info=&raquo;{}&raquo;][\/et_pb_image][\/et_pb_column][\/et_pb_row][\/et_pb_section]<\/p>\n","protected":false},"excerpt":{"rendered":"<p>NFCF arbeider kontinuerlig for \u00e5 spre informasjon om CF, og bidra til \u00e5 sikre og heve kvaliteten p\u00e5 norsk CF-omsorg. P\u00e5 denne m\u00e5ten ivaretar vi v\u00e5re medlemmers interesser. <\/p>","protected":false},"author":1,"featured_media":0,"parent":275,"menu_order":0,"comment_status":"closed","ping_status":"closed","template":"","meta":{"_et_pb_use_builder":"on","_et_pb_old_content":"","_et_gb_content_width":"","footnotes":""},"class_list":["post-481","page","type-page","status-publish","hentry"],"yoast_head":"<!-- This site is optimized with the Yoast SEO plugin v28.3 - https:\/\/yoast.com\/product\/yoast-seo-wordpress\/ -->\n<title>Politisk arbeid for CF og PCD | CF Norge<\/title>\n<meta name=\"description\" content=\"NFCF jobber kontinuerlig for \u00e5 spre informasjon om CF. Hvordan jobber vi mot byr\u00e5krati og premissgivere for \u00e5 sikre best mulig helsetilbud\" \/>\n<meta name=\"robots\" content=\"index, follow, max-snippet:-1, max-image-preview:large, max-video-preview:-1\" \/>\n<link rel=\"canonical\" href=\"https:\/\/www.cfnorge.no\/en\/om-oss\/politisk-arbeid-for-cystisk-fibrose\/\" \/>\n<meta property=\"og:locale\" content=\"en_GB\" \/>\n<meta property=\"og:type\" content=\"article\" \/>\n<meta property=\"og:title\" content=\"Politisk arbeid for CF og PCD | CF Norge\" \/>\n<meta property=\"og:description\" content=\"NFCF jobber kontinuerlig for \u00e5 spre informasjon om CF. Hvordan jobber vi mot byr\u00e5krati og premissgivere for \u00e5 sikre best mulig helsetilbud\" \/>\n<meta property=\"og:url\" content=\"https:\/\/www.cfnorge.no\/en\/om-oss\/politisk-arbeid-for-cystisk-fibrose\/\" \/>\n<meta property=\"og:site_name\" content=\"CF Norge\" \/>\n<meta property=\"article:modified_time\" content=\"2025-11-10T13:41:39+00:00\" \/>\n<meta name=\"twitter:card\" content=\"summary_large_image\" \/>\n<meta name=\"twitter:label1\" content=\"Estimated reading time\" \/>\n\t<meta name=\"twitter:data1\" content=\"4 minutes\" \/>\n<script type=\"application\/ld+json\" class=\"yoast-schema-graph\">{\"@context\":\"https:\\\/\\\/schema.org\",\"@graph\":[{\"@type\":\"WebPage\",\"@id\":\"https:\\\/\\\/www.cfnorge.no\\\/om-oss\\\/politisk-arbeid-for-cystisk-fibrose\\\/\",\"url\":\"https:\\\/\\\/www.cfnorge.no\\\/om-oss\\\/politisk-arbeid-for-cystisk-fibrose\\\/\",\"name\":\"Politisk arbeid for CF og PCD | CF Norge\",\"isPartOf\":{\"@id\":\"https:\\\/\\\/www.cfnorge.no\\\/#website\"},\"datePublished\":\"2023-09-18T07:13:01+00:00\",\"dateModified\":\"2025-11-10T13:41:39+00:00\",\"description\":\"NFCF jobber kontinuerlig for \u00e5 spre informasjon om CF. Hvordan jobber vi mot byr\u00e5krati og premissgivere for \u00e5 sikre best mulig helsetilbud\",\"breadcrumb\":{\"@id\":\"https:\\\/\\\/www.cfnorge.no\\\/om-oss\\\/politisk-arbeid-for-cystisk-fibrose\\\/#breadcrumb\"},\"inLanguage\":\"en-GB\",\"potentialAction\":[{\"@type\":\"ReadAction\",\"target\":[\"https:\\\/\\\/www.cfnorge.no\\\/om-oss\\\/politisk-arbeid-for-cystisk-fibrose\\\/\"]}]},{\"@type\":\"BreadcrumbList\",\"@id\":\"https:\\\/\\\/www.cfnorge.no\\\/om-oss\\\/politisk-arbeid-for-cystisk-fibrose\\\/#breadcrumb\",\"itemListElement\":[{\"@type\":\"ListItem\",\"position\":1,\"name\":\"Hjem\",\"item\":\"https:\\\/\\\/www.cfnorge.no\\\/\"},{\"@type\":\"ListItem\",\"position\":2,\"name\":\"Om oss\",\"item\":\"https:\\\/\\\/www.cfnorge.no\\\/om-oss\\\/\"},{\"@type\":\"ListItem\",\"position\":3,\"name\":\"Politisk arbeid for CF og PCD\"}]},{\"@type\":\"WebSite\",\"@id\":\"https:\\\/\\\/www.cfnorge.no\\\/#website\",\"url\":\"https:\\\/\\\/www.cfnorge.no\\\/\",\"name\":\"CF Norge\",\"description\":\"\",\"publisher\":{\"@id\":\"https:\\\/\\\/www.cfnorge.no\\\/#organization\"},\"potentialAction\":[{\"@type\":\"SearchAction\",\"target\":{\"@type\":\"EntryPoint\",\"urlTemplate\":\"https:\\\/\\\/www.cfnorge.no\\\/?s={search_term_string}\"},\"query-input\":{\"@type\":\"PropertyValueSpecification\",\"valueRequired\":true,\"valueName\":\"search_term_string\"}}],\"inLanguage\":\"en-GB\"},{\"@type\":\"Organization\",\"@id\":\"https:\\\/\\\/www.cfnorge.no\\\/#organization\",\"name\":\"CF Norge\",\"url\":\"https:\\\/\\\/www.cfnorge.no\\\/\",\"logo\":{\"@type\":\"ImageObject\",\"inLanguage\":\"en-GB\",\"@id\":\"https:\\\/\\\/www.cfnorge.no\\\/#\\\/schema\\\/logo\\\/image\\\/\",\"url\":\"https:\\\/\\\/www.cfnorge.no\\\/wp-content\\\/uploads\\\/2024\\\/06\\\/CF-Horisontal-logo-2.png\",\"contentUrl\":\"https:\\\/\\\/www.cfnorge.no\\\/wp-content\\\/uploads\\\/2024\\\/06\\\/CF-Horisontal-logo-2.png\",\"width\":12334,\"height\":3827,\"caption\":\"CF Norge\"},\"image\":{\"@id\":\"https:\\\/\\\/www.cfnorge.no\\\/#\\\/schema\\\/logo\\\/image\\\/\"}}]}<\/script>\n<!-- \/ Yoast SEO plugin. -->","yoast_head_json":{"title":"Politisk arbeid for CF og PCD | CF Norge","description":"NFCF jobber kontinuerlig for \u00e5 spre informasjon om CF. Hvordan jobber vi mot byr\u00e5krati og premissgivere for \u00e5 sikre best mulig helsetilbud","robots":{"index":"index","follow":"follow","max-snippet":"max-snippet:-1","max-image-preview":"max-image-preview:large","max-video-preview":"max-video-preview:-1"},"canonical":"https:\/\/www.cfnorge.no\/en\/om-oss\/politisk-arbeid-for-cystisk-fibrose\/","og_locale":"en_GB","og_type":"article","og_title":"Politisk arbeid for CF og PCD | CF Norge","og_description":"NFCF jobber kontinuerlig for \u00e5 spre informasjon om CF. Hvordan jobber vi mot byr\u00e5krati og premissgivere for \u00e5 sikre best mulig helsetilbud","og_url":"https:\/\/www.cfnorge.no\/en\/om-oss\/politisk-arbeid-for-cystisk-fibrose\/","og_site_name":"CF Norge","article_modified_time":"2025-11-10T13:41:39+00:00","twitter_card":"summary_large_image","twitter_misc":{"Estimated reading time":"4 minutes"},"schema":{"@context":"https:\/\/schema.org","@graph":[{"@type":"WebPage","@id":"https:\/\/www.cfnorge.no\/om-oss\/politisk-arbeid-for-cystisk-fibrose\/","url":"https:\/\/www.cfnorge.no\/om-oss\/politisk-arbeid-for-cystisk-fibrose\/","name":"Politisk arbeid for CF og PCD | CF Norge","isPartOf":{"@id":"https:\/\/www.cfnorge.no\/#website"},"datePublished":"2023-09-18T07:13:01+00:00","dateModified":"2025-11-10T13:41:39+00:00","description":"NFCF jobber kontinuerlig for \u00e5 spre informasjon om CF. Hvordan jobber vi mot byr\u00e5krati og premissgivere for \u00e5 sikre best mulig helsetilbud","breadcrumb":{"@id":"https:\/\/www.cfnorge.no\/om-oss\/politisk-arbeid-for-cystisk-fibrose\/#breadcrumb"},"inLanguage":"en-GB","potentialAction":[{"@type":"ReadAction","target":["https:\/\/www.cfnorge.no\/om-oss\/politisk-arbeid-for-cystisk-fibrose\/"]}]},{"@type":"BreadcrumbList","@id":"https:\/\/www.cfnorge.no\/om-oss\/politisk-arbeid-for-cystisk-fibrose\/#breadcrumb","itemListElement":[{"@type":"ListItem","position":1,"name":"Hjem","item":"https:\/\/www.cfnorge.no\/"},{"@type":"ListItem","position":2,"name":"Om oss","item":"https:\/\/www.cfnorge.no\/om-oss\/"},{"@type":"ListItem","position":3,"name":"Politisk arbeid for CF og PCD"}]},{"@type":"WebSite","@id":"https:\/\/www.cfnorge.no\/#website","url":"https:\/\/www.cfnorge.no\/","name":"CF Norge","description":"","publisher":{"@id":"https:\/\/www.cfnorge.no\/#organization"},"potentialAction":[{"@type":"SearchAction","target":{"@type":"EntryPoint","urlTemplate":"https:\/\/www.cfnorge.no\/?s={search_term_string}"},"query-input":{"@type":"PropertyValueSpecification","valueRequired":true,"valueName":"search_term_string"}}],"inLanguage":"en-GB"},{"@type":"Organization","@id":"https:\/\/www.cfnorge.no\/#organization","name":"CF Norge","url":"https:\/\/www.cfnorge.no\/","logo":{"@type":"ImageObject","inLanguage":"en-GB","@id":"https:\/\/www.cfnorge.no\/#\/schema\/logo\/image\/","url":"https:\/\/www.cfnorge.no\/wp-content\/uploads\/2024\/06\/CF-Horisontal-logo-2.png","contentUrl":"https:\/\/www.cfnorge.no\/wp-content\/uploads\/2024\/06\/CF-Horisontal-logo-2.png","width":12334,"height":3827,"caption":"CF Norge"},"image":{"@id":"https:\/\/www.cfnorge.no\/#\/schema\/logo\/image\/"}}]}},"_links":{"self":[{"href":"https:\/\/www.cfnorge.no\/en\/wp-json\/wp\/v2\/pages\/481","targetHints":{"allow":["GET"]}}],"collection":[{"href":"https:\/\/www.cfnorge.no\/en\/wp-json\/wp\/v2\/pages"}],"about":[{"href":"https:\/\/www.cfnorge.no\/en\/wp-json\/wp\/v2\/types\/page"}],"author":[{"embeddable":true,"href":"https:\/\/www.cfnorge.no\/en\/wp-json\/wp\/v2\/users\/1"}],"replies":[{"embeddable":true,"href":"https:\/\/www.cfnorge.no\/en\/wp-json\/wp\/v2\/comments?post=481"}],"version-history":[{"count":19,"href":"https:\/\/www.cfnorge.no\/en\/wp-json\/wp\/v2\/pages\/481\/revisions"}],"predecessor-version":[{"id":2221,"href":"https:\/\/www.cfnorge.no\/en\/wp-json\/wp\/v2\/pages\/481\/revisions\/2221"}],"up":[{"embeddable":true,"href":"https:\/\/www.cfnorge.no\/en\/wp-json\/wp\/v2\/pages\/275"}],"wp:attachment":[{"href":"https:\/\/www.cfnorge.no\/en\/wp-json\/wp\/v2\/media?parent=481"}],"curies":[{"name":"wp","href":"https:\/\/api.w.org\/{rel}","templated":true}]}}