{"id":275,"date":"2023-09-12T10:56:43","date_gmt":"2023-09-12T08:56:43","guid":{"rendered":"https:\/\/cfnorge.bwod.dev\/?page_id=275"},"modified":"2026-05-21T10:46:26","modified_gmt":"2026-05-21T08:46:26","slug":"om-oss","status":"publish","type":"page","link":"https:\/\/www.cfnorge.no\/en\/om-oss\/","title":{"rendered":"About us"},"content":{"rendered":"<p>[et_pb_section fb_built=&raquo;1&#8243; admin_label=&raquo;Seksjon&raquo; _builder_version=&raquo;4.21.0&#8243; _module_preset=&raquo;default&raquo; background_color=&raquo;gcid-9e2f3af2-1007-4221-b250-8e35d98c5991&#8243; custom_margin=&raquo;||||false|false&raquo; custom_padding=&raquo;||124px||false|false&raquo; bottom_divider_style=&raquo;wave&raquo; bottom_divider_color=&raquo;#FFFFFF&raquo; global_colors_info=&raquo;{%22gcid-9e2f3af2-1007-4221-b250-8e35d98c5991%22:%91%22background_color%22%93}&raquo;][et_pb_row column_structure=&raquo;3_5,2_5&#8243; admin_label=&raquo;Rad&raquo; _builder_version=&raquo;4.21.0&#8243; _module_preset=&raquo;default&raquo; custom_margin=&raquo;|auto||auto|false|false&raquo; custom_padding=&raquo;||||false|false&raquo; global_colors_info=&raquo;{}&raquo;][et_pb_column type=&raquo;3_5&#8243; _builder_version=&raquo;4.21.0&#8243; _module_preset=&raquo;default&raquo; global_colors_info=&raquo;{}&raquo;][et_pb_text _builder_version=&raquo;4.21.0&#8243; _module_preset=&raquo;default&raquo; header_font=&raquo;Poppins|600|||||||&raquo; header_text_color=&raquo;gcid-26e97d0d-b127-4ce1-b597-0df3fb01df24&#8243; custom_margin=&raquo;||1px||false|false&raquo; global_colors_info=&raquo;{%22gcid-26e97d0d-b127-4ce1-b597-0df3fb01df24%22:%91%22header_text_color%22%93}&raquo;]<\/p>\n<h1>Om Norsk forening for cystisk fibrose<\/h1>\n<p>[\/et_pb_text][et_pb_text _builder_version=&raquo;4.21.0&#8243; _module_preset=&raquo;default&raquo; text_font=&raquo;Poppins|300|||||||&raquo; text_text_color=&raquo;gcid-26e97d0d-b127-4ce1-b597-0df3fb01df24&#8243; text_font_size=&raquo;16px&raquo; text_line_height=&raquo;1.8em&raquo; custom_margin=&raquo;||39px|||&raquo; global_colors_info=&raquo;{%22gcid-26e97d0d-b127-4ce1-b597-0df3fb01df24%22:%91%22text_text_color%22%93}&raquo;]<\/p>\n<p>Norsk forening for cystisk fibrose (NFCF) ble etablert 10. desember 1976 med et interimstyre. I dag fungerer vi som en interesseorganisasjon for personer med cystisk fibrose (CF) og prim\u00e6r cili\u00e6r dyskinesi (PCD) samt deres n\u00e6rmeste p\u00e5r\u00f8rende. Per i dag er det omtrent 400 personer med CF i Norge, og 80 med pcd, og vi har rundt 1100 medlemmer.<\/p>\n<p>NFCFs daglige drift ledes av en daglig leder som rapporterer til et valgt styre, en organisasjonskonsulent og en informasjonsspesialist p\u00e5 engasjement. Foreningen er inndelt i fire regionslag, med ett regionslag i hver landsdel, for \u00e5 sikre lokal tilstedev\u00e6relse og st\u00f8tte. Vi har ogs\u00e5 et eget fagr\u00e5d som har ansvar for \u00e5 gi faglige r\u00e5d og veiledning til organisasjonen<\/p>\n<p>Gjennom de siste ti\u00e5rene har behandling og h\u00e5ndtering av CF utviklet seg betydelig. Det som en gang var en livstruende barnesykdom, har n\u00e5 blitt en tilstand hvor mange kan leve et godt og meningsfylt voksenliv. NFCF arbeider likevel\u00a0 kontinuerlig for \u00e5 forbedre livskvaliteten til de som lever med CF, gjennom informasjon, st\u00f8tte og interessepolitisk arbeid.<\/p>\n<p>[\/et_pb_text][et_pb_button button_url=&raquo;https:\/\/www.cfnorge.no\/wp-content\/uploads\/2026\/05\/2026-05-05-Vedtekter-NFCF-godkjent-arsmote-2026.pdf&raquo; button_text=&raquo;Les foreningens vedtekter her&raquo; button_alignment=&raquo;left&raquo; button_text_tablet=&raquo;Organisasjonsstruktur og administasjon&raquo; button_text_phone=&raquo;Org. struktur og administasjon&raquo; button_text_last_edited=&raquo;off|desktop&raquo; _builder_version=&raquo;4.21.0&#8243; _module_preset=&raquo;default&raquo; custom_button=&raquo;on&raquo; button_text_size=&raquo;15px&raquo; button_text_color=&raquo;#FFFFFF&raquo; button_bg_color=&raquo;gcid-edcc47c2-e936-4ba2-8e6c-8ca8cb2c2a05&#8243; button_border_width=&raquo;0px&raquo; button_border_color=&raquo;RGBA(255,255,255,0)&raquo; button_border_radius=&raquo;100px&raquo; button_use_icon=&raquo;off&raquo; custom_margin=&raquo;||10px||false|false&raquo; custom_padding=&raquo;|||15px|false|false&raquo; global_colors_info=&raquo;{%22gcid-edcc47c2-e936-4ba2-8e6c-8ca8cb2c2a05%22:%91%22button_bg_color%22%93}&raquo;][\/et_pb_button][\/et_pb_column][et_pb_column type=&raquo;2_5&#8243; _builder_version=&raquo;4.21.0&#8243; _module_preset=&raquo;default&raquo; global_colors_info=&raquo;{}&raquo;][et_pb_image src=&raquo;https:\/\/cfnorge.bwod.dev\/wp-content\/uploads\/2023\/08\/CF-Norge-Illustrasjonsbilde-1-1.jpg&raquo; title_text=&raquo;CF-Norge-Illustrasjonsbilde-1&#8243; align=&raquo;right&raquo; disabled_on=&raquo;off|on|off&raquo; _builder_version=&raquo;4.21.0&#8243; _module_preset=&raquo;default&raquo; max_width=&raquo;90%&raquo; max_width_tablet=&raquo;61%&raquo; max_width_phone=&raquo;61%&raquo; max_width_last_edited=&raquo;on|tablet&raquo; global_colors_info=&raquo;{}&raquo;][\/et_pb_image][\/et_pb_column][\/et_pb_row][\/et_pb_section][et_pb_section fb_built=&raquo;1&#8243; _builder_version=&raquo;4.21.0&#8243; _module_preset=&raquo;default&raquo; background_color=&raquo;#FFFFFF&raquo; min_height=&raquo;753.4px&raquo; custom_padding=&raquo;17px||||false|false&raquo; global_colors_info=&raquo;{}&raquo;][et_pb_row use_custom_gutter=&raquo;on&raquo; gutter_width=&raquo;4&#8243; _builder_version=&raquo;4.21.0&#8243; _module_preset=&raquo;default&raquo; custom_margin=&raquo;30px||||false|false&raquo; custom_padding=&raquo;38px|||||&raquo; global_colors_info=&raquo;{}&raquo;][et_pb_column type=&raquo;4_4&#8243; _builder_version=&raquo;4.21.0&#8243; _module_preset=&raquo;default&raquo; global_colors_info=&raquo;{}&raquo;][et_pb_text _builder_version=&raquo;4.21.0&#8243; _module_preset=&raquo;default&raquo; header_font=&raquo;Poppins|600|||||||&raquo; header_text_color=&raquo;gcid-26e97d0d-b127-4ce1-b597-0df3fb01df24&#8243; custom_margin=&raquo;||1px||false|false&raquo; custom_padding=&raquo;||31px|||&raquo; global_colors_info=&raquo;{%22gcid-26e97d0d-b127-4ce1-b597-0df3fb01df24%22:%91%22header_text_color%22%93}&raquo;]<\/p>\n<h1>NFCF sin visjon og misjon\u00a0<\/h1>\n<p>[\/et_pb_text][\/et_pb_column][\/et_pb_row][et_pb_row _builder_version=&raquo;4.21.0&#8243; _module_preset=&raquo;default&raquo; global_colors_info=&raquo;{}&raquo;][et_pb_column type=&raquo;4_4&#8243; _builder_version=&raquo;4.21.0&#8243; _module_preset=&raquo;default&raquo; global_colors_info=&raquo;{}&raquo;][et_pb_image src=&raquo;https:\/\/www.cfnorge.no\/wp-content\/uploads\/2024\/10\/Fremtidsmal-og-formal-NFCF-.png&raquo; title_text=&raquo;Fremtidsm\u00e5l og form\u00e5l NFCF&raquo; _builder_version=&raquo;4.21.0&#8243; _module_preset=&raquo;default&raquo; global_colors_info=&raquo;{}&raquo;][\/et_pb_image][\/et_pb_column][\/et_pb_row][et_pb_row use_custom_gutter=&raquo;on&raquo; gutter_width=&raquo;4&#8243; _builder_version=&raquo;4.21.0&#8243; _module_preset=&raquo;default&raquo; custom_margin=&raquo;30px||||false|false&raquo; custom_padding=&raquo;38px|||||&raquo; global_colors_info=&raquo;{}&raquo;][et_pb_column type=&raquo;4_4&#8243; _builder_version=&raquo;4.21.0&#8243; _module_preset=&raquo;default&raquo; global_colors_info=&raquo;{}&raquo;][et_pb_text _builder_version=&raquo;4.21.0&#8243; _module_preset=&raquo;default&raquo; header_font=&raquo;Poppins|600|||||||&raquo; header_text_color=&raquo;gcid-26e97d0d-b127-4ce1-b597-0df3fb01df24&#8243; custom_margin=&raquo;||1px||false|false&raquo; custom_padding=&raquo;||31px|||&raquo; global_colors_info=&raquo;{%22gcid-26e97d0d-b127-4ce1-b597-0df3fb01df24%22:%91%22header_text_color%22%93}&raquo;]<\/p>\n<h1>V\u00e5re m\u00e5l\u00a0<\/h1>\n<p>[\/et_pb_text][et_pb_text _builder_version=&raquo;4.21.0&#8243; _module_preset=&raquo;default&raquo; text_font=&raquo;Poppins|300|||||||&raquo; text_text_color=&raquo;gcid-26e97d0d-b127-4ce1-b597-0df3fb01df24&#8243; text_font_size=&raquo;16px&raquo; text_line_height=&raquo;1.8em&raquo; custom_margin=&raquo;||39px||false|false&raquo; custom_padding=&raquo;10px|30px|10px|30px|false|false&raquo; box_shadow_style=&raquo;preset1&#8243; global_colors_info=&raquo;{%22gcid-26e97d0d-b127-4ce1-b597-0df3fb01df24%22:%91%22text_text_color%22%93}&raquo;]<\/p>\n<p><strong><\/strong><\/p>\n<p><strong>Spre saklig informasjon<\/strong>: Formidle n\u00f8yaktig og oppdatert informasjon om cystisk fibrose, inkludert diagnose og behandlingsmetoder. Vi arbeider for \u00e5 \u00f8ke forst\u00e5elsen av de utfordringene personer med CF og deres p\u00e5r\u00f8rende st\u00e5r overfor.<\/p>\n<p><strong>\u00a0Informere om behandlingsmuligheter og rettigheter<\/strong>: Gi personer med CF og deres p\u00e5r\u00f8rende kunnskap om tilgjengelige\u00a0 \u00a0 \u00a0 \u00a0 \u00a0behandlingsmuligheter, hjelpetiltak og deres rettigheter. Vi \u00f8nsker \u00e5 sikre like muligheter for alle gjennom riktig informasjon.<\/p>\n<p><strong>Tilby m\u00f8teplasser<\/strong>: Skape ulike m\u00f8teplasser hvor mennesker med CF og deres p\u00e5r\u00f8rende kan utveksle erfaringer, f\u00e5 st\u00f8tte og bygge fellesskap.<\/p>\n<p><strong>St\u00f8tte forskning<\/strong>: Bidra aktivt til forskning p\u00e5 cystisk fibrose for \u00e5 fremme ny kunnskap og bedre behandlinger.<\/p>\n<p><strong>\u00d8ke kunnskap i hjelpeapparatet<\/strong>: Arbeide for at cystisk fibrose blir kjent og forst\u00e5tt i alle deler av det offentlige hjelpeapparatet. Dette sikrer at personer med CF og deres p\u00e5r\u00f8rende f\u00e5r hensiktsmessig behandling, omsorg, st\u00f8tte og hjelp.<\/p>\n<p><strong>Jobbe Interessepolitisk<\/strong>: Arbeide interessepolitisk for \u00e5 sikre at personer med CF har tilgang til n\u00f8dvendig medisinsk hjelp og st\u00f8tte. Vi jobber for \u00e5 p\u00e5virke helsepolitikken slik at behandlingstilbudet og rettighetene til personer med CF styrkes.<\/p>\n<p><strong>Samarbeid Nasjonalt og internasjonalt<\/strong>: Opprettholde og styrke kontakten med andre nasjonale og internasjonale foreninger og organisasjoner innen feltet for \u00e5 utveksle kunnskap og erfaringer, og for \u00e5 fremme felles m\u00e5l.<\/p>\n<p>&nbsp;<\/p>\n<p>[\/et_pb_text][et_pb_toggle title=&raquo;NFCF medlemskap i interesseorganisasjoner &raquo; open_toggle_text_color=&raquo;gcid-26e97d0d-b127-4ce1-b597-0df3fb01df24&#8243; open_toggle_background_color=&raquo;gcid-def3f79a-900d-4425-86b8-efdc1c9633a6&#8243; closed_toggle_background_color=&raquo;gcid-edcc47c2-e936-4ba2-8e6c-8ca8cb2c2a05&#8243; icon_color=&raquo;gcid-def3f79a-900d-4425-86b8-efdc1c9633a6&#8243; toggle_icon=&raquo;&#x50;||divi||400&#8243; use_icon_font_size=&raquo;on&raquo; icon_font_size=&raquo;20px&raquo; open_icon_color=&raquo;gcid-edcc47c2-e936-4ba2-8e6c-8ca8cb2c2a05&#8243; open_toggle_icon=&raquo;&#x4f;||divi||400&#8243; open_use_icon_font_size=&raquo;on&raquo; open_icon_font_size=&raquo;20px&raquo; _builder_version=&raquo;4.21.0&#8243; _module_preset=&raquo;default&raquo; title_text_color=&raquo;#FFFFFF&raquo; title_font=&raquo;|600|||||||&raquo; title_font_size=&raquo;18px&raquo; body_text_color=&raquo;gcid-26e97d0d-b127-4ce1-b597-0df3fb01df24&#8243; custom_margin=&raquo;10px||10px||false|false&raquo; custom_padding=&raquo;||||false|false&raquo; title_line_height_tablet=&raquo;&raquo; title_line_height_phone=&raquo;1.4em&raquo; title_line_height_last_edited=&raquo;on|phone&raquo; border_width_all=&raquo;0px&raquo; global_colors_info=&raquo;{%22gcid-def3f79a-900d-4425-86b8-efdc1c9633a6%22:%91%22open_toggle_background_color%22,%22icon_color%22%93,%22gcid-26e97d0d-b127-4ce1-b597-0df3fb01df24%22:%91%22open_toggle_text_color%22,%22body_text_color%22%93,%22gcid-edcc47c2-e936-4ba2-8e6c-8ca8cb2c2a05%22:%91%22open_icon_color%22,%22closed_toggle_background_color%22%93}&raquo;]<\/p>\n<p>Norsk forening for cystisk fibrose (NFCF) er aktivt involvert i flere viktige nettverk og organisasjoner for \u00e5 styrke v\u00e5rt arbeid og fremme v\u00e5re m\u00e5l:<\/p>\n<ul>\n<ul>\n<ul>\n<li><strong>Funksjonshemmedes Fellesorganisasjon (FFO)<\/strong>: Vi er medlem i FFO gjennom Sm\u00e5gruppesekretariatet, hvor vi samarbeider med andre organisasjoner for \u00e5 forbedre livskvaliteten for personer med funksjonshemninger.<\/li>\n<li><strong>Unge Funksjonshemmede<\/strong>: Som medlem av Unge Funksjonshemmede bidrar vi til \u00e5 fremme rettighetene og mulighetene for unge med funksjonshemninger, og sikrer at deres stemmer blir h\u00f8rt.<\/li>\n<li><strong>Stiftelsen Organdonasjon<\/strong>: NFCF er en av seks pasientorganisasjoner som st\u00e5r bak Stiftelsen Organdonasjon. Vi jobber sammen for \u00e5 fremme og spre kunnskap om organdonasjon, og st\u00f8tte initiativer som \u00f8ker bevisstheten og forst\u00e5elsen rundt dette viktige temaet.<\/li>\n<li><strong>Fundraising Norge<\/strong>: Gjennom v\u00e5rt medlemskap i Fundraising Norge, deltar vi i et bredt nettverk som jobber for \u00e5 forbedre og profesjonalisere innsamlingsarbeid. Dette hjelper oss \u00e5 sikre n\u00f8dvendig st\u00f8tte og ressurser for \u00e5 fortsette v\u00e5rt viktige arbeid.<\/li>\n<\/ul>\n<\/ul>\n<\/ul>\n<p>[\/et_pb_toggle][et_pb_toggle title=&raquo;NFCF medlemskap og aktiviteter&raquo; open_toggle_text_color=&raquo;gcid-26e97d0d-b127-4ce1-b597-0df3fb01df24&#8243; open_toggle_background_color=&raquo;gcid-def3f79a-900d-4425-86b8-efdc1c9633a6&#8243; closed_toggle_background_color=&raquo;gcid-edcc47c2-e936-4ba2-8e6c-8ca8cb2c2a05&#8243; icon_color=&raquo;gcid-def3f79a-900d-4425-86b8-efdc1c9633a6&#8243; toggle_icon=&raquo;&#x50;||divi||400&#8243; use_icon_font_size=&raquo;on&raquo; icon_font_size=&raquo;20px&raquo; open_icon_color=&raquo;gcid-edcc47c2-e936-4ba2-8e6c-8ca8cb2c2a05&#8243; open_toggle_icon=&raquo;&#x4f;||divi||400&#8243; open_use_icon_font_size=&raquo;on&raquo; open_icon_font_size=&raquo;20px&raquo; _builder_version=&raquo;4.21.0&#8243; _module_preset=&raquo;default&raquo; title_text_color=&raquo;#FFFFFF&raquo; title_font=&raquo;|600|||||||&raquo; title_font_size=&raquo;18px&raquo; body_text_color=&raquo;gcid-26e97d0d-b127-4ce1-b597-0df3fb01df24&#8243; custom_margin=&raquo;10px||10px||false|false&raquo; title_line_height_tablet=&raquo;&raquo; title_line_height_phone=&raquo;1.4em&raquo; title_line_height_last_edited=&raquo;on|phone&raquo; border_width_all=&raquo;0px&raquo; global_colors_info=&raquo;{%22gcid-def3f79a-900d-4425-86b8-efdc1c9633a6%22:%91%22open_toggle_background_color%22,%22icon_color%22%93,%22gcid-26e97d0d-b127-4ce1-b597-0df3fb01df24%22:%91%22open_toggle_text_color%22,%22body_text_color%22%93,%22gcid-edcc47c2-e936-4ba2-8e6c-8ca8cb2c2a05%22:%91%22open_icon_color%22,%22closed_toggle_background_color%22%93}&raquo;]<\/p>\n<p>Som medlem av Norsk forening for cystisk fibrose (NFCF) \u00e5pner det seg en verdifull mulighet til \u00e5 delta aktivt i v\u00e5rt fellesskap. Du vil bli invitert til \u00e5rsm\u00f8ter med stemmerett, hvor din stemme er med p\u00e5 \u00e5 forme hvordan NFCF arbeider for \u00e5 bedre livskvaliteten til personer med CF og deres familier. Du f\u00e5r ogs\u00e5\u00a0 tilgang til p\u00e5litelig informasjon om cystisk fibrose, behandlingsmuligheter og rettigheter. NFCF arrangerer regelmessige m\u00f8ter og aktiviteter der du kan m\u00f8te andre i lignende situasjoner. Dette nettverket gir ikke bare sosial st\u00f8tte og erfaringsutveksling, men ogs\u00e5 tilgang til likepersoner som forst\u00e5r dine utfordringer.<\/p>\n<p>Ditt medlemskap st\u00f8tter ogs\u00e5 forskning og utvikling innen CF-feltet, noe som er avgj\u00f8rende for \u00e5 fremme kunnskap og forbedre behandlingsmetoder. Sammen styrker vi NFCFs stemme i m\u00f8te med beslutningstakere og helsepolitikere, og sikrer at behovene til CF-samfunnet blir h\u00f8rt og forst\u00e5tt. Du vil ogs\u00e5 motta regelmessige\u00a0 nyhetsbrev som holder deg oppdatert p\u00e5 NFCFs arbeid og aktuelle saker. Dette bidrar til \u00e5 holde deg informert og engasjert i utviklingen av CF-samfunnet.<\/p>\n<blockquote>\n<p>F\u00f8lg med p\u00e5 v\u00e5re oppdateringer under <a href=\"https:\/\/www.cfnorge.no\/nyheter\/\">&laquo;Nyheter&raquo;<\/a> og p\u00e5 v\u00e5re sosiale medieplattformer, <a href=\"https:\/\/www.facebook.com\/cfnorge\/\">Facebook<\/a> og <a href=\"https:\/\/www.instagram.com\/cf_norge\/\">Instagram<\/a> for \u00e5 f\u00e5 all den siste informasjonen om v\u00e5re aktiviteter og initiativer. <a href=\"https:\/\/nfcf.portal.styreweb.com\/arrangement\/ArrangementSession?ID=Innmelding\">Bli medlem<\/a> av NFCF her<\/p>\n<\/blockquote>\n<p>&nbsp;<\/p>\n<p>&nbsp;<\/p>\n<p>[\/et_pb_toggle][\/et_pb_column][\/et_pb_row][et_pb_row use_custom_gutter=&raquo;on&raquo; gutter_width=&raquo;4&#8243; _builder_version=&raquo;4.21.0&#8243; _module_preset=&raquo;default&raquo; custom_padding=&raquo;||7px|||&raquo; global_colors_info=&raquo;{}&raquo;][et_pb_column type=&raquo;4_4&#8243; _builder_version=&raquo;4.21.0&#8243; _module_preset=&raquo;default&raquo; global_colors_info=&raquo;{}&raquo;][et_pb_image src=&raquo;https:\/\/cfnorge.bwod.dev\/wp-content\/uploads\/2023\/10\/CF-Norge-felleskap-istock.jpg&raquo; title_text=&raquo;CF-Norge-felleskap-istock&raquo; _builder_version=&raquo;4.21.0&#8243; _module_preset=&raquo;default&raquo; global_colors_info=&raquo;{}&raquo;][\/et_pb_image][\/et_pb_column][\/et_pb_row][et_pb_row column_structure=&raquo;1_3,1_3,1_3&#8243; use_custom_gutter=&raquo;on&raquo; gutter_width=&raquo;2&#8243; _builder_version=&raquo;4.21.0&#8243; _module_preset=&raquo;default&raquo; custom_margin=&raquo;41px|auto||auto||&raquo; global_colors_info=&raquo;{}&raquo;][et_pb_column type=&raquo;1_3&#8243; _builder_version=&raquo;4.21.0&#8243; _module_preset=&raquo;default&raquo; global_colors_info=&raquo;{}&raquo;][et_pb_toggle title=&raquo;Trenger du noen \u00e5 snakke med?&raquo; open_toggle_text_color=&raquo;gcid-edcc47c2-e936-4ba2-8e6c-8ca8cb2c2a05&#8243; open_toggle_background_color=&raquo;#FFFFFF&raquo; closed_toggle_background_color=&raquo;gcid-9e2f3af2-1007-4221-b250-8e35d98c5991&#8243; icon_color=&raquo;gcid-edcc47c2-e936-4ba2-8e6c-8ca8cb2c2a05&#8243; toggle_icon=&raquo;&#x22;||divi||400&#8243; use_icon_font_size=&raquo;on&raquo; icon_font_size=&raquo;18px&raquo; open_icon_color=&raquo;gcid-edcc47c2-e936-4ba2-8e6c-8ca8cb2c2a05&#8243; open_toggle_icon=&raquo;&#x21;||divi||400&#8243; _builder_version=&raquo;4.21.0&#8243; _module_preset=&raquo;default&raquo; title_text_color=&raquo;gcid-edcc47c2-e936-4ba2-8e6c-8ca8cb2c2a05&#8243; title_font=&raquo;|600|||||||&raquo; body_link_text_color=&raquo;gcid-edcc47c2-e936-4ba2-8e6c-8ca8cb2c2a05&#8243; custom_padding=&raquo;35px||35px||false|false&raquo; title_line_height_tablet=&raquo;&raquo; title_line_height_phone=&raquo;1.2em&raquo; title_line_height_last_edited=&raquo;on|phone&raquo; border_width_all=&raquo;0px&raquo; global_colors_info=&raquo;{%22gcid-edcc47c2-e936-4ba2-8e6c-8ca8cb2c2a05%22:%91%22icon_color%22,%22open_toggle_text_color%22,%22title_text_color%22,%22body_link_text_color%22,%22open_icon_color%22%93,%22gcid-9e2f3af2-1007-4221-b250-8e35d98c5991%22:%91%22closed_toggle_background_color%22%93}&raquo;]<\/p>\n<p>NFCF har et landsomfattende nettverk av <a href=\"https:\/\/www.cfnorge.no\/likepersoner\/\">likepersoner,<\/a> som er p\u00e5r\u00f8rende til personer med CF eller som har CF selv. Disse likepersonene er tilgjengelige for \u00e5 tilby st\u00f8tte og dele sine erfaringer. Du kan selv kontakte en av v\u00e5re likepersoner for en samtale. For \u00e5 l\u00e6re mer om likepersoner og se listen, <a href=\"https:\/\/www.cfnorge.no\/likepersoner\/\">klikk her.<\/a> I tillegg har vi lukkede Facebook-grupper hvor du kan prate med andre i samme situasjon og utveksle r\u00e5d og st\u00f8tte i et trygt og forst\u00e5elsesfullt milj\u00f8. For tilgang til disse gruppene, kontakt oss p\u00e5 <a rel=\"noreferrer\">redaksjonen@nfcf.no<\/a><\/p>\n<p>[\/et_pb_toggle][\/et_pb_column][et_pb_column type=&raquo;1_3&#8243; _builder_version=&raquo;4.21.0&#8243; _module_preset=&raquo;default&raquo; global_colors_info=&raquo;{}&raquo;][et_pb_toggle title=&raquo;St\u00f8tte til helsepersonell &raquo; open_toggle_text_color=&raquo;gcid-edcc47c2-e936-4ba2-8e6c-8ca8cb2c2a05&#8243; open_toggle_background_color=&raquo;#FFFFFF&raquo; closed_toggle_background_color=&raquo;gcid-9e2f3af2-1007-4221-b250-8e35d98c5991&#8243; icon_color=&raquo;gcid-edcc47c2-e936-4ba2-8e6c-8ca8cb2c2a05&#8243; toggle_icon=&raquo;&#x22;||divi||400&#8243; use_icon_font_size=&raquo;on&raquo; icon_font_size=&raquo;18px&raquo; open_icon_color=&raquo;gcid-edcc47c2-e936-4ba2-8e6c-8ca8cb2c2a05&#8243; open_toggle_icon=&raquo;&#x21;||divi||400&#8243; _builder_version=&raquo;4.21.0&#8243; _module_preset=&raquo;default&raquo; title_text_color=&raquo;gcid-edcc47c2-e936-4ba2-8e6c-8ca8cb2c2a05&#8243; title_font=&raquo;|600|||||||&raquo; body_link_text_color=&raquo;gcid-edcc47c2-e936-4ba2-8e6c-8ca8cb2c2a05&#8243; custom_padding=&raquo;35px||35px||false|false&raquo; border_width_all=&raquo;0px&raquo; global_colors_info=&raquo;{%22gcid-edcc47c2-e936-4ba2-8e6c-8ca8cb2c2a05%22:%91%22icon_color%22,%22open_toggle_text_color%22,%22title_text_color%22,%22body_link_text_color%22,%22open_icon_color%22%93,%22gcid-9e2f3af2-1007-4221-b250-8e35d98c5991%22:%91%22closed_toggle_background_color%22%93}&raquo;]<\/p>\n<p><span data-contrast=\"none\">NFCF st\u00f8tter helsepersonell som jobber med CF i Norge slik at de kan avholde m\u00f8ter og samlinger. Slike midler utlyses her p\u00e5\u202f<\/span><span data-contrast=\"auto\">www.cfnorge.no.<\/span><a href=\"cfnorge.no.web-dev.exigo.no\/tilskudd-og-priser\"> Les mer om fagr\u00e5dsmidler her.<\/a><\/p>\n<p>[\/et_pb_toggle][\/et_pb_column][et_pb_column type=&raquo;1_3&#8243; _builder_version=&raquo;4.21.0&#8243; _module_preset=&raquo;default&raquo; global_colors_info=&raquo;{}&raquo;][et_pb_toggle title=&raquo;Offentlig helsetjeneste&raquo; open_toggle_text_color=&raquo;gcid-edcc47c2-e936-4ba2-8e6c-8ca8cb2c2a05&#8243; open_toggle_background_color=&raquo;#FFFFFF&raquo; closed_toggle_background_color=&raquo;gcid-9e2f3af2-1007-4221-b250-8e35d98c5991&#8243; icon_color=&raquo;gcid-edcc47c2-e936-4ba2-8e6c-8ca8cb2c2a05&#8243; toggle_icon=&raquo;&#x22;||divi||400&#8243; use_icon_font_size=&raquo;on&raquo; icon_font_size=&raquo;18px&raquo; open_icon_color=&raquo;gcid-edcc47c2-e936-4ba2-8e6c-8ca8cb2c2a05&#8243; open_toggle_icon=&raquo;&#x21;||divi||400&#8243; _builder_version=&raquo;4.21.0&#8243; _module_preset=&raquo;default&raquo; title_text_color=&raquo;gcid-edcc47c2-e936-4ba2-8e6c-8ca8cb2c2a05&#8243; title_font=&raquo;|600|||||||&raquo; body_link_text_color=&raquo;gcid-edcc47c2-e936-4ba2-8e6c-8ca8cb2c2a05&#8243; custom_padding=&raquo;35px||35px||false|false&raquo; border_width_all=&raquo;0px&raquo; global_colors_info=&raquo;{%22gcid-edcc47c2-e936-4ba2-8e6c-8ca8cb2c2a05%22:%91%22icon_color%22,%22open_toggle_text_color%22,%22title_text_color%22,%22body_link_text_color%22,%22open_icon_color%22%93,%22gcid-9e2f3af2-1007-4221-b250-8e35d98c5991%22:%91%22closed_toggle_background_color%22%93}&raquo;]<\/p>\n<p>No<span data-contrast=\"auto\">rsk senter for cystisk fibrose (NSCF)<\/span><span data-contrast=\"none\">\u202fble etablert ved Oslo universitetssykehus, h\u00f8sten 1998. NSCF er en del av\u202f<\/span><span data-contrast=\"auto\">Nasjonal kompetansetjeneste for sjeldne diagnoser (NKSD).\u202f<\/span><span data-ccp-props=\"{&quot;335559739&quot;:150}\">\u00a0<\/span><\/p>\n<p>[\/et_pb_toggle][\/et_pb_column][\/et_pb_row][\/et_pb_section][et_pb_section fb_built=&raquo;1&#8243; disabled_on=&raquo;on|on|off&raquo; _builder_version=&raquo;4.21.0&#8243; _module_preset=&raquo;default&raquo; background_color=&raquo;gcid-edcc47c2-e936-4ba2-8e6c-8ca8cb2c2a05&#8243; custom_padding=&raquo;21px||0px||false|false&raquo; global_colors_info=&raquo;{%22gcid-edcc47c2-e936-4ba2-8e6c-8ca8cb2c2a05%22:%91%22background_color%22%93}&raquo;][et_pb_row column_structure=&raquo;1_2,1_2&#8243; _builder_version=&raquo;4.21.0&#8243; _module_preset=&raquo;default&raquo; custom_margin=&raquo;13px|auto|0px|auto|false|false&raquo; custom_padding=&raquo;||0px||false|false&raquo; global_colors_info=&raquo;{}&raquo;][et_pb_column type=&raquo;1_2&#8243; _builder_version=&raquo;4.21.0&#8243; _module_preset=&raquo;default&raquo; global_colors_info=&raquo;{}&raquo;][et_pb_image src=&raquo;https:\/\/cfnorge.bwod.dev\/wp-content\/uploads\/2023\/08\/Stott-oss-illustrasjon-CF-2-1.png&raquo; title_text=&raquo;St\u00f8tt-oss-illustrasjon-CF-2&#8243; _builder_version=&raquo;4.21.0&#8243; _module_preset=&raquo;default&raquo; width=&raquo;70%&raquo; module_alignment=&raquo;right&raquo; global_colors_info=&raquo;{}&raquo;][\/et_pb_image][\/et_pb_column][et_pb_column type=&raquo;1_2&#8243; _builder_version=&raquo;4.21.0&#8243; _module_preset=&raquo;default&raquo; global_colors_info=&raquo;{}&raquo;][et_pb_text _builder_version=&raquo;4.21.0&#8243; _module_preset=&raquo;default&raquo; header_2_font=&raquo;Poppins|600|||||||&raquo; header_2_text_color=&raquo;#FFFFFF&raquo; header_2_font_size=&raquo;30px&raquo; header_3_font=&raquo;Poppins||||||||&raquo; header_3_text_color=&raquo;#FFFFFF&raquo; header_3_font_size=&raquo;20px&raquo; header_3_line_height=&raquo;1.5em&raquo; custom_margin=&raquo;86px|||||&raquo; global_colors_info=&raquo;{}&raquo;]<\/p>\n<h2>St\u00f8tt oss<\/h2>\n<h3>Vi er veldig glade for alle sm\u00e5<br \/>og store gaver til v\u00e5rt arbeid.<\/h3>\n<p>[\/et_pb_text][et_pb_button button_url=&raquo;@ET-DC@eyJkeW5hbWljIjp0cnVlLCJjb250ZW50IjoicG9zdF9saW5rX3VybF9wYWdlIiwic2V0dGluZ3MiOnsicG9zdF9pZCI6IjQ1NyJ9fQ==@&raquo; button_text=&raquo;LES HVORDAN HER&raquo; _builder_version=&raquo;4.21.0&#8243; _dynamic_attributes=&raquo;button_url&raquo; _module_preset=&raquo;default&raquo; custom_button=&raquo;on&raquo; button_text_size=&raquo;16px&raquo; button_text_color=&raquo;#FFFFFF&raquo; button_bg_color=&raquo;gcid-26e97d0d-b127-4ce1-b597-0df3fb01df24&#8243; button_border_width=&raquo;0px&raquo; button_border_radius=&raquo;100px&raquo; global_colors_info=&raquo;{%22gcid-26e97d0d-b127-4ce1-b597-0df3fb01df24%22:%91%22button_bg_color%22%93}&raquo;][\/et_pb_button][\/et_pb_column][\/et_pb_row][\/et_pb_section][et_pb_section fb_built=&raquo;1&#8243; disabled_on=&raquo;off|off|on&raquo; _builder_version=&raquo;4.21.0&#8243; _module_preset=&raquo;default&raquo; background_color=&raquo;gcid-edcc47c2-e936-4ba2-8e6c-8ca8cb2c2a05&#8243; custom_padding=&raquo;21px||0px||false|false&raquo; locked=&raquo;off&raquo; global_colors_info=&raquo;{%22gcid-edcc47c2-e936-4ba2-8e6c-8ca8cb2c2a05%22:%91%22background_color%22%93}&raquo;][et_pb_row _builder_version=&raquo;4.21.0&#8243; _module_preset=&raquo;default&raquo; custom_margin=&raquo;13px|auto|0px|auto|false|false&raquo; custom_padding=&raquo;7px||0px||false|false&raquo; global_colors_info=&raquo;{}&raquo;][et_pb_column type=&raquo;4_4&#8243; _builder_version=&raquo;4.21.0&#8243; _module_preset=&raquo;default&raquo; global_colors_info=&raquo;{}&raquo;][et_pb_text _builder_version=&raquo;4.21.0&#8243; _module_preset=&raquo;default&raquo; header_2_font=&raquo;Poppins|600|||||||&raquo; header_2_text_color=&raquo;#FFFFFF&raquo; header_2_font_size=&raquo;30px&raquo; header_3_font=&raquo;Poppins||||||||&raquo; header_3_text_color=&raquo;#FFFFFF&raquo; header_3_font_size=&raquo;20px&raquo; header_3_line_height=&raquo;1.5em&raquo; custom_margin=&raquo;26px|||||&raquo; global_colors_info=&raquo;{}&raquo;]<\/p>\n<h2>St\u00f8tt oss<\/h2>\n<h3>Vi er veldig glade for alle sm\u00e5<br \/>og store gaver til v\u00e5rt arbeid.<\/h3>\n<p>[\/et_pb_text][et_pb_button button_url=&raquo;@ET-DC@eyJkeW5hbWljIjp0cnVlLCJjb250ZW50IjoicG9zdF9saW5rX3VybF9wYWdlIiwic2V0dGluZ3MiOnsicG9zdF9pZCI6IjQ1NyJ9fQ==@&raquo; button_text=&raquo;LES HVORDAN HER&raquo; _builder_version=&raquo;4.21.0&#8243; _dynamic_attributes=&raquo;button_url&raquo; _module_preset=&raquo;default&raquo; custom_button=&raquo;on&raquo; button_text_size=&raquo;16px&raquo; button_text_color=&raquo;#FFFFFF&raquo; button_bg_color=&raquo;gcid-26e97d0d-b127-4ce1-b597-0df3fb01df24&#8243; button_border_width=&raquo;0px&raquo; button_border_radius=&raquo;100px&raquo; custom_margin=&raquo;||11px|||&raquo; global_colors_info=&raquo;{%22gcid-26e97d0d-b127-4ce1-b597-0df3fb01df24%22:%91%22button_bg_color%22%93}&raquo;][\/et_pb_button][et_pb_image src=&raquo;https:\/\/cfnorge.bwod.dev\/wp-content\/uploads\/2023\/08\/Stott-oss-illustrasjon-CF-2-1.png&raquo; title_text=&raquo;St\u00f8tt-oss-illustrasjon-CF-2&#8243; _builder_version=&raquo;4.21.0&#8243; _module_preset=&raquo;default&raquo; max_width=&raquo;64%&raquo; max_width_tablet=&raquo;50%&raquo; max_width_phone=&raquo;50%&raquo; max_width_last_edited=&raquo;on|tablet&raquo; module_alignment=&raquo;right&raquo; custom_margin_tablet=&raquo;-40px||||false|false&raquo; custom_margin_phone=&raquo;-40px||||false|false&raquo; custom_margin_last_edited=&raquo;on|tablet&raquo; global_colors_info=&raquo;{}&raquo;][\/et_pb_image][\/et_pb_column][\/et_pb_row][\/et_pb_section]<\/p>\n","protected":false},"excerpt":{"rendered":"<p>Norsk forening for cystisk fibrose, NFCF, ble stiftet med et interimsstyre 10. desember 1976 som en organisasjon for personer med\u202fcystisk fibrose (CF)\u202fog n\u00e6re p\u00e5r\u00f8rende. Vi har ca. 1000 medlemmer og rundt 370 personer (per 2018) har CF i Norge. NFCFs daglige drift forest\u00e5s av daglig leder som rapporterer til v\u00e5rt styre. Vi har ogs\u00e5 fire regionslag, ett i hver landsdel.  <\/p>","protected":false},"author":1,"featured_media":0,"parent":0,"menu_order":0,"comment_status":"closed","ping_status":"closed","template":"","meta":{"_et_pb_use_builder":"on","_et_pb_old_content":"","_et_gb_content_width":"","footnotes":""},"class_list":["post-275","page","type-page","status-publish","hentry"],"yoast_head":"<!-- This site is optimized with the Yoast SEO plugin v28.3 - https:\/\/yoast.com\/product\/yoast-seo-wordpress\/ -->\n<title>Om oss | Norsk forening for cystisk fibrose | CF Norge<\/title>\n<meta name=\"description\" content=\"Norsk forening for cystisk fibrose, NFCF, er en organisasjon for personer med cystisk fibrose (CF) og n\u00e6re p\u00e5r\u00f8rende.\" \/>\n<meta name=\"robots\" content=\"index, follow, max-snippet:-1, max-image-preview:large, max-video-preview:-1\" \/>\n<link rel=\"canonical\" href=\"https:\/\/www.cfnorge.no\/en\/om-oss\/\" \/>\n<meta property=\"og:locale\" content=\"en_GB\" \/>\n<meta property=\"og:type\" content=\"article\" \/>\n<meta property=\"og:title\" content=\"Om oss | Norsk forening for cystisk fibrose | CF Norge\" \/>\n<meta property=\"og:description\" content=\"Norsk forening for cystisk fibrose, NFCF, er en organisasjon for personer med cystisk fibrose (CF) og n\u00e6re p\u00e5r\u00f8rende.\" \/>\n<meta property=\"og:url\" content=\"https:\/\/www.cfnorge.no\/en\/om-oss\/\" \/>\n<meta property=\"og:site_name\" content=\"CF Norge\" \/>\n<meta property=\"article:modified_time\" content=\"2026-05-21T08:46:26+00:00\" \/>\n<meta name=\"twitter:card\" content=\"summary_large_image\" \/>\n<meta name=\"twitter:label1\" content=\"Estimated reading time\" \/>\n\t<meta name=\"twitter:data1\" content=\"7 minutes\" \/>\n<script type=\"application\/ld+json\" class=\"yoast-schema-graph\">{\"@context\":\"https:\\\/\\\/schema.org\",\"@graph\":[{\"@type\":\"WebPage\",\"@id\":\"https:\\\/\\\/www.cfnorge.no\\\/om-oss\\\/\",\"url\":\"https:\\\/\\\/www.cfnorge.no\\\/om-oss\\\/\",\"name\":\"Om oss | Norsk forening for cystisk fibrose | CF Norge\",\"isPartOf\":{\"@id\":\"https:\\\/\\\/www.cfnorge.no\\\/#website\"},\"datePublished\":\"2023-09-12T08:56:43+00:00\",\"dateModified\":\"2026-05-21T08:46:26+00:00\",\"description\":\"Norsk forening for cystisk fibrose, NFCF, er en organisasjon for personer med cystisk fibrose (CF) og n\u00e6re p\u00e5r\u00f8rende.\",\"breadcrumb\":{\"@id\":\"https:\\\/\\\/www.cfnorge.no\\\/om-oss\\\/#breadcrumb\"},\"inLanguage\":\"en-GB\",\"potentialAction\":[{\"@type\":\"ReadAction\",\"target\":[\"https:\\\/\\\/www.cfnorge.no\\\/om-oss\\\/\"]}]},{\"@type\":\"BreadcrumbList\",\"@id\":\"https:\\\/\\\/www.cfnorge.no\\\/om-oss\\\/#breadcrumb\",\"itemListElement\":[{\"@type\":\"ListItem\",\"position\":1,\"name\":\"Hjem\",\"item\":\"https:\\\/\\\/www.cfnorge.no\\\/\"},{\"@type\":\"ListItem\",\"position\":2,\"name\":\"Om oss\"}]},{\"@type\":\"WebSite\",\"@id\":\"https:\\\/\\\/www.cfnorge.no\\\/#website\",\"url\":\"https:\\\/\\\/www.cfnorge.no\\\/\",\"name\":\"CF Norge\",\"description\":\"\",\"publisher\":{\"@id\":\"https:\\\/\\\/www.cfnorge.no\\\/#organization\"},\"potentialAction\":[{\"@type\":\"SearchAction\",\"target\":{\"@type\":\"EntryPoint\",\"urlTemplate\":\"https:\\\/\\\/www.cfnorge.no\\\/?s={search_term_string}\"},\"query-input\":{\"@type\":\"PropertyValueSpecification\",\"valueRequired\":true,\"valueName\":\"search_term_string\"}}],\"inLanguage\":\"en-GB\"},{\"@type\":\"Organization\",\"@id\":\"https:\\\/\\\/www.cfnorge.no\\\/#organization\",\"name\":\"CF Norge\",\"url\":\"https:\\\/\\\/www.cfnorge.no\\\/\",\"logo\":{\"@type\":\"ImageObject\",\"inLanguage\":\"en-GB\",\"@id\":\"https:\\\/\\\/www.cfnorge.no\\\/#\\\/schema\\\/logo\\\/image\\\/\",\"url\":\"https:\\\/\\\/www.cfnorge.no\\\/wp-content\\\/uploads\\\/2024\\\/06\\\/CF-Horisontal-logo-2.png\",\"contentUrl\":\"https:\\\/\\\/www.cfnorge.no\\\/wp-content\\\/uploads\\\/2024\\\/06\\\/CF-Horisontal-logo-2.png\",\"width\":12334,\"height\":3827,\"caption\":\"CF Norge\"},\"image\":{\"@id\":\"https:\\\/\\\/www.cfnorge.no\\\/#\\\/schema\\\/logo\\\/image\\\/\"}}]}<\/script>\n<!-- \/ Yoast SEO plugin. -->","yoast_head_json":{"title":"Om oss | Norsk forening for cystisk fibrose | CF Norge","description":"Norsk forening for cystisk fibrose, NFCF, er en organisasjon for personer med cystisk fibrose (CF) og n\u00e6re p\u00e5r\u00f8rende.","robots":{"index":"index","follow":"follow","max-snippet":"max-snippet:-1","max-image-preview":"max-image-preview:large","max-video-preview":"max-video-preview:-1"},"canonical":"https:\/\/www.cfnorge.no\/en\/om-oss\/","og_locale":"en_GB","og_type":"article","og_title":"Om oss | Norsk forening for cystisk fibrose | CF Norge","og_description":"Norsk forening for cystisk fibrose, NFCF, er en organisasjon for personer med cystisk fibrose (CF) og n\u00e6re p\u00e5r\u00f8rende.","og_url":"https:\/\/www.cfnorge.no\/en\/om-oss\/","og_site_name":"CF Norge","article_modified_time":"2026-05-21T08:46:26+00:00","twitter_card":"summary_large_image","twitter_misc":{"Estimated reading time":"7 minutes"},"schema":{"@context":"https:\/\/schema.org","@graph":[{"@type":"WebPage","@id":"https:\/\/www.cfnorge.no\/om-oss\/","url":"https:\/\/www.cfnorge.no\/om-oss\/","name":"Om oss | Norsk forening for cystisk fibrose | CF Norge","isPartOf":{"@id":"https:\/\/www.cfnorge.no\/#website"},"datePublished":"2023-09-12T08:56:43+00:00","dateModified":"2026-05-21T08:46:26+00:00","description":"Norsk forening for cystisk fibrose, NFCF, er en organisasjon for personer med cystisk fibrose (CF) og n\u00e6re p\u00e5r\u00f8rende.","breadcrumb":{"@id":"https:\/\/www.cfnorge.no\/om-oss\/#breadcrumb"},"inLanguage":"en-GB","potentialAction":[{"@type":"ReadAction","target":["https:\/\/www.cfnorge.no\/om-oss\/"]}]},{"@type":"BreadcrumbList","@id":"https:\/\/www.cfnorge.no\/om-oss\/#breadcrumb","itemListElement":[{"@type":"ListItem","position":1,"name":"Hjem","item":"https:\/\/www.cfnorge.no\/"},{"@type":"ListItem","position":2,"name":"Om oss"}]},{"@type":"WebSite","@id":"https:\/\/www.cfnorge.no\/#website","url":"https:\/\/www.cfnorge.no\/","name":"CF Norge","description":"","publisher":{"@id":"https:\/\/www.cfnorge.no\/#organization"},"potentialAction":[{"@type":"SearchAction","target":{"@type":"EntryPoint","urlTemplate":"https:\/\/www.cfnorge.no\/?s={search_term_string}"},"query-input":{"@type":"PropertyValueSpecification","valueRequired":true,"valueName":"search_term_string"}}],"inLanguage":"en-GB"},{"@type":"Organization","@id":"https:\/\/www.cfnorge.no\/#organization","name":"CF Norge","url":"https:\/\/www.cfnorge.no\/","logo":{"@type":"ImageObject","inLanguage":"en-GB","@id":"https:\/\/www.cfnorge.no\/#\/schema\/logo\/image\/","url":"https:\/\/www.cfnorge.no\/wp-content\/uploads\/2024\/06\/CF-Horisontal-logo-2.png","contentUrl":"https:\/\/www.cfnorge.no\/wp-content\/uploads\/2024\/06\/CF-Horisontal-logo-2.png","width":12334,"height":3827,"caption":"CF Norge"},"image":{"@id":"https:\/\/www.cfnorge.no\/#\/schema\/logo\/image\/"}}]}},"_links":{"self":[{"href":"https:\/\/www.cfnorge.no\/en\/wp-json\/wp\/v2\/pages\/275","targetHints":{"allow":["GET"]}}],"collection":[{"href":"https:\/\/www.cfnorge.no\/en\/wp-json\/wp\/v2\/pages"}],"about":[{"href":"https:\/\/www.cfnorge.no\/en\/wp-json\/wp\/v2\/types\/page"}],"author":[{"embeddable":true,"href":"https:\/\/www.cfnorge.no\/en\/wp-json\/wp\/v2\/users\/1"}],"replies":[{"embeddable":true,"href":"https:\/\/www.cfnorge.no\/en\/wp-json\/wp\/v2\/comments?post=275"}],"version-history":[{"count":71,"href":"https:\/\/www.cfnorge.no\/en\/wp-json\/wp\/v2\/pages\/275\/revisions"}],"predecessor-version":[{"id":3018,"href":"https:\/\/www.cfnorge.no\/en\/wp-json\/wp\/v2\/pages\/275\/revisions\/3018"}],"wp:attachment":[{"href":"https:\/\/www.cfnorge.no\/en\/wp-json\/wp\/v2\/media?parent=275"}],"curies":[{"name":"wp","href":"https:\/\/api.w.org\/{rel}","templated":true}]}}