{"id":1010,"date":"2024-06-24T14:11:20","date_gmt":"2024-06-24T12:11:20","guid":{"rendered":"https:\/\/cfnorge.bwod.dev\/?page_id=1010"},"modified":"2025-06-04T15:38:19","modified_gmt":"2025-06-04T13:38:19","slug":"ung-med-cystisk-fibrose","status":"publish","type":"page","link":"https:\/\/www.cfnorge.no\/en\/ung-med-cystisk-fibrose\/","title":{"rendered":"Teenager with cystic fibrosis"},"content":{"rendered":"<p>[et_pb_section fb_built=&raquo;1&#8243; next_background_color=&raquo;#ffffff&raquo; _builder_version=&raquo;4.21.0&#8243; _module_preset=&raquo;default&raquo; background_color=&raquo;gcid-9e2f3af2-1007-4221-b250-8e35d98c5991&#8243; background_enable_image=&raquo;off&raquo; background_size=&raquo;custom&raquo; background_image_width=&raquo;101%&raquo; custom_padding=&raquo;||90px|||&raquo; bottom_divider_style=&raquo;wave&raquo; locked=&raquo;off&raquo; global_colors_info=&raquo;{%22gcid-9e2f3af2-1007-4221-b250-8e35d98c5991%22:%91%22background_color%22%93}&raquo;][et_pb_row _builder_version=&raquo;4.21.0&#8243; _module_preset=&raquo;default&raquo; custom_padding=&raquo;11px||4px|||&raquo; global_colors_info=&raquo;{}&raquo;][et_pb_column type=&raquo;4_4&#8243; _builder_version=&raquo;4.21.0&#8243; _module_preset=&raquo;default&raquo; global_colors_info=&raquo;{}&raquo;][et_pb_text _builder_version=&raquo;4.21.0&#8243; _module_preset=&raquo;default&raquo; header_font=&raquo;Poppins|600|||||||&raquo; header_text_color=&raquo;gcid-26e97d0d-b127-4ce1-b597-0df3fb01df24&#8243; header_line_height=&raquo;1.4em&raquo; custom_margin=&raquo;0px||0px||false|false&raquo; custom_padding=&raquo;0px||0px||false|false&raquo; global_colors_info=&raquo;{%22gcid-26e97d0d-b127-4ce1-b597-0df3fb01df24%22:%91%22header_text_color%22%93}&raquo;]<\/p>\n<h1>Ung med cystisk fibrose<\/h1>\n<p>[\/et_pb_text][\/et_pb_column][\/et_pb_row][et_pb_row column_structure=&raquo;1_2,1_2&#8243; _builder_version=&raquo;4.21.0&#8243; _module_preset=&raquo;default&raquo; custom_margin=&raquo;0px||||false|false&raquo; custom_padding=&raquo;0px||||false|false&raquo; global_colors_info=&raquo;{}&raquo;][et_pb_column type=&raquo;1_2&#8243; _builder_version=&raquo;4.21.0&#8243; _module_preset=&raquo;default&raquo; global_colors_info=&raquo;{}&raquo;][et_pb_text _builder_version=&raquo;4.21.0&#8243; _module_preset=&raquo;default&raquo; text_font=&raquo;Poppins|300|||||||&raquo; text_text_color=&raquo;gcid-26e97d0d-b127-4ce1-b597-0df3fb01df24&#8243; text_font_size=&raquo;16px&raquo; text_line_height=&raquo;1.8em&raquo; global_colors_info=&raquo;{%22gcid-26e97d0d-b127-4ce1-b597-0df3fb01df24%22:%91%22text_text_color%22%93}&raquo;]<\/p>\n<p>\u00c5 leve med cystisk fibrose er ikke alltid enkelt, spesielt i ungdomstiden. \u00d8nsker du \u00e5 leve s\u00e5 normalt som mulig, men er usikker p\u00e5 hvilke forh\u00e5ndsregler du b\u00f8r ta? F\u00f8ler du deg alene med sykdommen, og at andre ikke forst\u00e5r hva du g\u00e5r gjennom? Eller vil du bare vite mer om hva CF er og hva som skjer i kroppen din?<\/p>\n<p>Her finner du svar p\u00e5 disse sp\u00f8rsm\u00e5lene og mange andre, slik at du kan f\u00e5 en bedre forst\u00e5else og st\u00f8tte i hverdagen.<\/p>\n<p>[\/et_pb_text][\/et_pb_column][et_pb_column type=&raquo;1_2&#8243; _builder_version=&raquo;4.21.0&#8243; _module_preset=&raquo;default&raquo; global_colors_info=&raquo;{}&raquo;][et_pb_image src=&raquo;https:\/\/cfnorge.bwod.dev\/wp-content\/uploads\/2024\/06\/Jente-ute-CF-Norge-scaled.jpg&raquo; title_text=&raquo;Pretty young woman breathes fresh air in the park listening to music on headphones&raquo; _builder_version=&raquo;4.21.0&#8243; _module_preset=&raquo;default&raquo; global_colors_info=&raquo;{}&raquo;][\/et_pb_image][\/et_pb_column][\/et_pb_row][\/et_pb_section][et_pb_section fb_built=&raquo;1&#8243; theme_builder_area=&raquo;post_content&raquo; _builder_version=&raquo;4.21.0&#8243; _module_preset=&raquo;default&raquo;][et_pb_row _builder_version=&raquo;4.21.0&#8243; _module_preset=&raquo;default&raquo; theme_builder_area=&raquo;post_content&raquo;][et_pb_column _builder_version=&raquo;4.21.0&#8243; _module_preset=&raquo;default&raquo; type=&raquo;4_4&#8243; theme_builder_area=&raquo;post_content&raquo;][et_pb_text _builder_version=&raquo;4.21.0&#8243; _module_preset=&raquo;default&raquo; header_font=&raquo;Poppins|600|||||||&raquo; header_text_color=&raquo;gcid-26e97d0d-b127-4ce1-b597-0df3fb01df24&#8243; header_2_font=&raquo;|700|||||||&raquo; header_2_text_color=&raquo;gcid-26e97d0d-b127-4ce1-b597-0df3fb01df24&#8243; header_2_font_size=&raquo;22px&raquo; custom_margin=&raquo;0px||0px||false|false&raquo; custom_padding=&raquo;0px||0px||false|false&raquo; hover_enabled=&raquo;0&#8243; global_colors_info=&raquo;{%22gcid-26e97d0d-b127-4ce1-b597-0df3fb01df24%22:%91%22header_text_color%22,%22header_2_text_color%22%93}&raquo; theme_builder_area=&raquo;post_content&raquo; sticky_enabled=&raquo;0&#8243;]<\/p>\n<h2>Ungdomsliv med CF<\/h2>\n<p>[\/et_pb_text][et_pb_text quote_border_color=&raquo;gcid-edcc47c2-e936-4ba2-8e6c-8ca8cb2c2a05&#8243; _builder_version=&raquo;4.21.0&#8243; _module_preset=&raquo;default&raquo; text_font=&raquo;Poppins|300|||||||&raquo; text_text_color=&raquo;gcid-26e97d0d-b127-4ce1-b597-0df3fb01df24&#8243; text_font_size=&raquo;16px&raquo; text_line_height=&raquo;1.8em&raquo; link_font=&raquo;Poppins|500|||||||&raquo; link_text_color=&raquo;gcid-edcc47c2-e936-4ba2-8e6c-8ca8cb2c2a05&#8243; custom_padding=&raquo;||6px|||&raquo; global_colors_info=&raquo;{%22gcid-26e97d0d-b127-4ce1-b597-0df3fb01df24%22:%91%22text_text_color%22%93,%22gcid-edcc47c2-e936-4ba2-8e6c-8ca8cb2c2a05%22:%91%22quote_border_color%22,%22link_text_color%22%93}&raquo; theme_builder_area=&raquo;post_content&raquo;]<\/p>\n<h2 aria-level=\"2\"><\/h2>\n<p><yt-attributed-string user-input=\"\" class=\"style-scope ytd-text-inline-expander\"><span class=\"yt-core-attributed-string yt-core-attributed-string--white-space-pre-wrap\" dir=\"auto\" role=\"text\"><span class=\"yt-core-attributed-string--link-inherit-color\" dir=\"auto\">Ida og Emil fra Danmark, deler i denne videoen sine personlige opplevelser og tanker om hvordan det er \u00e5 v\u00e6re ung med cystisk fibrose.<\/span><\/span><\/yt-attributed-string><\/p>\n<p>[\/et_pb_text][et_pb_video src=&raquo;https:\/\/www.youtube.com\/watch?v=gpSsL4CyN7o&raquo; _builder_version=&raquo;4.21.0&#8243; _module_preset=&raquo;default&raquo; theme_builder_area=&raquo;post_content&raquo; src_webm=&raquo;https:\/\/www.youtube.com\/watch?v=gpSsL4CyN7o&raquo; hover_enabled=&raquo;0&#8243; sticky_enabled=&raquo;0&#8243;][\/et_pb_video][\/et_pb_column][\/et_pb_row][\/et_pb_section][et_pb_section fb_built=&raquo;1&#8243; _builder_version=&raquo;4.21.0&#8243; _module_preset=&raquo;default&raquo; background_color=&raquo;#FFFFFF&raquo; custom_padding=&raquo;8px|||||&raquo; global_colors_info=&raquo;{}&raquo;][et_pb_row _builder_version=&raquo;4.21.0&#8243; _module_preset=&raquo;default&raquo; global_colors_info=&raquo;{}&raquo;][et_pb_column type=&raquo;4_4&#8243; _builder_version=&raquo;4.21.0&#8243; _module_preset=&raquo;default&raquo; global_colors_info=&raquo;{}&raquo;][et_pb_text _builder_version=&raquo;4.21.0&#8243; _module_preset=&raquo;default&raquo; header_font=&raquo;Poppins|600|||||||&raquo; header_text_color=&raquo;gcid-26e97d0d-b127-4ce1-b597-0df3fb01df24&#8243; header_2_font=&raquo;|700|||||||&raquo; header_2_text_color=&raquo;gcid-26e97d0d-b127-4ce1-b597-0df3fb01df24&#8243; header_2_font_size=&raquo;22px&raquo; custom_margin=&raquo;0px||0px||false|false&raquo; custom_padding=&raquo;0px||0px||false|false&raquo; global_colors_info=&raquo;{%22gcid-26e97d0d-b127-4ce1-b597-0df3fb01df24%22:%91%22header_text_color%22,%22header_2_text_color%22%93}&raquo;]<\/p>\n<h2>Til ungdom fra ungdom<\/h2>\n<p>[\/et_pb_text][et_pb_text quote_border_color=&raquo;gcid-edcc47c2-e936-4ba2-8e6c-8ca8cb2c2a05&#8243; _builder_version=&raquo;4.21.0&#8243; _module_preset=&raquo;default&raquo; text_font=&raquo;Poppins|300|||||||&raquo; text_text_color=&raquo;gcid-26e97d0d-b127-4ce1-b597-0df3fb01df24&#8243; text_font_size=&raquo;16px&raquo; text_line_height=&raquo;1.8em&raquo; link_font=&raquo;Poppins|500|||||||&raquo; link_text_color=&raquo;gcid-edcc47c2-e936-4ba2-8e6c-8ca8cb2c2a05&#8243; custom_padding=&raquo;||6px|||&raquo; global_colors_info=&raquo;{%22gcid-26e97d0d-b127-4ce1-b597-0df3fb01df24%22:%91%22text_text_color%22%93,%22gcid-edcc47c2-e936-4ba2-8e6c-8ca8cb2c2a05%22:%91%22quote_border_color%22,%22link_text_color%22%93}&raquo;]<\/p>\n<h2 aria-level=\"2\"><\/h2>\n<p>Sel<em>v om du har CF,<\/em> vil du selvf\u00f8lgelig leve s\u00e5 normalt som mulig og v\u00e6re med p\u00e5 alt det som vennene dine gj\u00f8r. Det kan likevel v\u00e6re lurt \u00e5 ta noen forh\u00e5ndsregler. Her har NFCFs ungdomsr\u00e5d samlet noen tips og r\u00e5d til deg:<\/p>\n<p>[\/et_pb_text][\/et_pb_column][\/et_pb_row][et_pb_row column_structure=&raquo;1_2,1_2&#8243; use_custom_gutter=&raquo;on&raquo; gutter_width=&raquo;2&#8243; _builder_version=&raquo;4.21.0&#8243; _module_preset=&raquo;default&raquo; locked=&raquo;off&raquo; global_colors_info=&raquo;{}&raquo;][et_pb_column type=&raquo;1_2&#8243; _builder_version=&raquo;4.21.0&#8243; _module_preset=&raquo;default&raquo; global_colors_info=&raquo;{}&raquo;][et_pb_toggle title=&raquo;Alkohol&raquo; open_toggle_text_color=&raquo;gcid-edcc47c2-e936-4ba2-8e6c-8ca8cb2c2a05&#8243; open_toggle_background_color=&raquo;gcid-9e2f3af2-1007-4221-b250-8e35d98c5991&#8243; closed_toggle_background_color=&raquo;gcid-9e2f3af2-1007-4221-b250-8e35d98c5991&#8243; icon_color=&raquo;gcid-edcc47c2-e936-4ba2-8e6c-8ca8cb2c2a05&#8243; toggle_icon=&raquo;&#x22;||divi||400&#8243; use_icon_font_size=&raquo;on&raquo; icon_font_size=&raquo;18px&raquo; open_icon_color=&raquo;gcid-edcc47c2-e936-4ba2-8e6c-8ca8cb2c2a05&#8243; open_toggle_icon=&raquo;&#x21;||divi||400&#8243; _builder_version=&raquo;4.21.0&#8243; _module_preset=&raquo;default&raquo; title_text_color=&raquo;gcid-edcc47c2-e936-4ba2-8e6c-8ca8cb2c2a05&#8243; title_font=&raquo;|600|||||||&raquo; body_text_color=&raquo;gcid-26e97d0d-b127-4ce1-b597-0df3fb01df24&#8243; body_link_text_color=&raquo;gcid-edcc47c2-e936-4ba2-8e6c-8ca8cb2c2a05&#8243; custom_padding=&raquo;35px||35px||false|false&raquo; border_width_all=&raquo;0px&raquo; locked=&raquo;off&raquo; global_colors_info=&raquo;{%22gcid-edcc47c2-e936-4ba2-8e6c-8ca8cb2c2a05%22:%91%22icon_color%22,%22open_toggle_text_color%22,%22title_text_color%22,%22body_link_text_color%22,%22open_icon_color%22%93,%22gcid-26e97d0d-b127-4ce1-b597-0df3fb01df24%22:%91%22body_text_color%22%93,%22gcid-9e2f3af2-1007-4221-b250-8e35d98c5991%22:%91%22closed_toggle_background_color%22,%22open_toggle_background_color%22%93}&raquo;]<\/p>\n<p>Overdrevet inntak av alkohol er jo ikke bra for noen, men selv om du har CF betyr ikke det at du ikke kan nyte et glass vin eller \u00f8l til middagen, eller delta p\u00e5 en fest med venner. Det du b\u00f8r v\u00e6re oppmerksom p\u00e5, er om alkohol kan skade leveren din eller redusere effekten av medisinene du bruker. Dette kan variere fra person til person, s\u00e5 det er viktig \u00e5 diskutere dette med legen din. Sammen kan dere finne ut hva som er best for deg.<\/p>\n<p>[\/et_pb_toggle][et_pb_toggle title=&raquo;Pubertet&raquo; open_toggle_text_color=&raquo;gcid-edcc47c2-e936-4ba2-8e6c-8ca8cb2c2a05&#8243; open_toggle_background_color=&raquo;gcid-9e2f3af2-1007-4221-b250-8e35d98c5991&#8243; closed_toggle_background_color=&raquo;gcid-9e2f3af2-1007-4221-b250-8e35d98c5991&#8243; icon_color=&raquo;gcid-edcc47c2-e936-4ba2-8e6c-8ca8cb2c2a05&#8243; toggle_icon=&raquo;&#x22;||divi||400&#8243; use_icon_font_size=&raquo;on&raquo; icon_font_size=&raquo;18px&raquo; open_icon_color=&raquo;gcid-edcc47c2-e936-4ba2-8e6c-8ca8cb2c2a05&#8243; open_toggle_icon=&raquo;&#x21;||divi||400&#8243; _builder_version=&raquo;4.21.0&#8243; _module_preset=&raquo;default&raquo; title_text_color=&raquo;gcid-edcc47c2-e936-4ba2-8e6c-8ca8cb2c2a05&#8243; title_font=&raquo;|600|||||||&raquo; body_text_color=&raquo;gcid-26e97d0d-b127-4ce1-b597-0df3fb01df24&#8243; body_link_text_color=&raquo;gcid-edcc47c2-e936-4ba2-8e6c-8ca8cb2c2a05&#8243; custom_padding=&raquo;35px||35px||false|false&raquo; border_width_all=&raquo;0px&raquo; locked=&raquo;off&raquo; global_colors_info=&raquo;{%22gcid-edcc47c2-e936-4ba2-8e6c-8ca8cb2c2a05%22:%91%22icon_color%22,%22open_toggle_text_color%22,%22title_text_color%22,%22body_link_text_color%22,%22open_icon_color%22%93,%22gcid-26e97d0d-b127-4ce1-b597-0df3fb01df24%22:%91%22body_text_color%22%93,%22gcid-9e2f3af2-1007-4221-b250-8e35d98c5991%22:%91%22open_toggle_background_color%22,%22closed_toggle_background_color%22%93}&raquo;]<\/p>\n<h3><span style=\"font-size: 14px; color: #050267;\">Puberteten kan v\u00e6re forsinket for ungdommer med CF. Hvis den er forsinket, er det vanligvis f\u00f8lgende punkter som gjelder. Det kan v\u00e6re nyttig \u00e5 diskutere dette med legen din, da det er individuelt fra person til person.<\/span><\/h3>\n<p><span style=\"font-size: 14px; color: #050267;\"><\/span><\/p>\n<p><strong>For jenter<\/strong><\/p>\n<ul>\n<li>Brystutvikling og menstruasjon kan komme senere.<\/li>\n<li>Menstruasjonen de f\u00f8rste \u00e5rene kan v\u00e6re uregelmessig.<\/li>\n<\/ul>\n<p><strong>For gutter<\/strong><\/p>\n<ul>\n<li>Vekstspurten kan komme senere.<\/li>\n<li>\u00d8kt kroppsbeh\u00e5ring og dypere stemme kan komme senere.<\/li>\n<\/ul>\n<p>Ved \u00e5 v\u00e6re oppmerksom p\u00e5 disse aspektene kan du bedre h\u00e5ndtere utfordringene som kan f\u00f8lge med CF og puberteten.<\/p>\n<p>[\/et_pb_toggle][et_pb_toggle title=&raquo;Snakk med legen din&raquo; open_toggle_text_color=&raquo;gcid-edcc47c2-e936-4ba2-8e6c-8ca8cb2c2a05&#8243; open_toggle_background_color=&raquo;gcid-9e2f3af2-1007-4221-b250-8e35d98c5991&#8243; closed_toggle_background_color=&raquo;gcid-9e2f3af2-1007-4221-b250-8e35d98c5991&#8243; icon_color=&raquo;gcid-edcc47c2-e936-4ba2-8e6c-8ca8cb2c2a05&#8243; toggle_icon=&raquo;&#x22;||divi||400&#8243; use_icon_font_size=&raquo;on&raquo; icon_font_size=&raquo;18px&raquo; open_icon_color=&raquo;gcid-edcc47c2-e936-4ba2-8e6c-8ca8cb2c2a05&#8243; open_toggle_icon=&raquo;&#x21;||divi||400&#8243; _builder_version=&raquo;4.21.0&#8243; _module_preset=&raquo;default&raquo; title_text_color=&raquo;gcid-edcc47c2-e936-4ba2-8e6c-8ca8cb2c2a05&#8243; title_font=&raquo;|600|||||||&raquo; body_text_color=&raquo;gcid-26e97d0d-b127-4ce1-b597-0df3fb01df24&#8243; body_link_text_color=&raquo;gcid-edcc47c2-e936-4ba2-8e6c-8ca8cb2c2a05&#8243; custom_padding=&raquo;35px||35px||false|false&raquo; border_width_all=&raquo;0px&raquo; locked=&raquo;off&raquo; global_colors_info=&raquo;{%22gcid-edcc47c2-e936-4ba2-8e6c-8ca8cb2c2a05%22:%91%22icon_color%22,%22open_toggle_text_color%22,%22title_text_color%22,%22body_link_text_color%22,%22open_icon_color%22%93,%22gcid-26e97d0d-b127-4ce1-b597-0df3fb01df24%22:%91%22body_text_color%22%93,%22gcid-9e2f3af2-1007-4221-b250-8e35d98c5991%22:%91%22closed_toggle_background_color%22,%22open_toggle_background_color%22%93}&raquo;]<\/p>\n<p>Leger har taushetsplikt, noe som betyr at de ikke kan dele informasjon om deg uten din eller foreldrenes tillatelse. N\u00e5r du er over 12 \u00e5r, kan du be om \u00e5 snakke med legen din uten at foreldrene dine er til stede. Dette gir deg muligheten til \u00e5 stille de kanskje litt pinlige sp\u00f8rsm\u00e5lene du har, enten det handler om mobbing, kj\u00e6rlighetssorg eller seksuell helse. Legen din skal respektere ditt \u00f8nske om \u00e5 holde disse samtalene private.<\/p>\n<p>Unntaket er hvis det er noe veldig alvorlig eller farlig for deg. I slike tilfeller vil du bli informert om at foreldrene dine m\u00e5 involveres. Husk at ingen sp\u00f8rsm\u00e5l eller problemer er for dumme eller for sm\u00e5. Det viktigste er \u00e5 f\u00f8le seg trygg og h\u00f8rt, uansett hva du \u00f8nsker \u00e5 snakke om med legen din.<\/p>\n<p>[\/et_pb_toggle][\/et_pb_column][et_pb_column type=&raquo;1_2&#8243; _builder_version=&raquo;4.21.0&#8243; _module_preset=&raquo;default&raquo; global_colors_info=&raquo;{}&raquo;][et_pb_toggle title=&raquo;R\u00f8yking og snus&raquo; open_toggle_text_color=&raquo;gcid-edcc47c2-e936-4ba2-8e6c-8ca8cb2c2a05&#8243; open_toggle_background_color=&raquo;gcid-9e2f3af2-1007-4221-b250-8e35d98c5991&#8243; closed_toggle_background_color=&raquo;gcid-9e2f3af2-1007-4221-b250-8e35d98c5991&#8243; icon_color=&raquo;gcid-edcc47c2-e936-4ba2-8e6c-8ca8cb2c2a05&#8243; toggle_icon=&raquo;&#x22;||divi||400&#8243; use_icon_font_size=&raquo;on&raquo; icon_font_size=&raquo;18px&raquo; open_icon_color=&raquo;gcid-edcc47c2-e936-4ba2-8e6c-8ca8cb2c2a05&#8243; open_toggle_icon=&raquo;&#x21;||divi||400&#8243; _builder_version=&raquo;4.21.0&#8243; _module_preset=&raquo;default&raquo; title_text_color=&raquo;gcid-edcc47c2-e936-4ba2-8e6c-8ca8cb2c2a05&#8243; title_font=&raquo;|600|||||||&raquo; body_text_color=&raquo;gcid-26e97d0d-b127-4ce1-b597-0df3fb01df24&#8243; body_link_text_color=&raquo;gcid-edcc47c2-e936-4ba2-8e6c-8ca8cb2c2a05&#8243; custom_padding=&raquo;35px||35px||false|false&raquo; border_width_all=&raquo;0px&raquo; locked=&raquo;off&raquo; global_colors_info=&raquo;{%22gcid-edcc47c2-e936-4ba2-8e6c-8ca8cb2c2a05%22:%91%22icon_color%22,%22open_toggle_text_color%22,%22title_text_color%22,%22body_link_text_color%22,%22open_icon_color%22%93,%22gcid-26e97d0d-b127-4ce1-b597-0df3fb01df24%22:%91%22body_text_color%22%93,%22gcid-9e2f3af2-1007-4221-b250-8e35d98c5991%22:%91%22open_toggle_background_color%22,%22closed_toggle_background_color%22%93}&raquo;]<\/p>\n<p>R\u00f8yking er sterkt frar\u00e5det, da det kan gi stor skade p\u00e5 lungene dine, spesielt n\u00e5r de allerede er p\u00e5virket av CF. Passiv r\u00f8yking er ogs\u00e5 skadelig, s\u00e5 be andre om \u00e5 vise hensyn og unng\u00e5 \u00e5 r\u00f8yke i n\u00e6rheten av deg. Snus er et helseskadelig produkt, og det anbefales at ingen bruker det. Om snus kan f\u00f8re til ekstra skade for de med CF er usikkert, s\u00e5 det er best \u00e5 holde seg unna.<\/p>\n<p>[\/et_pb_toggle][et_pb_toggle title=&raquo;Seksualitet og fertilitet&raquo; open_toggle_text_color=&raquo;gcid-edcc47c2-e936-4ba2-8e6c-8ca8cb2c2a05&#8243; open_toggle_background_color=&raquo;gcid-9e2f3af2-1007-4221-b250-8e35d98c5991&#8243; closed_toggle_background_color=&raquo;gcid-9e2f3af2-1007-4221-b250-8e35d98c5991&#8243; icon_color=&raquo;gcid-edcc47c2-e936-4ba2-8e6c-8ca8cb2c2a05&#8243; toggle_icon=&raquo;&#x22;||divi||400&#8243; use_icon_font_size=&raquo;on&raquo; icon_font_size=&raquo;18px&raquo; open_icon_color=&raquo;gcid-edcc47c2-e936-4ba2-8e6c-8ca8cb2c2a05&#8243; open_toggle_icon=&raquo;&#x21;||divi||400&#8243; _builder_version=&raquo;4.21.0&#8243; _module_preset=&raquo;default&raquo; title_text_color=&raquo;gcid-edcc47c2-e936-4ba2-8e6c-8ca8cb2c2a05&#8243; title_font=&raquo;|600|||||||&raquo; body_text_color=&raquo;gcid-26e97d0d-b127-4ce1-b597-0df3fb01df24&#8243; body_link_text_color=&raquo;gcid-edcc47c2-e936-4ba2-8e6c-8ca8cb2c2a05&#8243; custom_padding=&raquo;35px||35px||false|false&raquo; border_width_all=&raquo;0px&raquo; locked=&raquo;off&raquo; global_colors_info=&raquo;{%22gcid-edcc47c2-e936-4ba2-8e6c-8ca8cb2c2a05%22:%91%22icon_color%22,%22open_toggle_text_color%22,%22title_text_color%22,%22body_link_text_color%22,%22open_icon_color%22%93,%22gcid-26e97d0d-b127-4ce1-b597-0df3fb01df24%22:%91%22body_text_color%22%93,%22gcid-9e2f3af2-1007-4221-b250-8e35d98c5991%22:%91%22open_toggle_background_color%22,%22closed_toggle_background_color%22%93}&raquo;]<\/p>\n<p>Menn med CF er i utgangspunktet sterile fordi s\u00e6dlederne ikke g\u00e5r helt frem til penis. Likevel er det viktig \u00e5 bruke prevensjon, siden det alltid finnes unntak fra regelen. Kvinner med CF har som regel ingen problemer med \u00e5 bli gravide, men effekten av P-piller kan reduseres ved bruk av antibiotika. Derfor er det viktig \u00e5 informere legen eller gynekologen om at du har CF, slik at du kan f\u00e5 riktig type P-piller. Det tryggeste prevensjonsmiddelet er kondom, gjerne i kombinasjon med P-piller, da kondom ogs\u00e5 beskytter mot seksuelt overf\u00f8rbare sykdommer.<\/p>\n<p>Ten\u00e5ringssvangerskap er ikke \u00e5 anbefale for noen, og spesielt ikke for kvinner med CF. N\u00e5r den dagen kommer at du \u00f8nsker \u00e5 f\u00e5 barn, m\u00e5 det planlegges grundig for begge kj\u00f8nn. Menn vil p\u00e5 grunn av de defekte s\u00e6dlederne trenge hjelp til assistert befruktning. Kvinner m\u00e5 v\u00e6re sikre p\u00e5 at helsen t\u00e5ler belastningen et svangerskap medf\u00f8rer. Det anbefales derfor \u00e5 starte planleggingen minst ett \u00e5r f\u00f8r \u00f8nsket graviditet.<\/p>\n<p>Ved \u00e5 f\u00f8lge disse r\u00e5dene kan du sikre b\u00e5de din egen helse og helsen til eventuelle fremtidige barn.<\/p>\n<p>[\/et_pb_toggle][et_pb_toggle title=&raquo;Dine helserettigheter&raquo; open_toggle_text_color=&raquo;gcid-edcc47c2-e936-4ba2-8e6c-8ca8cb2c2a05&#8243; open_toggle_background_color=&raquo;gcid-9e2f3af2-1007-4221-b250-8e35d98c5991&#8243; closed_toggle_background_color=&raquo;gcid-9e2f3af2-1007-4221-b250-8e35d98c5991&#8243; icon_color=&raquo;gcid-edcc47c2-e936-4ba2-8e6c-8ca8cb2c2a05&#8243; toggle_icon=&raquo;&#x22;||divi||400&#8243; use_icon_font_size=&raquo;on&raquo; icon_font_size=&raquo;18px&raquo; open_icon_color=&raquo;gcid-edcc47c2-e936-4ba2-8e6c-8ca8cb2c2a05&#8243; open_toggle_icon=&raquo;&#x21;||divi||400&#8243; _builder_version=&raquo;4.21.0&#8243; _module_preset=&raquo;default&raquo; title_text_color=&raquo;gcid-edcc47c2-e936-4ba2-8e6c-8ca8cb2c2a05&#8243; title_font=&raquo;|600|||||||&raquo; body_text_color=&raquo;gcid-26e97d0d-b127-4ce1-b597-0df3fb01df24&#8243; body_link_text_color=&raquo;gcid-edcc47c2-e936-4ba2-8e6c-8ca8cb2c2a05&#8243; custom_padding=&raquo;35px||35px||false|false&raquo; border_width_all=&raquo;0px&raquo; locked=&raquo;off&raquo; global_colors_info=&raquo;{%22gcid-edcc47c2-e936-4ba2-8e6c-8ca8cb2c2a05%22:%91%22icon_color%22,%22open_toggle_text_color%22,%22title_text_color%22,%22body_link_text_color%22,%22open_icon_color%22%93,%22gcid-26e97d0d-b127-4ce1-b597-0df3fb01df24%22:%91%22body_text_color%22%93,%22gcid-9e2f3af2-1007-4221-b250-8e35d98c5991%22:%91%22open_toggle_background_color%22,%22closed_toggle_background_color%22%93}&raquo;]<\/p>\n<p>Dine helserettigheter endrer seg med alderen, og dette gir deg flere muligheter for selvstendighet og ansvar for din helse og behandling frem til du fyller 18 \u00e5r. N\u00e5r du fyller 18 \u00e5r, er du myndig.<\/p>\n<p>Mellom 12 og 16 \u00e5r har du rett til \u00e5 si din mening, og hva du mener skal vektlegges. Foreldrene dine har likevel det endelige ansvaret for behandling og medisiner, og de har krav p\u00e5 informasjon fra helsepersonell om helsen din.<\/p>\n<p>Fra 16 \u00e5r er du helserettslig myndig og kan bestemme over din egen helse samt hvilken informasjon foreldrene dine skal f\u00e5 om din helsehjelp. Fra 16 til 18 \u00e5r har foreldrene dine fortsatt rett til informasjon for \u00e5 kunne ta vare p\u00e5 deg og ditt behov for helsehjelp. Dette avgj\u00f8res av helsepersonell i dialog med deg.<\/p>\n<p>Mer informasjon om helserettigheter finner du p\u00e5 <a rel=\"noreferrer noopener\" target=\"_new\" href=\"https:\/\/www.helsenorge.no\">helsenorge.no<\/a> og under &laquo;Barn og unges helse&raquo; hos <a rel=\"noreferrer noopener\" target=\"_new\" href=\"https:\/\/www.barneombudet.no\">Barneombudet<\/a>.<\/p>\n<p>[\/et_pb_toggle][\/et_pb_column][\/et_pb_row][et_pb_row _builder_version=&raquo;4.21.0&#8243; _module_preset=&raquo;default&raquo; custom_padding=&raquo;40px|||||&raquo; global_colors_info=&raquo;{}&raquo;][et_pb_column type=&raquo;4_4&#8243; _builder_version=&raquo;4.21.0&#8243; _module_preset=&raquo;default&raquo; global_colors_info=&raquo;{}&raquo;][et_pb_text _builder_version=&raquo;4.21.0&#8243; _module_preset=&raquo;default&raquo; header_font=&raquo;Poppins|600|||||||&raquo; header_text_color=&raquo;gcid-26e97d0d-b127-4ce1-b597-0df3fb01df24&#8243; header_2_font=&raquo;|700|||||||&raquo; header_2_text_color=&raquo;gcid-26e97d0d-b127-4ce1-b597-0df3fb01df24&#8243; header_2_font_size=&raquo;22px&raquo; header_2_line_height=&raquo;1.4em&raquo; custom_margin=&raquo;0px||0px||false|false&raquo; custom_padding=&raquo;0px||1px||false|false&raquo; global_colors_info=&raquo;{%22gcid-26e97d0d-b127-4ce1-b597-0df3fb01df24%22:%91%22header_text_color%22,%22header_2_text_color%22%93}&raquo;]<\/p>\n<h2>Hvorfor tror du ikke at jeg har en sykdom?<\/h2>\n<p>[\/et_pb_text][et_pb_text quote_border_color=&raquo;gcid-edcc47c2-e936-4ba2-8e6c-8ca8cb2c2a05&#8243; _builder_version=&raquo;4.21.0&#8243; _module_preset=&raquo;default&raquo; text_font=&raquo;Poppins|300|||||||&raquo; text_text_color=&raquo;gcid-26e97d0d-b127-4ce1-b597-0df3fb01df24&#8243; text_font_size=&raquo;16px&raquo; text_line_height=&raquo;1.8em&raquo; link_font=&raquo;Poppins|500|||||||&raquo; link_text_color=&raquo;gcid-edcc47c2-e936-4ba2-8e6c-8ca8cb2c2a05&#8243; global_colors_info=&raquo;{%22gcid-26e97d0d-b127-4ce1-b597-0df3fb01df24%22:%91%22text_text_color%22%93,%22gcid-edcc47c2-e936-4ba2-8e6c-8ca8cb2c2a05%22:%91%22quote_border_color%22,%22link_text_color%22%93}&raquo;]<\/p>\n<h2 aria-level=\"2\"><\/h2>\n<p>CF er en sykdom som ikke alltid synes utenp\u00e5, og derfor kan det v\u00e6re vanskelig for de rundt deg \u00e5 forst\u00e5 hvor alvorlig sykdommen er. Det mest fremtredende symptomet for de med CF er hostingen. P\u00e5 grunn av slimet i lungene, hoster vi mye mer enn de uten CF. Noen dager hoster vi mye, mens andre dager hoster vi lite. For noen av oss kan all hostingen gj\u00f8re oss veldig slitne og d\u00e5rlige. En dag kan vi v\u00e6re i helt fin form, mens dagen etter kan vi v\u00e6re i veldig d\u00e5rlig form og ikke orke noe som helst. For menneskene rundt oss kan det v\u00e6re vanskelig \u00e5 forst\u00e5 at det kan v\u00e6re s\u00e5 stor forskjell fra dag til dag, og hvor syke vi f\u00f8ler oss.<\/p>\n<p>For de med CF som har f\u00e5 og milde symptomer, kan sykdommen oppleves lite troverdig for omgivelsene. Da kan det v\u00e6re fint \u00e5 ha noen \u00e5 snakke med som forst\u00e5r hvordan du har det.<\/p>\n<p>N\u00e5r du bruker \u00e5rsakskorrigerende medikamenter, f\u00e5r du f\u00e6rre symptomer og kan f\u00f8le deg friskere. Likevel har du fortsatt sykdommen, og den vil p\u00e5virke deg i ulik grad. Mange med CF kjenner p\u00e5 utfordringen ved \u00e5 ha en lite synlig sykdom og opplever noen ganger \u00e5 ikke bli trodd n\u00e5r de sier de er slitne, har vondt, trenger mer tid, eller trenger sykmelding og hjemmedager.<\/p>\n<p>Det er viktig \u00e5 kommunisere med de rundt deg om hvordan du har det, og s\u00f8ke st\u00f8tte hos andre som forst\u00e5r sykdommen. Dette kan hjelpe deg med \u00e5 h\u00e5ndtere utfordringene som f\u00f8lger med CF.<\/p>\n<p>[\/et_pb_text][et_pb_text _builder_version=&raquo;4.21.0&#8243; _module_preset=&raquo;default&raquo; header_font=&raquo;Poppins|600|||||||&raquo; header_text_color=&raquo;gcid-26e97d0d-b127-4ce1-b597-0df3fb01df24&#8243; header_2_font=&raquo;|700|||||||&raquo; header_2_text_color=&raquo;gcid-26e97d0d-b127-4ce1-b597-0df3fb01df24&#8243; header_2_font_size=&raquo;22px&raquo; header_2_line_height=&raquo;1.4em&raquo; custom_margin=&raquo;0px||0px||false|false&raquo; custom_padding=&raquo;0px||0px||false|false&raquo; global_colors_info=&raquo;{%22gcid-26e97d0d-b127-4ce1-b597-0df3fb01df24%22:%91%22header_text_color%22,%22header_2_text_color%22%93}&raquo;]<\/p>\n<h2>Her kan du m\u00f8te andre unge med CF<\/h2>\n<p>[\/et_pb_text][et_pb_toggle title=&raquo;Ungdomslikepersoner &raquo; open_toggle_text_color=&raquo;gcid-26e97d0d-b127-4ce1-b597-0df3fb01df24&#8243; open_toggle_background_color=&raquo;RGBA(255,255,255,0)&raquo; closed_toggle_background_color=&raquo;gcid-edcc47c2-e936-4ba2-8e6c-8ca8cb2c2a05&#8243; icon_color=&raquo;gcid-def3f79a-900d-4425-86b8-efdc1c9633a6&#8243; toggle_icon=&raquo;&#x50;||divi||400&#8243; use_icon_font_size=&raquo;on&raquo; icon_font_size=&raquo;20px&raquo; open_icon_color=&raquo;gcid-edcc47c2-e936-4ba2-8e6c-8ca8cb2c2a05&#8243; open_toggle_icon=&raquo;&#x4f;||divi||400&#8243; open_use_icon_font_size=&raquo;on&raquo; open_icon_font_size=&raquo;20px&raquo; _builder_version=&raquo;4.21.0&#8243; _module_preset=&raquo;default&raquo; title_text_color=&raquo;#FFFFFF&raquo; title_font=&raquo;|600|||||||&raquo; title_font_size=&raquo;18px&raquo; body_text_color=&raquo;gcid-26e97d0d-b127-4ce1-b597-0df3fb01df24&#8243; body_link_text_color=&raquo;gcid-edcc47c2-e936-4ba2-8e6c-8ca8cb2c2a05&#8243; custom_margin=&raquo;10px||10px||false|false&raquo; custom_padding=&raquo;||||false|false&raquo; border_width_all=&raquo;0px&raquo; locked=&raquo;off&raquo; global_colors_info=&raquo;{%22gcid-def3f79a-900d-4425-86b8-efdc1c9633a6%22:%91%22icon_color%22%93,%22gcid-26e97d0d-b127-4ce1-b597-0df3fb01df24%22:%91%22open_toggle_text_color%22,%22body_text_color%22%93,%22gcid-edcc47c2-e936-4ba2-8e6c-8ca8cb2c2a05%22:%91%22open_icon_color%22,%22closed_toggle_background_color%22,%22body_link_text_color%22%93}&raquo;]<\/p>\n<p>Likepersonene er mennesker som selv har erfaring i \u00e5 leve med sykdommen, enten som p\u00e5r\u00f8rende eller ved at de har sykdommen selv. Det vil ogs\u00e5 v\u00e6re ungdommer som selv har CF med i likepersonsorningen. Ta kontakt med dem, eller noen av de andre, hvis du har sp\u00f8rsm\u00e5l eller trenger noen \u00e5 snakke med. Likepersonene har taushetsplikt!<\/p>\n<ul><\/ul>\n<p>[\/et_pb_toggle][et_pb_toggle title=&raquo;Ungdomsr\u00e5det&raquo; open_toggle_text_color=&raquo;gcid-26e97d0d-b127-4ce1-b597-0df3fb01df24&#8243; open_toggle_background_color=&raquo;RGBA(255,255,255,0)&raquo; closed_toggle_background_color=&raquo;gcid-edcc47c2-e936-4ba2-8e6c-8ca8cb2c2a05&#8243; icon_color=&raquo;gcid-def3f79a-900d-4425-86b8-efdc1c9633a6&#8243; toggle_icon=&raquo;&#x50;||divi||400&#8243; use_icon_font_size=&raquo;on&raquo; icon_font_size=&raquo;20px&raquo; open_icon_color=&raquo;gcid-edcc47c2-e936-4ba2-8e6c-8ca8cb2c2a05&#8243; open_toggle_icon=&raquo;&#x4f;||divi||400&#8243; open_use_icon_font_size=&raquo;on&raquo; open_icon_font_size=&raquo;20px&raquo; _builder_version=&raquo;4.21.0&#8243; _module_preset=&raquo;default&raquo; title_text_color=&raquo;#FFFFFF&raquo; title_font=&raquo;|600|||||||&raquo; title_font_size=&raquo;18px&raquo; body_text_color=&raquo;gcid-26e97d0d-b127-4ce1-b597-0df3fb01df24&#8243; body_link_text_color=&raquo;gcid-edcc47c2-e936-4ba2-8e6c-8ca8cb2c2a05&#8243; custom_margin=&raquo;10px||10px||false|false&raquo; custom_padding=&raquo;||||false|false&raquo; border_width_all=&raquo;0px&raquo; locked=&raquo;off&raquo; global_colors_info=&raquo;{%22gcid-def3f79a-900d-4425-86b8-efdc1c9633a6%22:%91%22icon_color%22%93,%22gcid-26e97d0d-b127-4ce1-b597-0df3fb01df24%22:%91%22open_toggle_text_color%22,%22body_text_color%22%93,%22gcid-edcc47c2-e936-4ba2-8e6c-8ca8cb2c2a05%22:%91%22open_icon_color%22,%22closed_toggle_background_color%22,%22body_link_text_color%22%93}&raquo;]<\/p>\n<p>NFCF har et eget ungdomsr\u00e5d. Ungdomsr\u00e5det er til for \u00e5 lage spennende og kule aktiviteter for de unge ved kurshelger og andre NFCF-arrangementer, og for \u00e5 ha det g\u00f8y sammen med dere andre unge med CF. Kontakt oss gjerne med innspill, kommentarer og sp\u00f8rsm\u00e5l!<\/p>\n<ul><\/ul>\n<p>[\/et_pb_toggle][et_pb_toggle title=&raquo;Arrangementer&raquo; open_toggle_text_color=&raquo;gcid-26e97d0d-b127-4ce1-b597-0df3fb01df24&#8243; open_toggle_background_color=&raquo;RGBA(255,255,255,0)&raquo; closed_toggle_background_color=&raquo;gcid-edcc47c2-e936-4ba2-8e6c-8ca8cb2c2a05&#8243; icon_color=&raquo;gcid-def3f79a-900d-4425-86b8-efdc1c9633a6&#8243; toggle_icon=&raquo;&#x50;||divi||400&#8243; use_icon_font_size=&raquo;on&raquo; icon_font_size=&raquo;20px&raquo; open_icon_color=&raquo;gcid-edcc47c2-e936-4ba2-8e6c-8ca8cb2c2a05&#8243; open_toggle_icon=&raquo;&#x4f;||divi||400&#8243; open_use_icon_font_size=&raquo;on&raquo; open_icon_font_size=&raquo;20px&raquo; _builder_version=&raquo;4.21.0&#8243; _module_preset=&raquo;default&raquo; title_text_color=&raquo;#FFFFFF&raquo; title_font=&raquo;|600|||||||&raquo; title_font_size=&raquo;18px&raquo; body_text_color=&raquo;gcid-26e97d0d-b127-4ce1-b597-0df3fb01df24&#8243; body_link_text_color=&raquo;gcid-edcc47c2-e936-4ba2-8e6c-8ca8cb2c2a05&#8243; custom_margin=&raquo;10px||10px||false|false&raquo; custom_padding=&raquo;||||false|false&raquo; border_width_all=&raquo;0px&raquo; locked=&raquo;off&raquo; global_colors_info=&raquo;{%22gcid-def3f79a-900d-4425-86b8-efdc1c9633a6%22:%91%22icon_color%22%93,%22gcid-26e97d0d-b127-4ce1-b597-0df3fb01df24%22:%91%22open_toggle_text_color%22,%22body_text_color%22%93,%22gcid-edcc47c2-e936-4ba2-8e6c-8ca8cb2c2a05%22:%91%22open_icon_color%22,%22closed_toggle_background_color%22,%22body_link_text_color%22%93}&raquo;]<\/p>\n<p>Hvert \u00e5r er det trivselshelger og \u00e5rsm\u00f8ter i hver region. I april hvert \u00e5r samles NFCFs medlemmer fra hele landet til nasjonal l\u00e6ringsdag. Samtidig er det \u00e5rsm\u00f8te og i egne aktiviteter for ungdom. Vi har ogs\u00e5 andre aktiviteter du kan delta p\u00e5. Hold deg oppdatert p\u00e5 hva som skjer i kalenderen, eller meld deg p\u00e5 nyhetsbrevet<\/p>\n<ul><\/ul>\n<p>[\/et_pb_toggle][et_pb_image src=&raquo;https:\/\/cfnorge.bwod.dev\/wp-content\/uploads\/2023\/10\/CF-Norge-To-venninner-istock.jpg&raquo; title_text=&raquo;CF-Norge-To-venninner-istock&raquo; _builder_version=&raquo;4.21.0&#8243; _module_preset=&raquo;default&raquo; custom_margin=&raquo;60px||21px|||&raquo; global_colors_info=&raquo;{}&raquo;][\/et_pb_image][\/et_pb_column][\/et_pb_row][\/et_pb_section][et_pb_section fb_built=&raquo;1&#8243; disabled_on=&raquo;on|on|off&raquo; _builder_version=&raquo;4.21.0&#8243; _module_preset=&raquo;default&raquo; background_color=&raquo;gcid-edcc47c2-e936-4ba2-8e6c-8ca8cb2c2a05&#8243; custom_padding=&raquo;||0px||false|false&raquo; global_colors_info=&raquo;{%22gcid-edcc47c2-e936-4ba2-8e6c-8ca8cb2c2a05%22:%91%22background_color%22%93}&raquo;][et_pb_row column_structure=&raquo;1_2,1_2&#8243; use_custom_gutter=&raquo;on&raquo; gutter_width=&raquo;1&#8243; _builder_version=&raquo;4.21.0&#8243; _module_preset=&raquo;default&raquo; custom_padding=&raquo;||0px||false|false&raquo; global_colors_info=&raquo;{}&raquo;][et_pb_column type=&raquo;1_2&#8243; _builder_version=&raquo;4.21.0&#8243; _module_preset=&raquo;default&raquo; global_colors_info=&raquo;{}&raquo;][et_pb_image src=&raquo;https:\/\/cfnorge.bwod.dev\/wp-content\/uploads\/2023\/08\/Stott-oss-illustrasjon-CF-2-1.png&raquo; title_text=&raquo;St\u00f8tt-oss-illustrasjon-CF-2&#8243; _builder_version=&raquo;4.21.0&#8243; _module_preset=&raquo;default&raquo; width=&raquo;65%&raquo; module_alignment=&raquo;center&raquo; global_colors_info=&raquo;{}&raquo;][\/et_pb_image][\/et_pb_column][et_pb_column type=&raquo;1_2&#8243; _builder_version=&raquo;4.21.0&#8243; _module_preset=&raquo;default&raquo; global_colors_info=&raquo;{}&raquo;][et_pb_text _builder_version=&raquo;4.21.0&#8243; _module_preset=&raquo;default&raquo; header_text_color=&raquo;#FFFFFF&raquo; header_2_font=&raquo;Poppins|600|||||||&raquo; header_2_text_color=&raquo;#FFFFFF&raquo; header_2_font_size=&raquo;30px&raquo; header_3_font=&raquo;Poppins||||||||&raquo; header_3_text_color=&raquo;#FFFFFF&raquo; header_3_font_size=&raquo;20px&raquo; header_3_line_height=&raquo;1.5em&raquo; custom_margin=&raquo;74px||18px|||&raquo; global_colors_info=&raquo;{}&raquo;]<\/p>\n<h2>St\u00f8tt oss<\/h2>\n<h3>Vi er veldig glade for alle sm\u00e5<br \/>og store gaver til v\u00e5rt arbeid.<\/h3>\n<p>[\/et_pb_text][et_pb_button button_url=&raquo;@ET-DC@eyJkeW5hbWljIjp0cnVlLCJjb250ZW50IjoicG9zdF9saW5rX3VybF9wYWdlIiwic2V0dGluZ3MiOnsicG9zdF9pZCI6IjQ1NyJ9fQ==@&raquo; button_text=&raquo;LES HVORDAN HER&raquo; _builder_version=&raquo;4.21.0&#8243; _dynamic_attributes=&raquo;button_url&raquo; _module_preset=&raquo;default&raquo; custom_button=&raquo;on&raquo; button_text_size=&raquo;16px&raquo; button_text_color=&raquo;#FFFFFF&raquo; button_bg_color=&raquo;gcid-26e97d0d-b127-4ce1-b597-0df3fb01df24&#8243; button_border_width=&raquo;0px&raquo; button_border_radius=&raquo;100px&raquo; global_colors_info=&raquo;{%22gcid-26e97d0d-b127-4ce1-b597-0df3fb01df24%22:%91%22button_bg_color%22%93}&raquo;][\/et_pb_button][\/et_pb_column][\/et_pb_row][\/et_pb_section][et_pb_section fb_built=&raquo;1&#8243; disabled_on=&raquo;off|off|on&raquo; _builder_version=&raquo;4.21.0&#8243; _module_preset=&raquo;default&raquo; background_color=&raquo;gcid-edcc47c2-e936-4ba2-8e6c-8ca8cb2c2a05&#8243; custom_padding=&raquo;21px||0px||false|false&raquo; locked=&raquo;off&raquo; global_colors_info=&raquo;{%22gcid-edcc47c2-e936-4ba2-8e6c-8ca8cb2c2a05%22:%91%22background_color%22%93}&raquo;][et_pb_row _builder_version=&raquo;4.21.0&#8243; _module_preset=&raquo;default&raquo; custom_margin=&raquo;13px|auto|0px|auto|false|false&raquo; custom_padding=&raquo;7px||0px||false|false&raquo; global_colors_info=&raquo;{}&raquo;][et_pb_column type=&raquo;4_4&#8243; _builder_version=&raquo;4.21.0&#8243; _module_preset=&raquo;default&raquo; global_colors_info=&raquo;{}&raquo;][et_pb_text _builder_version=&raquo;4.21.0&#8243; _module_preset=&raquo;default&raquo; header_2_font=&raquo;Poppins|600|||||||&raquo; header_2_text_color=&raquo;#FFFFFF&raquo; header_2_font_size=&raquo;30px&raquo; header_3_font=&raquo;Poppins||||||||&raquo; header_3_text_color=&raquo;#FFFFFF&raquo; header_3_font_size=&raquo;20px&raquo; header_3_line_height=&raquo;1.5em&raquo; custom_margin=&raquo;26px|||||&raquo; global_colors_info=&raquo;{}&raquo;]<\/p>\n<h2>St\u00f8tt oss<\/h2>\n<h3>Vi er veldig glade for alle sm\u00e5<br \/>og store gaver til v\u00e5rt arbeid.<\/h3>\n<p>[\/et_pb_text][et_pb_button button_url=&raquo;@ET-DC@eyJkeW5hbWljIjp0cnVlLCJjb250ZW50IjoicG9zdF9saW5rX3VybF9wYWdlIiwic2V0dGluZ3MiOnsicG9zdF9pZCI6IjQ1NyJ9fQ==@&raquo; button_text=&raquo;LES HVORDAN HER&raquo; _builder_version=&raquo;4.21.0&#8243; _dynamic_attributes=&raquo;button_url&raquo; _module_preset=&raquo;default&raquo; custom_button=&raquo;on&raquo; button_text_size=&raquo;16px&raquo; button_text_color=&raquo;#FFFFFF&raquo; button_bg_color=&raquo;gcid-26e97d0d-b127-4ce1-b597-0df3fb01df24&#8243; button_border_width=&raquo;0px&raquo; button_border_radius=&raquo;100px&raquo; custom_margin=&raquo;||11px|||&raquo; global_colors_info=&raquo;{%22gcid-26e97d0d-b127-4ce1-b597-0df3fb01df24%22:%91%22button_bg_color%22%93}&raquo;][\/et_pb_button][et_pb_image src=&raquo;https:\/\/cfnorge.bwod.dev\/wp-content\/uploads\/2023\/08\/Stott-oss-illustrasjon-CF-2-1.png&raquo; title_text=&raquo;St\u00f8tt-oss-illustrasjon-CF-2&#8243; _builder_version=&raquo;4.21.0&#8243; _module_preset=&raquo;default&raquo; max_width=&raquo;64%&raquo; max_width_tablet=&raquo;50%&raquo; max_width_phone=&raquo;50%&raquo; max_width_last_edited=&raquo;on|tablet&raquo; module_alignment=&raquo;right&raquo; custom_margin_tablet=&raquo;-40px||||false|false&raquo; custom_margin_phone=&raquo;-40px||||false|false&raquo; custom_margin_last_edited=&raquo;on|tablet&raquo; global_colors_info=&raquo;{}&raquo;][\/et_pb_image][\/et_pb_column][\/et_pb_row][\/et_pb_section]<\/p>\n","protected":false},"excerpt":{"rendered":"<p>Ung med cystisk fibrose\u00c5 leve med cystisk fibrose er ikke alltid enkelt, spesielt i ungdomstiden. \u00d8nsker du \u00e5 leve s\u00e5 normalt som mulig, men er usikker p\u00e5 hvilke forh\u00e5ndsregler du b\u00f8r ta? F\u00f8ler du deg alene med sykdommen, og at andre ikke forst\u00e5r hva du g\u00e5r gjennom? Eller vil du bare vite mer om hva [&hellip;]<\/p>\n","protected":false},"author":5,"featured_media":0,"parent":0,"menu_order":0,"comment_status":"closed","ping_status":"closed","template":"","meta":{"_et_pb_use_builder":"on","_et_pb_old_content":"","_et_gb_content_width":"","footnotes":""},"class_list":["post-1010","page","type-page","status-publish","hentry"],"yoast_head":"<!-- This site is optimized with the Yoast SEO plugin v28.3 - https:\/\/yoast.com\/product\/yoast-seo-wordpress\/ -->\n<title>Ung med cystisk fibrose - CF Norge<\/title>\n<meta name=\"robots\" content=\"index, follow, max-snippet:-1, max-image-preview:large, max-video-preview:-1\" \/>\n<link rel=\"canonical\" href=\"https:\/\/www.cfnorge.no\/en\/ung-med-cystisk-fibrose\/\" \/>\n<meta property=\"og:locale\" content=\"en_GB\" \/>\n<meta property=\"og:type\" content=\"article\" \/>\n<meta property=\"og:title\" content=\"Ung med cystisk fibrose - CF Norge\" \/>\n<meta property=\"og:description\" content=\"Ung med cystisk fibrose\u00c5 leve med cystisk fibrose er ikke alltid enkelt, spesielt i ungdomstiden. \u00d8nsker du \u00e5 leve s\u00e5 normalt som mulig, men er usikker p\u00e5 hvilke forh\u00e5ndsregler du b\u00f8r ta? F\u00f8ler du deg alene med sykdommen, og at andre ikke forst\u00e5r hva du g\u00e5r gjennom? Eller vil du bare vite mer om hva [&hellip;]\" \/>\n<meta property=\"og:url\" content=\"https:\/\/www.cfnorge.no\/en\/ung-med-cystisk-fibrose\/\" \/>\n<meta property=\"og:site_name\" content=\"CF Norge\" \/>\n<meta property=\"article:modified_time\" content=\"2025-06-04T13:38:19+00:00\" \/>\n<meta name=\"twitter:card\" content=\"summary_large_image\" \/>\n<meta name=\"twitter:label1\" content=\"Estimated reading time\" \/>\n\t<meta name=\"twitter:data1\" content=\"8 minutes\" \/>\n<script type=\"application\/ld+json\" class=\"yoast-schema-graph\">{\"@context\":\"https:\\\/\\\/schema.org\",\"@graph\":[{\"@type\":\"WebPage\",\"@id\":\"https:\\\/\\\/www.cfnorge.no\\\/ung-med-cystisk-fibrose\\\/\",\"url\":\"https:\\\/\\\/www.cfnorge.no\\\/ung-med-cystisk-fibrose\\\/\",\"name\":\"Ung med cystisk fibrose - CF Norge\",\"isPartOf\":{\"@id\":\"https:\\\/\\\/www.cfnorge.no\\\/#website\"},\"datePublished\":\"2024-06-24T12:11:20+00:00\",\"dateModified\":\"2025-06-04T13:38:19+00:00\",\"breadcrumb\":{\"@id\":\"https:\\\/\\\/www.cfnorge.no\\\/ung-med-cystisk-fibrose\\\/#breadcrumb\"},\"inLanguage\":\"en-GB\",\"potentialAction\":[{\"@type\":\"ReadAction\",\"target\":[\"https:\\\/\\\/www.cfnorge.no\\\/ung-med-cystisk-fibrose\\\/\"]}]},{\"@type\":\"BreadcrumbList\",\"@id\":\"https:\\\/\\\/www.cfnorge.no\\\/ung-med-cystisk-fibrose\\\/#breadcrumb\",\"itemListElement\":[{\"@type\":\"ListItem\",\"position\":1,\"name\":\"Hjem\",\"item\":\"https:\\\/\\\/www.cfnorge.no\\\/\"},{\"@type\":\"ListItem\",\"position\":2,\"name\":\"Ung med cystisk fibrose\"}]},{\"@type\":\"WebSite\",\"@id\":\"https:\\\/\\\/www.cfnorge.no\\\/#website\",\"url\":\"https:\\\/\\\/www.cfnorge.no\\\/\",\"name\":\"CF Norge\",\"description\":\"\",\"publisher\":{\"@id\":\"https:\\\/\\\/www.cfnorge.no\\\/#organization\"},\"potentialAction\":[{\"@type\":\"SearchAction\",\"target\":{\"@type\":\"EntryPoint\",\"urlTemplate\":\"https:\\\/\\\/www.cfnorge.no\\\/?s={search_term_string}\"},\"query-input\":{\"@type\":\"PropertyValueSpecification\",\"valueRequired\":true,\"valueName\":\"search_term_string\"}}],\"inLanguage\":\"en-GB\"},{\"@type\":\"Organization\",\"@id\":\"https:\\\/\\\/www.cfnorge.no\\\/#organization\",\"name\":\"CF Norge\",\"url\":\"https:\\\/\\\/www.cfnorge.no\\\/\",\"logo\":{\"@type\":\"ImageObject\",\"inLanguage\":\"en-GB\",\"@id\":\"https:\\\/\\\/www.cfnorge.no\\\/#\\\/schema\\\/logo\\\/image\\\/\",\"url\":\"https:\\\/\\\/www.cfnorge.no\\\/wp-content\\\/uploads\\\/2024\\\/06\\\/CF-Horisontal-logo-2.png\",\"contentUrl\":\"https:\\\/\\\/www.cfnorge.no\\\/wp-content\\\/uploads\\\/2024\\\/06\\\/CF-Horisontal-logo-2.png\",\"width\":12334,\"height\":3827,\"caption\":\"CF Norge\"},\"image\":{\"@id\":\"https:\\\/\\\/www.cfnorge.no\\\/#\\\/schema\\\/logo\\\/image\\\/\"}}]}<\/script>\n<!-- \/ Yoast SEO plugin. -->","yoast_head_json":{"title":"Ung med cystisk fibrose - CF Norge","robots":{"index":"index","follow":"follow","max-snippet":"max-snippet:-1","max-image-preview":"max-image-preview:large","max-video-preview":"max-video-preview:-1"},"canonical":"https:\/\/www.cfnorge.no\/en\/ung-med-cystisk-fibrose\/","og_locale":"en_GB","og_type":"article","og_title":"Ung med cystisk fibrose - CF Norge","og_description":"Ung med cystisk fibrose\u00c5 leve med cystisk fibrose er ikke alltid enkelt, spesielt i ungdomstiden. \u00d8nsker du \u00e5 leve s\u00e5 normalt som mulig, men er usikker p\u00e5 hvilke forh\u00e5ndsregler du b\u00f8r ta? F\u00f8ler du deg alene med sykdommen, og at andre ikke forst\u00e5r hva du g\u00e5r gjennom? Eller vil du bare vite mer om hva [&hellip;]","og_url":"https:\/\/www.cfnorge.no\/en\/ung-med-cystisk-fibrose\/","og_site_name":"CF Norge","article_modified_time":"2025-06-04T13:38:19+00:00","twitter_card":"summary_large_image","twitter_misc":{"Estimated reading time":"8 minutes"},"schema":{"@context":"https:\/\/schema.org","@graph":[{"@type":"WebPage","@id":"https:\/\/www.cfnorge.no\/ung-med-cystisk-fibrose\/","url":"https:\/\/www.cfnorge.no\/ung-med-cystisk-fibrose\/","name":"Ung med cystisk fibrose - CF Norge","isPartOf":{"@id":"https:\/\/www.cfnorge.no\/#website"},"datePublished":"2024-06-24T12:11:20+00:00","dateModified":"2025-06-04T13:38:19+00:00","breadcrumb":{"@id":"https:\/\/www.cfnorge.no\/ung-med-cystisk-fibrose\/#breadcrumb"},"inLanguage":"en-GB","potentialAction":[{"@type":"ReadAction","target":["https:\/\/www.cfnorge.no\/ung-med-cystisk-fibrose\/"]}]},{"@type":"BreadcrumbList","@id":"https:\/\/www.cfnorge.no\/ung-med-cystisk-fibrose\/#breadcrumb","itemListElement":[{"@type":"ListItem","position":1,"name":"Hjem","item":"https:\/\/www.cfnorge.no\/"},{"@type":"ListItem","position":2,"name":"Ung med cystisk fibrose"}]},{"@type":"WebSite","@id":"https:\/\/www.cfnorge.no\/#website","url":"https:\/\/www.cfnorge.no\/","name":"CF Norge","description":"","publisher":{"@id":"https:\/\/www.cfnorge.no\/#organization"},"potentialAction":[{"@type":"SearchAction","target":{"@type":"EntryPoint","urlTemplate":"https:\/\/www.cfnorge.no\/?s={search_term_string}"},"query-input":{"@type":"PropertyValueSpecification","valueRequired":true,"valueName":"search_term_string"}}],"inLanguage":"en-GB"},{"@type":"Organization","@id":"https:\/\/www.cfnorge.no\/#organization","name":"CF Norge","url":"https:\/\/www.cfnorge.no\/","logo":{"@type":"ImageObject","inLanguage":"en-GB","@id":"https:\/\/www.cfnorge.no\/#\/schema\/logo\/image\/","url":"https:\/\/www.cfnorge.no\/wp-content\/uploads\/2024\/06\/CF-Horisontal-logo-2.png","contentUrl":"https:\/\/www.cfnorge.no\/wp-content\/uploads\/2024\/06\/CF-Horisontal-logo-2.png","width":12334,"height":3827,"caption":"CF Norge"},"image":{"@id":"https:\/\/www.cfnorge.no\/#\/schema\/logo\/image\/"}}]}},"_links":{"self":[{"href":"https:\/\/www.cfnorge.no\/en\/wp-json\/wp\/v2\/pages\/1010","targetHints":{"allow":["GET"]}}],"collection":[{"href":"https:\/\/www.cfnorge.no\/en\/wp-json\/wp\/v2\/pages"}],"about":[{"href":"https:\/\/www.cfnorge.no\/en\/wp-json\/wp\/v2\/types\/page"}],"author":[{"embeddable":true,"href":"https:\/\/www.cfnorge.no\/en\/wp-json\/wp\/v2\/users\/5"}],"replies":[{"embeddable":true,"href":"https:\/\/www.cfnorge.no\/en\/wp-json\/wp\/v2\/comments?post=1010"}],"version-history":[{"count":15,"href":"https:\/\/www.cfnorge.no\/en\/wp-json\/wp\/v2\/pages\/1010\/revisions"}],"predecessor-version":[{"id":2153,"href":"https:\/\/www.cfnorge.no\/en\/wp-json\/wp\/v2\/pages\/1010\/revisions\/2153"}],"wp:attachment":[{"href":"https:\/\/www.cfnorge.no\/en\/wp-json\/wp\/v2\/media?parent=1010"}],"curies":[{"name":"wp","href":"https:\/\/api.w.org\/{rel}","templated":true}]}}